{"id":7847,"date":"2020-05-01T12:15:11","date_gmt":"2020-05-01T10:15:11","guid":{"rendered":"https:\/\/www.swissfairtrade.ch\/?page_id=7847"},"modified":"2023-04-04T12:11:02","modified_gmt":"2023-04-04T10:11:02","slug":"discriminazione-nord-sud","status":"publish","type":"page","link":"https:\/\/www.swissfairtrade.ch\/it\/argomenti-principali\/centro-di-competenze\/ridurre-le-disuguaglianze\/discriminazione-nord-sud\/","title":{"rendered":"Discriminazione tra Nord e Sud"},"content":{"rendered":"<div class=\"wpb-content-wrapper\"><p>[vc_row full_width=&#8221;stretch_row&#8221; content_placement=&#8221;bottom&#8221; parallax=&#8221;content-moving-fade&#8221; parallax_image=&#8221;2959&#8243; css=&#8221;.vc_custom_1588752937666{background: rgba(196,196,196,0.71) url(https:\/\/www.swissfairtrade.ch\/wp-content\/uploads\/AdobeStock_Bauer-1-e1574873145248.jpeg?id=7503);background-position: center;background-repeat: no-repeat !important;background-size: cover !important;*background-color: rgb(196,196,196) !important;}&#8221; el_class=&#8221;header&#8221;][vc_column][vc_column_text el_class=&#8221;txt-white&#8221;]<\/p>\n<div class=\"annot\">\n<div class=\"row-main\">\n<div class=\"text\">\n<h1>Discriminazione tra Nord e Sud<\/h1>\n<\/div>\n<\/div>\n<\/div>\n<p>[\/vc_column_text][\/vc_column][\/vc_row][vc_row][vc_column][vc_column_text]<\/p>\n<p class=\"big\"><strong>La liberalizzazione del commercio internazionale permette di produrre le merci nel modo pi\u00f9 economico possibile e di rivenderle al prezzo pi\u00f9 alto possibile. I piccoli agricoltori del Sud del mondo non hanno alcuna possibilit\u00e0 contro le multinazionali, che possono delocalizzare costantemente la loro produzione dove costa meno.<\/strong> Questo mette pressione sui salari dei lavoratori e delle lavoratrici per mantenerli costantemente bassi. Inoltre, molti paesi industrializzati sovvenzionano i loro prodotti per venderli a basso costo.\u00a0<span data-contrast=\"auto\">Queste sono alcune delle ragioni per cui molti produttori<\/span><span data-contrast=\"auto\">\/produttrici<\/span><span data-contrast=\"auto\"> del Sud non guadagnano abbastanza per <\/span><span data-contrast=\"auto\">mantenere se stessi e <\/span><span data-contrast=\"auto\">le loro famiglie.\u00a0<\/span><span data-ccp-props=\"{}\"><br \/>\n<\/span><span data-contrast=\"auto\"><br \/>\nLe condizioni di lavoro non dignitose che derivano <\/span><span data-contrast=\"auto\">dai <\/span><span data-contrast=\"auto\">disuguali <\/span><span data-contrast=\"auto\">rapporti di potere lungo la catena di fornitura <\/span><span data-contrast=\"auto\">colpiscono<\/span><span data-contrast=\"auto\"> soprattutto coloro che hanno <\/span><span data-contrast=\"auto\">poche <\/span><span data-contrast=\"auto\">possibilit\u00e0<\/span><span data-contrast=\"auto\"> di far valere i propri diritti. Spesso si tratta di<\/span><span data-contrast=\"auto\"> donne, bambini e persone appartenenti a minoranze etniche.<\/span><span data-ccp-props=\"{}\">\u00a0<\/span><\/p>\n<p><span data-ccp-props=\"{}\">\u00a0<\/span><strong>ll commercio equo cerca di contrastare queste disuguaglianze<\/strong><span data-ccp-props=\"{}\">\u00a0<\/span><\/p>\n<ul>\n<li aria-setsize=\"-1\" data-leveltext=\"\uf0b7\" data-font=\"Symbol\" data-listid=\"7\" data-aria-posinset=\"1\" data-aria-level=\"1\"><b><span data-contrast=\"auto\">pagando prezzi equ<\/span><\/b><span data-contrast=\"auto\">i che consentano ai produttori di soddisfare le loro esigenze e migliorare il loro tenore di vita,<\/span><\/li>\n<li aria-setsize=\"-1\" data-leveltext=\"\uf0b7\" data-font=\"Symbol\" data-listid=\"7\" data-aria-posinset=\"1\" data-aria-level=\"1\"><b><span data-contrast=\"auto\">mantenendo relazioni commerciali a lungo termine<\/span><\/b><span data-contrast=\"auto\">, basate sul partenariato, che consentono ai produttori del Sud un accesso equo al mercato mondiale e riducono al minimo i rischi inerenti alla produzione,<\/span><\/li>\n<li aria-setsize=\"-1\" data-leveltext=\"\uf0b7\" data-font=\"Symbol\" data-listid=\"7\" data-aria-posinset=\"1\" data-aria-level=\"1\"><b><span data-contrast=\"auto\">sostenendo associazioni o cooperative di produttori<\/span><\/b><span data-contrast=\"auto\">, che aumentano le capacit\u00e0 produttive e migliorano l&#8217;accesso al mercato,<\/span><\/li>\n<li aria-setsize=\"-1\" data-leveltext=\"\uf0b7\" data-font=\"Symbol\" data-listid=\"7\" data-aria-posinset=\"1\" data-aria-level=\"1\"><b><span data-contrast=\"auto\">coinvolgendo le persone interessate nei processi decisionali<\/span><\/b><span data-contrast=\"auto\"> e istituendo organi decisionali rappresentativi,<\/span><\/li>\n<li aria-setsize=\"-1\" data-leveltext=\"\uf0b7\" data-font=\"Symbol\" data-listid=\"7\" data-aria-posinset=\"1\" data-aria-level=\"1\"><b><span data-contrast=\"auto\">garantendo <\/span><\/b><b><span data-contrast=\"auto\">ai piccoli produttori <\/span><\/b><b><span data-contrast=\"auto\">l&#8217;accesso a risorse<\/span><\/b><span data-contrast=\"auto\"> come la terra, mezzi di produzione e capitale,<\/span><\/li>\n<li aria-setsize=\"-1\" data-leveltext=\"\uf0b7\" data-font=\"Symbol\" data-listid=\"7\" data-aria-posinset=\"1\" data-aria-level=\"1\"><b><span data-contrast=\"auto\">fornendo accesso all&#8217;istruzione<\/span><\/b><span data-contrast=\"auto\">.<\/span><span data-ccp-props=\"{&quot;134233279&quot;:true}\">\u00a0<\/span><\/li>\n<\/ul>\n<p>[\/vc_column_text][\/vc_column][\/vc_row][vc_row][vc_column][vc_separator][vc_column_text]I progetti dei nostri membri:[\/vc_column_text][vc_basic_grid post_type=&#8221;page&#8221; max_items=&#8221;1&#8243; item=&#8221;1885&#8243; grid_id=&#8221;vc_gid:1589530313405-02b90d27-56bc-9&#8243; taxonomies=&#8221;347&#8243;][\/vc_column][\/vc_row]<\/p>\n<\/div>","protected":false},"excerpt":{"rendered":"<p>La liberalizzazione del commercio internazionale permette di produrre le merci nel modo pi\u00f9 economico possibile e di rivenderle al prezzo pi\u00f9 alto possibile. I piccoli agricoltori del Sud del mondo non hanno alcuna possibilit\u00e0 contro le multinazionali, che possono delocalizzare costantemente la loro produzione dove costa meno.<\/p>\n","protected":false},"author":3,"featured_media":7495,"parent":7756,"menu_order":0,"comment_status":"closed","ping_status":"closed","template":"","meta":{"generate_page_header":"","footnotes":"","_links_to":"","_links_to_target":""},"hauptseiten-kategorie":[342],"class_list":{"0":"post-7847","1":"page","2":"type-page","3":"status-publish","4":"has-post-thumbnail","6":"hauptseiten-kategorie-giornata-mondiale-del-commercio-equo"},"yoast_head":"<!-- This site is optimized with the Yoast SEO plugin v26.2 - https:\/\/yoast.com\/wordpress\/plugins\/seo\/ -->\n<title>Discriminazione tra Nord e Sud - Swiss Fair Trade<\/title>\n<meta name=\"robots\" content=\"index, follow, max-snippet:-1, max-image-preview:large, max-video-preview:-1\" \/>\n<link rel=\"canonical\" href=\"https:\/\/www.swissfairtrade.ch\/it\/argomenti-principali\/centro-di-competenze\/ridurre-le-disuguaglianze\/discriminazione-nord-sud\/\" \/>\n<meta property=\"og:locale\" content=\"it_IT\" \/>\n<meta property=\"og:type\" content=\"article\" \/>\n<meta property=\"og:title\" content=\"Discriminazione tra Nord e Sud - Swiss Fair Trade\" \/>\n<meta property=\"og:description\" content=\"La liberalizzazione del commercio internazionale permette di produrre le merci nel modo pi\u00f9 economico possibile e di rivenderle al prezzo pi\u00f9 alto possibile. I piccoli agricoltori del Sud del mondo non hanno alcuna possibilit\u00e0 contro le multinazionali, che possono delocalizzare costantemente la loro produzione dove costa meno.\" \/>\n<meta property=\"og:url\" content=\"https:\/\/www.swissfairtrade.ch\/it\/argomenti-principali\/centro-di-competenze\/ridurre-le-disuguaglianze\/discriminazione-nord-sud\/\" \/>\n<meta property=\"og:site_name\" content=\"Swiss Fair Trade\" \/>\n<meta property=\"article:modified_time\" content=\"2023-04-04T10:11:02+00:00\" \/>\n<meta property=\"og:image\" content=\"https:\/\/www.swissfairtrade.ch\/wp-content\/uploads\/AdobeStock_Bauer-e1574862750203.jpeg\" \/>\n\t<meta property=\"og:image:width\" content=\"2000\" \/>\n\t<meta property=\"og:image:height\" content=\"1179\" \/>\n\t<meta property=\"og:image:type\" content=\"image\/jpeg\" \/>\n<meta name=\"twitter:card\" content=\"summary_large_image\" \/>\n<meta name=\"twitter:label1\" content=\"Tempo di lettura stimato\" \/>\n\t<meta name=\"twitter:data1\" content=\"2 minuti\" \/>\n<script type=\"application\/ld+json\" class=\"yoast-schema-graph\">{\"@context\":\"https:\/\/schema.org\",\"@graph\":[{\"@type\":\"WebPage\",\"@id\":\"https:\/\/www.swissfairtrade.ch\/it\/argomenti-principali\/centro-di-competenze\/ridurre-le-disuguaglianze\/discriminazione-nord-sud\/\",\"url\":\"https:\/\/www.swissfairtrade.ch\/it\/argomenti-principali\/centro-di-competenze\/ridurre-le-disuguaglianze\/discriminazione-nord-sud\/\",\"name\":\"Discriminazione tra Nord e Sud - Swiss Fair Trade\",\"isPartOf\":{\"@id\":\"https:\/\/www.swissfairtrade.ch\/it\/#website\"},\"primaryImageOfPage\":{\"@id\":\"https:\/\/www.swissfairtrade.ch\/it\/argomenti-principali\/centro-di-competenze\/ridurre-le-disuguaglianze\/discriminazione-nord-sud\/#primaryimage\"},\"image\":{\"@id\":\"https:\/\/www.swissfairtrade.ch\/it\/argomenti-principali\/centro-di-competenze\/ridurre-le-disuguaglianze\/discriminazione-nord-sud\/#primaryimage\"},\"thumbnailUrl\":\"https:\/\/www.swissfairtrade.ch\/wp-content\/uploads\/AdobeStock_Bauer-e1574862750203.jpeg\",\"datePublished\":\"2020-05-01T10:15:11+00:00\",\"dateModified\":\"2023-04-04T10:11:02+00:00\",\"breadcrumb\":{\"@id\":\"https:\/\/www.swissfairtrade.ch\/it\/argomenti-principali\/centro-di-competenze\/ridurre-le-disuguaglianze\/discriminazione-nord-sud\/#breadcrumb\"},\"inLanguage\":\"it-IT\",\"potentialAction\":[{\"@type\":\"ReadAction\",\"target\":[\"https:\/\/www.swissfairtrade.ch\/it\/argomenti-principali\/centro-di-competenze\/ridurre-le-disuguaglianze\/discriminazione-nord-sud\/\"]}]},{\"@type\":\"ImageObject\",\"inLanguage\":\"it-IT\",\"@id\":\"https:\/\/www.swissfairtrade.ch\/it\/argomenti-principali\/centro-di-competenze\/ridurre-le-disuguaglianze\/discriminazione-nord-sud\/#primaryimage\",\"url\":\"https:\/\/www.swissfairtrade.ch\/wp-content\/uploads\/AdobeStock_Bauer-e1574862750203.jpeg\",\"contentUrl\":\"https:\/\/www.swissfairtrade.ch\/wp-content\/uploads\/AdobeStock_Bauer-e1574862750203.jpeg\",\"width\":2000,\"height\":1179,\"caption\":\"Water crisis concept, Hopeless and lonely farmer sit on cracked earth near drying water.\"},{\"@type\":\"BreadcrumbList\",\"@id\":\"https:\/\/www.swissfairtrade.ch\/it\/argomenti-principali\/centro-di-competenze\/ridurre-le-disuguaglianze\/discriminazione-nord-sud\/#breadcrumb\",\"itemListElement\":[{\"@type\":\"ListItem\",\"position\":1,\"name\":\"Home\",\"item\":\"https:\/\/www.swissfairtrade.ch\/it\/\"},{\"@type\":\"ListItem\",\"position\":2,\"name\":\"Argomenti principali\",\"item\":\"https:\/\/www.swissfairtrade.ch\/it\/argomenti-principali\/\"},{\"@type\":\"ListItem\",\"position\":3,\"name\":\"Centro di competenze\",\"item\":\"https:\/\/www.swissfairtrade.ch\/it\/argomenti-principali\/centro-di-competenze\/\"},{\"@type\":\"ListItem\",\"position\":4,\"name\":\"Ridurre le disuguaglianze\",\"item\":\"https:\/\/www.swissfairtrade.ch\/it\/argomenti-principali\/centro-di-competenze\/ridurre-le-disuguaglianze\/\"},{\"@type\":\"ListItem\",\"position\":5,\"name\":\"Discriminazione tra Nord e Sud\"}]},{\"@type\":\"WebSite\",\"@id\":\"https:\/\/www.swissfairtrade.ch\/it\/#website\",\"url\":\"https:\/\/www.swissfairtrade.ch\/it\/\",\"name\":\"Swiss Fair Trade\",\"description\":\"\",\"publisher\":{\"@id\":\"https:\/\/www.swissfairtrade.ch\/it\/#organization\"},\"potentialAction\":[{\"@type\":\"SearchAction\",\"target\":{\"@type\":\"EntryPoint\",\"urlTemplate\":\"https:\/\/www.swissfairtrade.ch\/it\/?s={search_term_string}\"},\"query-input\":{\"@type\":\"PropertyValueSpecification\",\"valueRequired\":true,\"valueName\":\"search_term_string\"}}],\"inLanguage\":\"it-IT\"},{\"@type\":\"Organization\",\"@id\":\"https:\/\/www.swissfairtrade.ch\/it\/#organization\",\"name\":\"Swiss Fair Trade\",\"url\":\"https:\/\/www.swissfairtrade.ch\/it\/\",\"logo\":{\"@type\":\"ImageObject\",\"inLanguage\":\"it-IT\",\"@id\":\"https:\/\/www.swissfairtrade.ch\/it\/#\/schema\/logo\/image\/\",\"url\":\"https:\/\/www.swissfairtrade.ch\/wp-content\/uploads\/SwissFairTrade-Logo-rgb-203.51.59-web.png\",\"contentUrl\":\"https:\/\/www.swissfairtrade.ch\/wp-content\/uploads\/SwissFairTrade-Logo-rgb-203.51.59-web.png\",\"width\":130,\"height\":115,\"caption\":\"Swiss Fair Trade\"},\"image\":{\"@id\":\"https:\/\/www.swissfairtrade.ch\/it\/#\/schema\/logo\/image\/\"}}]}<\/script>\n<!-- \/ Yoast SEO plugin. -->","yoast_head_json":{"title":"Discriminazione tra Nord e Sud - Swiss Fair Trade","robots":{"index":"index","follow":"follow","max-snippet":"max-snippet:-1","max-image-preview":"max-image-preview:large","max-video-preview":"max-video-preview:-1"},"canonical":"https:\/\/www.swissfairtrade.ch\/it\/argomenti-principali\/centro-di-competenze\/ridurre-le-disuguaglianze\/discriminazione-nord-sud\/","og_locale":"it_IT","og_type":"article","og_title":"Discriminazione tra Nord e Sud - Swiss Fair Trade","og_description":"La liberalizzazione del commercio internazionale permette di produrre le merci nel modo pi\u00f9 economico possibile e di rivenderle al prezzo pi\u00f9 alto possibile. I piccoli agricoltori del Sud del mondo non hanno alcuna possibilit\u00e0 contro le multinazionali, che possono delocalizzare costantemente la loro produzione dove costa meno.","og_url":"https:\/\/www.swissfairtrade.ch\/it\/argomenti-principali\/centro-di-competenze\/ridurre-le-disuguaglianze\/discriminazione-nord-sud\/","og_site_name":"Swiss Fair Trade","article_modified_time":"2023-04-04T10:11:02+00:00","og_image":[{"width":2000,"height":1179,"url":"https:\/\/www.swissfairtrade.ch\/wp-content\/uploads\/AdobeStock_Bauer-e1574862750203.jpeg","type":"image\/jpeg"}],"twitter_card":"summary_large_image","twitter_misc":{"Tempo di lettura stimato":"2 minuti"},"schema":{"@context":"https:\/\/schema.org","@graph":[{"@type":"WebPage","@id":"https:\/\/www.swissfairtrade.ch\/it\/argomenti-principali\/centro-di-competenze\/ridurre-le-disuguaglianze\/discriminazione-nord-sud\/","url":"https:\/\/www.swissfairtrade.ch\/it\/argomenti-principali\/centro-di-competenze\/ridurre-le-disuguaglianze\/discriminazione-nord-sud\/","name":"Discriminazione tra Nord e Sud - Swiss Fair Trade","isPartOf":{"@id":"https:\/\/www.swissfairtrade.ch\/it\/#website"},"primaryImageOfPage":{"@id":"https:\/\/www.swissfairtrade.ch\/it\/argomenti-principali\/centro-di-competenze\/ridurre-le-disuguaglianze\/discriminazione-nord-sud\/#primaryimage"},"image":{"@id":"https:\/\/www.swissfairtrade.ch\/it\/argomenti-principali\/centro-di-competenze\/ridurre-le-disuguaglianze\/discriminazione-nord-sud\/#primaryimage"},"thumbnailUrl":"https:\/\/www.swissfairtrade.ch\/wp-content\/uploads\/AdobeStock_Bauer-e1574862750203.jpeg","datePublished":"2020-05-01T10:15:11+00:00","dateModified":"2023-04-04T10:11:02+00:00","breadcrumb":{"@id":"https:\/\/www.swissfairtrade.ch\/it\/argomenti-principali\/centro-di-competenze\/ridurre-le-disuguaglianze\/discriminazione-nord-sud\/#breadcrumb"},"inLanguage":"it-IT","potentialAction":[{"@type":"ReadAction","target":["https:\/\/www.swissfairtrade.ch\/it\/argomenti-principali\/centro-di-competenze\/ridurre-le-disuguaglianze\/discriminazione-nord-sud\/"]}]},{"@type":"ImageObject","inLanguage":"it-IT","@id":"https:\/\/www.swissfairtrade.ch\/it\/argomenti-principali\/centro-di-competenze\/ridurre-le-disuguaglianze\/discriminazione-nord-sud\/#primaryimage","url":"https:\/\/www.swissfairtrade.ch\/wp-content\/uploads\/AdobeStock_Bauer-e1574862750203.jpeg","contentUrl":"https:\/\/www.swissfairtrade.ch\/wp-content\/uploads\/AdobeStock_Bauer-e1574862750203.jpeg","width":2000,"height":1179,"caption":"Water crisis concept, Hopeless and lonely farmer sit on cracked earth near drying water."},{"@type":"BreadcrumbList","@id":"https:\/\/www.swissfairtrade.ch\/it\/argomenti-principali\/centro-di-competenze\/ridurre-le-disuguaglianze\/discriminazione-nord-sud\/#breadcrumb","itemListElement":[{"@type":"ListItem","position":1,"name":"Home","item":"https:\/\/www.swissfairtrade.ch\/it\/"},{"@type":"ListItem","position":2,"name":"Argomenti principali","item":"https:\/\/www.swissfairtrade.ch\/it\/argomenti-principali\/"},{"@type":"ListItem","position":3,"name":"Centro di competenze","item":"https:\/\/www.swissfairtrade.ch\/it\/argomenti-principali\/centro-di-competenze\/"},{"@type":"ListItem","position":4,"name":"Ridurre le disuguaglianze","item":"https:\/\/www.swissfairtrade.ch\/it\/argomenti-principali\/centro-di-competenze\/ridurre-le-disuguaglianze\/"},{"@type":"ListItem","position":5,"name":"Discriminazione tra Nord e Sud"}]},{"@type":"WebSite","@id":"https:\/\/www.swissfairtrade.ch\/it\/#website","url":"https:\/\/www.swissfairtrade.ch\/it\/","name":"Swiss Fair Trade","description":"","publisher":{"@id":"https:\/\/www.swissfairtrade.ch\/it\/#organization"},"potentialAction":[{"@type":"SearchAction","target":{"@type":"EntryPoint","urlTemplate":"https:\/\/www.swissfairtrade.ch\/it\/?s={search_term_string}"},"query-input":{"@type":"PropertyValueSpecification","valueRequired":true,"valueName":"search_term_string"}}],"inLanguage":"it-IT"},{"@type":"Organization","@id":"https:\/\/www.swissfairtrade.ch\/it\/#organization","name":"Swiss Fair Trade","url":"https:\/\/www.swissfairtrade.ch\/it\/","logo":{"@type":"ImageObject","inLanguage":"it-IT","@id":"https:\/\/www.swissfairtrade.ch\/it\/#\/schema\/logo\/image\/","url":"https:\/\/www.swissfairtrade.ch\/wp-content\/uploads\/SwissFairTrade-Logo-rgb-203.51.59-web.png","contentUrl":"https:\/\/www.swissfairtrade.ch\/wp-content\/uploads\/SwissFairTrade-Logo-rgb-203.51.59-web.png","width":130,"height":115,"caption":"Swiss Fair Trade"},"image":{"@id":"https:\/\/www.swissfairtrade.ch\/it\/#\/schema\/logo\/image\/"}}]}},"_links":{"self":[{"href":"https:\/\/www.swissfairtrade.ch\/it\/wp-json\/wp\/v2\/pages\/7847","targetHints":{"allow":["GET"]}}],"collection":[{"href":"https:\/\/www.swissfairtrade.ch\/it\/wp-json\/wp\/v2\/pages"}],"about":[{"href":"https:\/\/www.swissfairtrade.ch\/it\/wp-json\/wp\/v2\/types\/page"}],"author":[{"embeddable":true,"href":"https:\/\/www.swissfairtrade.ch\/it\/wp-json\/wp\/v2\/users\/3"}],"replies":[{"embeddable":true,"href":"https:\/\/www.swissfairtrade.ch\/it\/wp-json\/wp\/v2\/comments?post=7847"}],"version-history":[{"count":0,"href":"https:\/\/www.swissfairtrade.ch\/it\/wp-json\/wp\/v2\/pages\/7847\/revisions"}],"up":[{"embeddable":true,"href":"https:\/\/www.swissfairtrade.ch\/it\/wp-json\/wp\/v2\/pages\/7756"}],"wp:featuredmedia":[{"embeddable":true,"href":"https:\/\/www.swissfairtrade.ch\/it\/wp-json\/wp\/v2\/media\/7495"}],"wp:attachment":[{"href":"https:\/\/www.swissfairtrade.ch\/it\/wp-json\/wp\/v2\/media?parent=7847"}],"wp:term":[{"taxonomy":"hauptseiten-kategorie","embeddable":true,"href":"https:\/\/www.swissfairtrade.ch\/it\/wp-json\/wp\/v2\/hauptseiten-kategorie?post=7847"}],"curies":[{"name":"wp","href":"https:\/\/api.w.org\/{rel}","templated":true}]}}