{"id":4000,"date":"2018-09-11T14:29:17","date_gmt":"2018-09-11T12:29:17","guid":{"rendered":"https:\/\/imagotest.ch\/swissfairtrade\/?page_id=4000"},"modified":"2025-09-24T09:32:16","modified_gmt":"2025-09-24T07:32:16","slug":"swiss-fair-trade-2-2","status":"publish","type":"page","link":"https:\/\/www.swissfairtrade.ch\/it\/","title":{"rendered":"Swiss Fair Trade"},"content":{"rendered":"<div class=\"wpb-content-wrapper\"><p>[vc_row full_width=&#8221;stretch_row&#8221; css=&#8221;.vc_custom_1758698182233{margin-top: -30px !important;background-color: #CB333B !important;}&#8221; el_class=&#8221;header-home&#8221;][vc_column][vc_column_text el_class=&#8221;txt-white&#8221;]<\/p>\n<h1 style=\"text-align: center;\">Commercio equo \u2013 Giustizia<br \/>\nnel commercio globale<\/h1>\n<h2 style=\"text-align: center;\">Il mondo ha bisogno di aziende e persone che si assumano la responsabilit\u00e0.<\/h2>\n<p>[\/vc_column_text][vc_empty_space height=&#8221;80px&#8221;][vc_row_inner content_placement=&#8221;middle&#8221; gap=&#8221;35&#8243; el_class=&#8221;home-section-intro&#8221;][vc_column_inner width=&#8221;1\/3&#8243;][vc_column_text]<\/p>\n<h2>Cosa comporta il commercio equo?<\/h2>\n<p>Dialogo, trassparenze e rispetto<\/p>\n<p><a class=\"button white\" href=\"https:\/\/www.swissfairtrade.ch\/it\/fair-trade\/cosa-comporta-il-commercio-equo\/\">leggere<\/a>[\/vc_column_text][\/vc_column_inner][vc_column_inner el_class=&#8221;wer-ist-fair&#8221; width=&#8221;1\/3&#8243; css=&#8221;.vc_custom_1537450169190{margin-left: 20px !important;}&#8221;][vc_column_text]<\/p>\n<h2>Chi promuove il commercio equo?<\/h2>\n<p class=\"big\">I nostri membri<\/p>\n<p><a class=\"button white\" href=\"https:\/\/www.swissfairtrade.ch\/it\/membri\/\">leggere<\/a>[\/vc_column_text][\/vc_column_inner][vc_column_inner width=&#8221;1\/3&#8243;][vc_column_text]<\/p>\n<h2>Dove c&#8217;\u00e8 pi\u00f9 equit\u00e0 in Svizzera?<\/h2>\n<p>Scopre le Fair Trade Town<\/p>\n<p><a class=\"button white\" href=\"https:\/\/www.swissfairtrade.ch\/it\/argomenti-principali\/fair-trade-town\/\">leggere<\/a>[\/vc_column_text][\/vc_column_inner][\/vc_row_inner][vc_empty_space height=&#8221;20px&#8221;][vc_column_text]<\/p>\n<h3 style=\"text-align: center;\"><span style=\"color: #ebebeb;\"><a class=\"_ps2id\" style=\"color: #ebebeb;\" href=\"#intro\" data-ps2id-offset=\"\">\u2193 Di cosa ci occupiamo<\/a><\/span><\/h3>\n<p>[\/vc_column_text][vc_column_text]<a id=\"intro\"><\/a>[\/vc_column_text][\/vc_column][\/vc_row][vc_row full_width=&#8221;stretch_row&#8221; content_placement=&#8221;bottom&#8221; parallax=&#8221;content-moving&#8221; parallax_image=&#8221;7224&#8243; css=&#8221;.vc_custom_1758698252278{background-image: url(https:\/\/www.swissfairtrade.ch\/wp-content\/uploads\/1pexels-thor-garlan-2516037-scaled.jpg?id=9325) !important;background-position: center;background-repeat: no-repeat !important;background-size: cover !important;}&#8221; el_class=&#8221;home-section&#8221; el_id=&#8221;overlayGradient&#8221;][vc_column][vc_column_text css=&#8221;&#8221; el_class=&#8221;txt-white&#8221;]<\/p>\n<h2><\/h2>\n<h2><span style=\"color: #cb333b;\"><a style=\"color: #cb333b;\" href=\"https:\/\/www.swissfairtrade.ch\/it\/fair-trade\/impatto-del-fair-trade\/\">Il commercio equo cambia il gioco<\/a><\/span><\/h2>\n<h3 class=\"big\">Il commercio equo contribuisce a migliorare le condizioni di vita delle contadine e dei contadini in molti settori.<\/h3>\n<p><span style=\"color: #cb333b;\"><a class=\"button red\" style=\"color: #cb333b;\" href=\"https:\/\/www.swissfairtrade.ch\/it\/fair-trade\/impatto-del-fair-trade\/\">leggere<\/a><\/span>[\/vc_column_text][\/vc_column][\/vc_row][vc_row full_width=&#8221;stretch_row&#8221; content_placement=&#8221;bottom&#8221; parallax=&#8221;content-moving&#8221; parallax_image=&#8221;2268&#8243; css=&#8221;.vc_custom_1758698268013{background-image: url(https:\/\/www.swissfairtrade.ch\/wp-content\/uploads\/cacao-close-up-cocoa-50707.jpg?id=2692) !important;background-position: center;background-repeat: no-repeat !important;background-size: cover !important;}&#8221; el_class=&#8221;home-section&#8221; el_id=&#8221;overlayGradient&#8221;][vc_column][vc_column_text css=&#8221;&#8221; el_class=&#8221;txt-white&#8221;]<\/p>\n<h2><span style=\"color: #ff5c30;\"><a style=\"color: #ff5c30;\" href=\"https:\/\/www.swissfairtrade.ch\/it\/argomenti-principali\/centro-di-competenze\/\">Centro di competenze<\/a><\/span><\/h2>\n<h3>L\u2019associazione funge da piattaforma di scambio per i suoi membri e da centro di competenze per il commercio equo in Svizzera.<\/h3>\n<p><a class=\"button orange\" href=\"https:\/\/www.swissfairtrade.ch\/it\/argomenti-principali\/centro-di-competenze\/\">leggere<\/a>[\/vc_column_text][\/vc_column][\/vc_row][vc_row full_width=&#8221;stretch_row&#8221; content_placement=&#8221;bottom&#8221; parallax=&#8221;content-moving&#8221; parallax_image=&#8221;2268&#8243; css=&#8221;.vc_custom_1758698312791{background-image: url(https:\/\/www.swissfairtrade.ch\/wp-content\/uploads\/6.jpg?id=2880) !important;background-position: center;background-repeat: no-repeat !important;background-size: cover !important;}&#8221; el_class=&#8221;home-section&#8221; el_id=&#8221;overlayGradient&#8221;][vc_column][vc_column_text el_class=&#8221;txt-white&#8221;]<\/p>\n<h2><a href=\"https:\/\/www.swissfairtrade.ch\/it\/argomenti-principali\/fair-trade-town\/\"><span style=\"color: #baa97f;\">Fair Trade Town<\/span><\/a><\/h2>\n<h3>Dialogando con attori, promuoviamo il trasferimento di conoscenze e stimoliamo il dibattito sul tema del comportamento sostenibile.<\/h3>\n<p><a class=\"button grey\" href=\"https:\/\/www.swissfairtrade.ch\/it\/argomenti-principali\/fair-trade-town\/\">leggere<\/a>[\/vc_column_text][\/vc_column][\/vc_row][vc_row][vc_column][vc_column_text]<\/p>\n<h1>Attualit\u00e0<\/h1>\n<p>[\/vc_column_text][vc_column_text]        <div class=\"wcp-carousel-main-wrap\">\r\n        <section class=\"wcp-slick\"  data-accessibility = on data-dots = on data-slidesToShow = 3 data-slidesToShowtab = 2 data-slidesToShowmob = 1 data-margin = 13px data-arrows = on id=\"carousel-5009\">\r\n\r\n                            <div class=\"slick-slide carousel-item-14091\">\r\n                    <div class=\"rpc-post-carousel1 rpc-box style4 rpc-bg\">\r\n\t<div class=\"rpc-post-image\">\r\n\t\t<a href=\"https:\/\/www.swissfairtrade.ch\/it\/quattro-nuovi-membri-approvati-dall-assemblea-generale-3\/\" target=\"_self\">\r\n\t\t\t<div class=\"fixed-height-image\"><img loading=\"lazy\" decoding=\"async\" width=\"350\" height=\"280\" src=\"https:\/\/www.swissfairtrade.ch\/wp-content\/uploads\/Kopie-von-FTT-Insta-Engagement-Foto-Collage-3-350x280.png\" class=\"attachment-medium size-medium wp-post-image\" alt=\"\" srcset=\"https:\/\/www.swissfairtrade.ch\/wp-content\/uploads\/Kopie-von-FTT-Insta-Engagement-Foto-Collage-3-350x280.png 350w, https:\/\/www.swissfairtrade.ch\/wp-content\/uploads\/Kopie-von-FTT-Insta-Engagement-Foto-Collage-3-1024x819.png 1024w, https:\/\/www.swissfairtrade.ch\/wp-content\/uploads\/Kopie-von-FTT-Insta-Engagement-Foto-Collage-3-768x614.png 768w, https:\/\/www.swissfairtrade.ch\/wp-content\/uploads\/Kopie-von-FTT-Insta-Engagement-Foto-Collage-3-1536x1229.png 1536w, https:\/\/www.swissfairtrade.ch\/wp-content\/uploads\/Kopie-von-FTT-Insta-Engagement-Foto-Collage-3-500x400.png 500w, https:\/\/www.swissfairtrade.ch\/wp-content\/uploads\/Kopie-von-FTT-Insta-Engagement-Foto-Collage-3.png 2000w\" sizes=\"auto, (max-width: 350px) 100vw, 350px\" \/><\/div>\t\t<\/a>\r\n\r\n\t\t<span class=\"rpc-comment-box\">\r\n\t\t\t<span class=\"rpc-post-comment\">\r\n\t\t\t\t0\t\t\t<\/span>\r\n\t\t<\/span>\r\n\t<\/div>\r\n\r\n\t<div class=\"rpc-post-category\">\r\n\t<a href=\"https:\/\/www.swissfairtrade.ch\/it\/category\/blog-it\/\">Blog IT<\/a> <a href=\"https:\/\/www.swissfairtrade.ch\/it\/category\/non-categorizzato\/\">Non categorizzato<\/a>\t<\/div>\r\n\r\n\t<h3 class=\"rpc-post-title\">\r\n\t\t<a href=\"https:\/\/www.swissfairtrade.ch\/it\/quattro-nuovi-membri-approvati-dall-assemblea-generale-3\/\" target=\"_self\" class=\"rpc-title\">\r\n\t\t\tLa Fair Trade Community continua a crescere: quattro nuovi membri si uniscono all\u2019associazione durante l\u2019Assemblea g\u00e9n\u00e9rale\t\t<\/a>\r\n\t<\/h3>\r\n\t\r\n\t<div class=\"clearfix\"><\/div>\r\n\t<div class=\"rpc-post-para rpc-content\">\r\n        Durante l\u2019Assemblea, abbiamo avuto anche il piacere di accogliere quattro nuove organizzazioni membri. Hanno superato con successo il processo di monitoraggio e si impegnano attivamente per il commercio equo. Non&hellip;                        <br>\r\n                <a href=\"https:\/\/www.swissfairtrade.ch\/it\/quattro-nuovi-membri-approvati-dall-assemblea-generale-3\/\" target=\"_self\" class=\"\">leggere...<\/a>\r\n        \t<\/div>\r\n<\/div>                <\/div>    \r\n\r\n                            <div class=\"slick-slide carousel-item-13608\">\r\n                    <div class=\"rpc-post-carousel1 rpc-box style4 rpc-bg\">\r\n\t<div class=\"rpc-post-image\">\r\n\t\t<a href=\"https:\/\/www.swissfairtrade.ch\/it\/grande-successo-per-la-conferenza-internazionale-delle-fair-trade-town-in-svizzera-2\/\" target=\"_self\">\r\n\t\t\t<div class=\"fixed-height-image\"><img loading=\"lazy\" decoding=\"async\" width=\"280\" height=\"280\" src=\"https:\/\/www.swissfairtrade.ch\/wp-content\/uploads\/a-LinkedIn-Mitteilung-Pink02-Ohne-CTA-280x280.jpg\" class=\"attachment-medium size-medium wp-post-image\" alt=\"\" srcset=\"https:\/\/www.swissfairtrade.ch\/wp-content\/uploads\/a-LinkedIn-Mitteilung-Pink02-Ohne-CTA-280x280.jpg 280w, https:\/\/www.swissfairtrade.ch\/wp-content\/uploads\/a-LinkedIn-Mitteilung-Pink02-Ohne-CTA-1024x1024.jpg 1024w, https:\/\/www.swissfairtrade.ch\/wp-content\/uploads\/a-LinkedIn-Mitteilung-Pink02-Ohne-CTA-768x768.jpg 768w, https:\/\/www.swissfairtrade.ch\/wp-content\/uploads\/a-LinkedIn-Mitteilung-Pink02-Ohne-CTA-500x500.jpg 500w, https:\/\/www.swissfairtrade.ch\/wp-content\/uploads\/a-LinkedIn-Mitteilung-Pink02-Ohne-CTA-1000x1000.jpg 1000w, https:\/\/www.swissfairtrade.ch\/wp-content\/uploads\/a-LinkedIn-Mitteilung-Pink02-Ohne-CTA-300x300.jpg 300w, https:\/\/www.swissfairtrade.ch\/wp-content\/uploads\/a-LinkedIn-Mitteilung-Pink02-Ohne-CTA.jpg 1200w\" sizes=\"auto, (max-width: 280px) 100vw, 280px\" \/><\/div>\t\t<\/a>\r\n\r\n\t\t<span class=\"rpc-comment-box\">\r\n\t\t\t<span class=\"rpc-post-comment\">\r\n\t\t\t\t0\t\t\t<\/span>\r\n\t\t<\/span>\r\n\t<\/div>\r\n\r\n\t<div class=\"rpc-post-category\">\r\n\t<a href=\"https:\/\/www.swissfairtrade.ch\/it\/category\/blog-it\/\">Blog IT<\/a>\t<\/div>\r\n\r\n\t<h3 class=\"rpc-post-title\">\r\n\t\t<a href=\"https:\/\/www.swissfairtrade.ch\/it\/grande-successo-per-la-conferenza-internazionale-delle-fair-trade-town-in-svizzera-2\/\" target=\"_self\" class=\"rpc-title\">\r\n\t\t\tFair Fashion Award 2025: L\u2019unico riconoscimento svizzero per tessuti equi lancia la sua seconda edizione\t\t<\/a>\r\n\t<\/h3>\r\n\t\r\n\t<div class=\"clearfix\"><\/div>\r\n\t<div class=\"rpc-post-para rpc-content\">\r\n        La Conferenza internazionale a Glarona Nord ha unito la comunit\u00e0 delle Fair Trade Town e dimostrato quanto \u00e8 possibile raggiungere agendo come un movimento globale.                        <br>\r\n                <a href=\"https:\/\/www.swissfairtrade.ch\/it\/grande-successo-per-la-conferenza-internazionale-delle-fair-trade-town-in-svizzera-2\/\" target=\"_self\" class=\"\">leggere...<\/a>\r\n        \t<\/div>\r\n<\/div>                <\/div>    \r\n\r\n                            <div class=\"slick-slide carousel-item-13022\">\r\n                    <div class=\"rpc-post-carousel1 rpc-box style4 rpc-bg\">\r\n\t<div class=\"rpc-post-image\">\r\n\t\t<a href=\"https:\/\/www.swissfairtrade.ch\/it\/appalti-pubblici-integrare-la-sostenibilita-sociale-un-obiettivo-realizzabile\/\" target=\"_self\">\r\n\t\t\t<div class=\"fixed-height-image\"><img loading=\"lazy\" decoding=\"async\" width=\"413\" height=\"280\" src=\"https:\/\/www.swissfairtrade.ch\/wp-content\/uploads\/Schweiz-Politsichten-Oeffentliche-Beschaffung-2-413x280.jpg\" class=\"attachment-medium size-medium wp-post-image\" alt=\"\" srcset=\"https:\/\/www.swissfairtrade.ch\/wp-content\/uploads\/Schweiz-Politsichten-Oeffentliche-Beschaffung-2-413x280.jpg 413w, https:\/\/www.swissfairtrade.ch\/wp-content\/uploads\/Schweiz-Politsichten-Oeffentliche-Beschaffung-2-1024x695.jpg 1024w, https:\/\/www.swissfairtrade.ch\/wp-content\/uploads\/Schweiz-Politsichten-Oeffentliche-Beschaffung-2-768x521.jpg 768w, https:\/\/www.swissfairtrade.ch\/wp-content\/uploads\/Schweiz-Politsichten-Oeffentliche-Beschaffung-2-500x339.jpg 500w, https:\/\/www.swissfairtrade.ch\/wp-content\/uploads\/Schweiz-Politsichten-Oeffentliche-Beschaffung-2.jpg 1183w\" sizes=\"auto, (max-width: 413px) 100vw, 413px\" \/><\/div>\t\t<\/a>\r\n\r\n\t\t<span class=\"rpc-comment-box\">\r\n\t\t\t<span class=\"rpc-post-comment\">\r\n\t\t\t\t0\t\t\t<\/span>\r\n\t\t<\/span>\r\n\t<\/div>\r\n\r\n\t<div class=\"rpc-post-category\">\r\n\t<a href=\"https:\/\/www.swissfairtrade.ch\/it\/category\/blog-it\/\">Blog IT<\/a>\t<\/div>\r\n\r\n\t<h3 class=\"rpc-post-title\">\r\n\t\t<a href=\"https:\/\/www.swissfairtrade.ch\/it\/appalti-pubblici-integrare-la-sostenibilita-sociale-un-obiettivo-realizzabile\/\" target=\"_self\" class=\"rpc-title\">\r\n\t\t\tAppalti pubblici: integrare la sostenibilit\u00e0 sociale \u2013 un obiettivo realizzabile\t\t<\/a>\r\n\t<\/h3>\r\n\t\r\n\t<div class=\"clearfix\"><\/div>\r\n\t<div class=\"rpc-post-para rpc-content\">\r\n        Un nuovo studio dell'Universit\u00e0 di Scienze Applicate di Berna illustra come citt\u00e0 e comuni possano adottare pratiche di acquisto socialmente sostenibili.                        <br>\r\n                <a href=\"https:\/\/www.swissfairtrade.ch\/it\/appalti-pubblici-integrare-la-sostenibilita-sociale-un-obiettivo-realizzabile\/\" target=\"_self\" class=\"\">leggere...<\/a>\r\n        \t<\/div>\r\n<\/div>                <\/div>    \r\n\r\n                            <div class=\"slick-slide carousel-item-12279\">\r\n                    <div class=\"rpc-post-carousel1 rpc-box style4 rpc-bg\">\r\n\t<div class=\"rpc-post-image\">\r\n\t\t<a href=\"https:\/\/www.swissfairtrade.ch\/it\/grande-successo-per-la-conferenza-internazionale-delle-fair-trade-town-in-svizzera\/\" target=\"_self\">\r\n\t\t\t<div class=\"fixed-height-image\"><img loading=\"lazy\" decoding=\"async\" width=\"525\" height=\"277\" src=\"https:\/\/www.swissfairtrade.ch\/wp-content\/uploads\/SNA96452-525x277.jpg\" class=\"attachment-medium size-medium wp-post-image\" alt=\"\" srcset=\"https:\/\/www.swissfairtrade.ch\/wp-content\/uploads\/SNA96452-525x277.jpg 525w, https:\/\/www.swissfairtrade.ch\/wp-content\/uploads\/SNA96452-1024x540.jpg 1024w, https:\/\/www.swissfairtrade.ch\/wp-content\/uploads\/SNA96452-768x405.jpg 768w, https:\/\/www.swissfairtrade.ch\/wp-content\/uploads\/SNA96452-1536x810.jpg 1536w, https:\/\/www.swissfairtrade.ch\/wp-content\/uploads\/SNA96452-2048x1080.jpg 2048w, https:\/\/www.swissfairtrade.ch\/wp-content\/uploads\/SNA96452-500x264.jpg 500w\" sizes=\"auto, (max-width: 525px) 100vw, 525px\" \/><\/div>\t\t<\/a>\r\n\r\n\t\t<span class=\"rpc-comment-box\">\r\n\t\t\t<span class=\"rpc-post-comment\">\r\n\t\t\t\t0\t\t\t<\/span>\r\n\t\t<\/span>\r\n\t<\/div>\r\n\r\n\t<div class=\"rpc-post-category\">\r\n\t<a href=\"https:\/\/www.swissfairtrade.ch\/it\/category\/blog-it\/\">Blog IT<\/a>\t<\/div>\r\n\r\n\t<h3 class=\"rpc-post-title\">\r\n\t\t<a href=\"https:\/\/www.swissfairtrade.ch\/it\/grande-successo-per-la-conferenza-internazionale-delle-fair-trade-town-in-svizzera\/\" target=\"_self\" class=\"rpc-title\">\r\n\t\t\tGrande successo per la sedicesima Conferenza internazionale delle Fair Trade Town, tenutasi in Svizzera\t\t<\/a>\r\n\t<\/h3>\r\n\t\r\n\t<div class=\"clearfix\"><\/div>\r\n\t<div class=\"rpc-post-para rpc-content\">\r\n        La Conferenza internazionale a Glarona Nord ha unito la comunit\u00e0 delle Fair Trade Town e dimostrato quanto \u00e8 possibile raggiungere agendo come un movimento globale.                        <br>\r\n                <a href=\"https:\/\/www.swissfairtrade.ch\/it\/grande-successo-per-la-conferenza-internazionale-delle-fair-trade-town-in-svizzera\/\" target=\"_self\" class=\"\">leggere...<\/a>\r\n        \t<\/div>\r\n<\/div>                <\/div>    \r\n\r\n                            <div class=\"slick-slide carousel-item-12148\">\r\n                    <div class=\"rpc-post-carousel1 rpc-box style4 rpc-bg\">\r\n\t<div class=\"rpc-post-image\">\r\n\t\t<a href=\"https:\/\/www.swissfairtrade.ch\/it\/quattro-nuovi-membri-approvati-dall-assemblea-generale\/\" target=\"_self\">\r\n\t\t\t<div class=\"fixed-height-image\"><img loading=\"lazy\" decoding=\"async\" width=\"498\" height=\"280\" src=\"https:\/\/www.swissfairtrade.ch\/wp-content\/uploads\/Neumitglieder-Collage-4-498x280.png\" class=\"attachment-medium size-medium wp-post-image\" alt=\"\" srcset=\"https:\/\/www.swissfairtrade.ch\/wp-content\/uploads\/Neumitglieder-Collage-4-498x280.png 498w, https:\/\/www.swissfairtrade.ch\/wp-content\/uploads\/Neumitglieder-Collage-4-1024x576.png 1024w, https:\/\/www.swissfairtrade.ch\/wp-content\/uploads\/Neumitglieder-Collage-4-768x432.png 768w, https:\/\/www.swissfairtrade.ch\/wp-content\/uploads\/Neumitglieder-Collage-4-1536x864.png 1536w, https:\/\/www.swissfairtrade.ch\/wp-content\/uploads\/Neumitglieder-Collage-4-2048x1152.png 2048w, https:\/\/www.swissfairtrade.ch\/wp-content\/uploads\/Neumitglieder-Collage-4-500x281.png 500w\" sizes=\"auto, (max-width: 498px) 100vw, 498px\" \/><\/div>\t\t<\/a>\r\n\r\n\t\t<span class=\"rpc-comment-box\">\r\n\t\t\t<span class=\"rpc-post-comment\">\r\n\t\t\t\t0\t\t\t<\/span>\r\n\t\t<\/span>\r\n\t<\/div>\r\n\r\n\t<div class=\"rpc-post-category\">\r\n\t<a href=\"https:\/\/www.swissfairtrade.ch\/it\/category\/blog-it\/\">Blog IT<\/a>\t<\/div>\r\n\r\n\t<h3 class=\"rpc-post-title\">\r\n\t\t<a href=\"https:\/\/www.swissfairtrade.ch\/it\/quattro-nuovi-membri-approvati-dall-assemblea-generale\/\" target=\"_self\" class=\"rpc-title\">\r\n\t\t\tQuattro nuovi membri approvati dall\u2019Assemblea generale\t\t<\/a>\r\n\t<\/h3>\r\n\t\r\n\t<div class=\"clearfix\"><\/div>\r\n\t<div class=\"rpc-post-para rpc-content\">\r\n        L\u2019Assemblea generale di Swiss Fair Trade ha approvato l\u2019adesione di quattro nuovi membri, i quali hanno dimostrato che per loro il commercio equo \u00e8 un requisito di base in molti&hellip;                        <br>\r\n                <a href=\"https:\/\/www.swissfairtrade.ch\/it\/quattro-nuovi-membri-approvati-dall-assemblea-generale\/\" target=\"_self\" class=\"\">leggere...<\/a>\r\n        \t<\/div>\r\n<\/div>                <\/div>    \r\n\r\n                            <div class=\"slick-slide carousel-item-11452\">\r\n                    <div class=\"rpc-post-carousel1 rpc-box style4 rpc-bg\">\r\n\t<div class=\"rpc-post-image\">\r\n\t\t<a href=\"https:\/\/www.swissfairtrade.ch\/it\/internationale-fair-trade-towns-konferenz-2023-in-der-schweiz\/\" target=\"_self\">\r\n\t\t\t<div class=\"fixed-height-image\"><img loading=\"lazy\" decoding=\"async\" width=\"525\" height=\"275\" src=\"https:\/\/www.swissfairtrade.ch\/wp-content\/uploads\/Glarus-Nord.01-525x275.png\" class=\"attachment-medium size-medium wp-post-image\" alt=\"\" srcset=\"https:\/\/www.swissfairtrade.ch\/wp-content\/uploads\/Glarus-Nord.01-525x275.png 525w, https:\/\/www.swissfairtrade.ch\/wp-content\/uploads\/Glarus-Nord.01-1024x537.png 1024w, https:\/\/www.swissfairtrade.ch\/wp-content\/uploads\/Glarus-Nord.01-768x403.png 768w, https:\/\/www.swissfairtrade.ch\/wp-content\/uploads\/Glarus-Nord.01-500x262.png 500w, https:\/\/www.swissfairtrade.ch\/wp-content\/uploads\/Glarus-Nord.01.png 1440w\" sizes=\"auto, (max-width: 525px) 100vw, 525px\" \/><\/div>\t\t<\/a>\r\n\r\n\t\t<span class=\"rpc-comment-box\">\r\n\t\t\t<span class=\"rpc-post-comment\">\r\n\t\t\t\t0\t\t\t<\/span>\r\n\t\t<\/span>\r\n\t<\/div>\r\n\r\n\t<div class=\"rpc-post-category\">\r\n\t<a href=\"https:\/\/www.swissfairtrade.ch\/it\/category\/blog-it\/\">Blog IT<\/a>\t<\/div>\r\n\r\n\t<h3 class=\"rpc-post-title\">\r\n\t\t<a href=\"https:\/\/www.swissfairtrade.ch\/it\/internationale-fair-trade-towns-konferenz-2023-in-der-schweiz\/\" target=\"_self\" class=\"rpc-title\">\r\n\t\t\tInternationale Fair Trade Towns Konferenz 2023 in der Schweiz!\t\t<\/a>\r\n\t<\/h3>\r\n\t\r\n\t<div class=\"clearfix\"><\/div>\r\n\t<div class=\"rpc-post-para rpc-content\">\r\n        Die 16. Internationale Fair Trade Town Konferenz kommt 2023 in die Schweiz. Die Konferenz findet vom 22. bis 24. September in Glarus Nord, erste\u00a0Fair Trade Town der Schweiz, statt.                        <br>\r\n                <a href=\"https:\/\/www.swissfairtrade.ch\/it\/internationale-fair-trade-towns-konferenz-2023-in-der-schweiz\/\" target=\"_self\" class=\"\">leggere...<\/a>\r\n        \t<\/div>\r\n<\/div>                <\/div>    \r\n\r\n                            <div class=\"slick-slide carousel-item-8970\">\r\n                    <div class=\"rpc-post-carousel1 rpc-box style4 rpc-bg\">\r\n\t<div class=\"rpc-post-image\">\r\n\t\t<a href=\"https:\/\/www.swissfairtrade.ch\/it\/consumo-di-prodotti-2019\/\" target=\"_self\">\r\n\t\t\t<div class=\"fixed-height-image\"><img loading=\"lazy\" decoding=\"async\" width=\"278\" height=\"280\" src=\"https:\/\/www.swissfairtrade.ch\/wp-content\/uploads\/Umsatzzahlen-2019-IT-1-278x280.png\" class=\"attachment-medium size-medium wp-post-image\" alt=\"\" srcset=\"https:\/\/www.swissfairtrade.ch\/wp-content\/uploads\/Umsatzzahlen-2019-IT-1-278x280.png 278w, https:\/\/www.swissfairtrade.ch\/wp-content\/uploads\/Umsatzzahlen-2019-IT-1-768x773.png 768w, https:\/\/www.swissfairtrade.ch\/wp-content\/uploads\/Umsatzzahlen-2019-IT-1-500x503.png 500w, https:\/\/www.swissfairtrade.ch\/wp-content\/uploads\/Umsatzzahlen-2019-IT-1.png 1015w\" sizes=\"auto, (max-width: 278px) 100vw, 278px\" \/><\/div>\t\t<\/a>\r\n\r\n\t\t<span class=\"rpc-comment-box\">\r\n\t\t\t<span class=\"rpc-post-comment\">\r\n\t\t\t\t0\t\t\t<\/span>\r\n\t\t<\/span>\r\n\t<\/div>\r\n\r\n\t<div class=\"rpc-post-category\">\r\n\t<a href=\"https:\/\/www.swissfairtrade.ch\/it\/category\/blog-it\/\">Blog IT<\/a>\t<\/div>\r\n\r\n\t<h3 class=\"rpc-post-title\">\r\n\t\t<a href=\"https:\/\/www.swissfairtrade.ch\/it\/consumo-di-prodotti-2019\/\" target=\"_self\" class=\"rpc-title\">\r\n\t\t\tFatturato Fair Trade aumenta nuovamente\t\t<\/a>\r\n\t<\/h3>\r\n\t\r\n\t<div class=\"clearfix\"><\/div>\r\n\t<div class=\"rpc-post-para rpc-content\">\r\n        L\u2019anno scorso, il fatturato di prodotti del commercio equo \u00e8 nuovamente aumentato in Svizzera.                        <br>\r\n                <a href=\"https:\/\/www.swissfairtrade.ch\/it\/consumo-di-prodotti-2019\/\" target=\"_self\" class=\"\">leggere...<\/a>\r\n        \t<\/div>\r\n<\/div>                <\/div>    \r\n\r\n                            <div class=\"slick-slide carousel-item-7527\">\r\n                    <div class=\"rpc-post-carousel1 rpc-box style4 rpc-bg\">\r\n\t<div class=\"rpc-post-image\">\r\n\t\t<a href=\"https:\/\/www.swissfairtrade.ch\/it\/conferenza-onu-sui-cambiamenti-climatici-cop25\/\" target=\"_self\">\r\n\t\t\t<div class=\"fixed-height-image\"><img loading=\"lazy\" decoding=\"async\" width=\"419\" height=\"280\" src=\"https:\/\/www.swissfairtrade.ch\/wp-content\/uploads\/AdobeStock_Bauer-1-419x280.jpeg\" class=\"attachment-medium size-medium wp-post-image\" alt=\"\" srcset=\"https:\/\/www.swissfairtrade.ch\/wp-content\/uploads\/AdobeStock_Bauer-1-419x280.jpeg 419w, https:\/\/www.swissfairtrade.ch\/wp-content\/uploads\/AdobeStock_Bauer-1-768x513.jpeg 768w, https:\/\/www.swissfairtrade.ch\/wp-content\/uploads\/AdobeStock_Bauer-1-1024x684.jpeg 1024w, https:\/\/www.swissfairtrade.ch\/wp-content\/uploads\/AdobeStock_Bauer-1-500x334.jpeg 500w, https:\/\/www.swissfairtrade.ch\/wp-content\/uploads\/AdobeStock_Bauer-1-e1574873145248.jpeg 2000w\" sizes=\"auto, (max-width: 419px) 100vw, 419px\" \/><\/div>\t\t<\/a>\r\n\r\n\t\t<span class=\"rpc-comment-box\">\r\n\t\t\t<span class=\"rpc-post-comment\">\r\n\t\t\t\t0\t\t\t<\/span>\r\n\t\t<\/span>\r\n\t<\/div>\r\n\r\n\t<div class=\"rpc-post-category\">\r\n\t<a href=\"https:\/\/www.swissfairtrade.ch\/it\/category\/archivio\/\">Archivio<\/a> <a href=\"https:\/\/www.swissfairtrade.ch\/it\/category\/blog-it\/\">Blog IT<\/a>\t<\/div>\r\n\r\n\t<h3 class=\"rpc-post-title\">\r\n\t\t<a href=\"https:\/\/www.swissfairtrade.ch\/it\/conferenza-onu-sui-cambiamenti-climatici-cop25\/\" target=\"_self\" class=\"rpc-title\">\r\n\t\t\tRichieste alla Conferenza ONU sui cambiamenti climatici\t\t<\/a>\r\n\t<\/h3>\r\n\t\r\n\t<div class=\"clearfix\"><\/div>\r\n\t<div class=\"rpc-post-para rpc-content\">\r\n        Il movimento globale del Commercio Equo e Solidale sollecita le Parti della UNFCCC a riconoscere politiche e pratiche commerciali eque in quanto importanti componenti delle strategie di mitigazione e adattamento&hellip;                        <br>\r\n                <a href=\"https:\/\/www.swissfairtrade.ch\/it\/conferenza-onu-sui-cambiamenti-climatici-cop25\/\" target=\"_self\" class=\"\">leggere...<\/a>\r\n        \t<\/div>\r\n<\/div>                <\/div>    \r\n\r\n                            <div class=\"slick-slide carousel-item-7024\">\r\n                    <div class=\"rpc-post-carousel1 rpc-box style4 rpc-bg\">\r\n\t<div class=\"rpc-post-image\">\r\n\t\t<a href=\"https:\/\/www.swissfairtrade.ch\/it\/consumo-di-prodotti-2018\/\" target=\"_self\">\r\n\t\t\t<div class=\"fixed-height-image\"><img loading=\"lazy\" decoding=\"async\" width=\"439\" height=\"280\" src=\"https:\/\/www.swissfairtrade.ch\/wp-content\/uploads\/Entwiclung-DE-f\u00fcr-WEB-e1566937360597-439x280.jpg\" class=\"attachment-medium size-medium wp-post-image\" alt=\"\" srcset=\"https:\/\/www.swissfairtrade.ch\/wp-content\/uploads\/Entwiclung-DE-f\u00fcr-WEB-e1566937360597-439x280.jpg 439w, https:\/\/www.swissfairtrade.ch\/wp-content\/uploads\/Entwiclung-DE-f\u00fcr-WEB-e1566937360597-768x490.jpg 768w, https:\/\/www.swissfairtrade.ch\/wp-content\/uploads\/Entwiclung-DE-f\u00fcr-WEB-e1566937360597-1024x653.jpg 1024w, https:\/\/www.swissfairtrade.ch\/wp-content\/uploads\/Entwiclung-DE-f\u00fcr-WEB-e1566937360597.jpg 1121w\" sizes=\"auto, (max-width: 439px) 100vw, 439px\" \/><\/div>\t\t<\/a>\r\n\r\n\t\t<span class=\"rpc-comment-box\">\r\n\t\t\t<span class=\"rpc-post-comment\">\r\n\t\t\t\t0\t\t\t<\/span>\r\n\t\t<\/span>\r\n\t<\/div>\r\n\r\n\t<div class=\"rpc-post-category\">\r\n\t<a href=\"https:\/\/www.swissfairtrade.ch\/it\/category\/blog-it\/\">Blog IT<\/a>\t<\/div>\r\n\r\n\t<h3 class=\"rpc-post-title\">\r\n\t\t<a href=\"https:\/\/www.swissfairtrade.ch\/it\/consumo-di-prodotti-2018\/\" target=\"_self\" class=\"rpc-title\">\r\n\t\t\tFatturato Fair Trade alle stelle\t\t<\/a>\r\n\t<\/h3>\r\n\t\r\n\t<div class=\"clearfix\"><\/div>\r\n\t<div class=\"rpc-post-para rpc-content\">\r\n        L\u2019anno scorso, il fatturato di prodotti del commercio equo \u00e8 nuovamente aumentato in Svizzera.                        <br>\r\n                <a href=\"https:\/\/www.swissfairtrade.ch\/it\/consumo-di-prodotti-2018\/\" target=\"_self\" class=\"\">leggere...<\/a>\r\n        \t<\/div>\r\n<\/div>                <\/div>    \r\n\r\n                            <div class=\"slick-slide carousel-item-4835\">\r\n                    <div class=\"rpc-post-carousel1 rpc-box style4 rpc-bg\">\r\n\t<div class=\"rpc-post-image\">\r\n\t\t<a href=\"https:\/\/www.swissfairtrade.ch\/it\/cop24\/\" target=\"_self\">\r\n\t\t\t<div class=\"fixed-height-image\"><img loading=\"lazy\" decoding=\"async\" width=\"420\" height=\"280\" src=\"https:\/\/www.swissfairtrade.ch\/wp-content\/uploads\/Bauer-1-420x280.jpg\" class=\"attachment-medium size-medium wp-post-image\" alt=\"\" srcset=\"https:\/\/www.swissfairtrade.ch\/wp-content\/uploads\/Bauer-1-420x280.jpg 420w, https:\/\/www.swissfairtrade.ch\/wp-content\/uploads\/Bauer-1-768x512.jpg 768w, https:\/\/www.swissfairtrade.ch\/wp-content\/uploads\/Bauer-1-1024x683.jpg 1024w\" sizes=\"auto, (max-width: 420px) 100vw, 420px\" \/><\/div>\t\t<\/a>\r\n\r\n\t\t<span class=\"rpc-comment-box\">\r\n\t\t\t<span class=\"rpc-post-comment\">\r\n\t\t\t\t0\t\t\t<\/span>\r\n\t\t<\/span>\r\n\t<\/div>\r\n\r\n\t<div class=\"rpc-post-category\">\r\n\t<a href=\"https:\/\/www.swissfairtrade.ch\/it\/category\/blog-it\/\">Blog IT<\/a>\t<\/div>\r\n\r\n\t<h3 class=\"rpc-post-title\">\r\n\t\t<a href=\"https:\/\/www.swissfairtrade.ch\/it\/cop24\/\" target=\"_self\" class=\"rpc-title\">\r\n\t\t\tI piccoli produttori del Sud tra i pi\u00f9 colpiti dai cambiamenti climatici\t\t<\/a>\r\n\t<\/h3>\r\n\t\r\n\t<div class=\"clearfix\"><\/div>\r\n\t<div class=\"rpc-post-para rpc-content\">\r\n        Richieste del movimento internazionale del commercio equo e solidale al COP24                        <br>\r\n                <a href=\"https:\/\/www.swissfairtrade.ch\/it\/cop24\/\" target=\"_self\" class=\"\">leggere...<\/a>\r\n        \t<\/div>\r\n<\/div>                <\/div>    \r\n\r\n                            <div class=\"slick-slide carousel-item-5165\">\r\n                    <div class=\"rpc-post-carousel1 rpc-box style4 rpc-bg\">\r\n\t<div class=\"rpc-post-image\">\r\n\t\t<a href=\"https:\/\/www.swissfairtrade.ch\/it\/prima-fair-trade-town-capriasca\/\" target=\"_self\">\r\n\t\t\t<div class=\"fixed-height-image\"><img loading=\"lazy\" decoding=\"async\" width=\"369\" height=\"280\" src=\"https:\/\/www.swissfairtrade.ch\/wp-content\/uploads\/FAIR_TRADE_TOWN_LOGO_capriasca_WEB-369x280.png\" class=\"attachment-medium size-medium wp-post-image\" alt=\"\" srcset=\"https:\/\/www.swissfairtrade.ch\/wp-content\/uploads\/FAIR_TRADE_TOWN_LOGO_capriasca_WEB-369x280.png 369w, https:\/\/www.swissfairtrade.ch\/wp-content\/uploads\/FAIR_TRADE_TOWN_LOGO_capriasca_WEB-768x583.png 768w, https:\/\/www.swissfairtrade.ch\/wp-content\/uploads\/FAIR_TRADE_TOWN_LOGO_capriasca_WEB.png 915w\" sizes=\"auto, (max-width: 369px) 100vw, 369px\" \/><\/div>\t\t<\/a>\r\n\r\n\t\t<span class=\"rpc-comment-box\">\r\n\t\t\t<span class=\"rpc-post-comment\">\r\n\t\t\t\t0\t\t\t<\/span>\r\n\t\t<\/span>\r\n\t<\/div>\r\n\r\n\t<div class=\"rpc-post-category\">\r\n\t<a href=\"https:\/\/www.swissfairtrade.ch\/it\/category\/blog-it\/\">Blog IT<\/a>\t<\/div>\r\n\r\n\t<h3 class=\"rpc-post-title\">\r\n\t\t<a href=\"https:\/\/www.swissfairtrade.ch\/it\/prima-fair-trade-town-capriasca\/\" target=\"_self\" class=\"rpc-title\">\r\n\t\t\tCapriasca, prima Fair Trade Town della Svizzera italiana\t\t<\/a>\r\n\t<\/h3>\r\n\t\r\n\t<div class=\"clearfix\"><\/div>\r\n\t<div class=\"rpc-post-para rpc-content\">\r\n        Il 16 giugno, il comune di Capriasca diventer\u00e0 Fair Trade Town. Sar\u00e0 il primo della Svizzera italiana ad ottenere questa distinzione che convalida il suo sostegno attivo ad un consumo&hellip;                        <br>\r\n                <a href=\"https:\/\/www.swissfairtrade.ch\/it\/prima-fair-trade-town-capriasca\/\" target=\"_self\" class=\"\">leggere...<\/a>\r\n        \t<\/div>\r\n<\/div>                <\/div>    \r\n\r\n                \r\n        <\/section>\r\n        <\/div>\r\n        <style>#carousel-5009 .slick-prev:before, #carousel-5009 .slick-next:before { color: #cb333b !important;}#carousel-5009 .slick-slide { margin: 2px 13px; } #carousel-5009 .rpc-title { color: ; } #carousel-5009 .rpc-content { color: ; } #carousel-5009 .rpc-date { background-color: ; } #carousel-5009 .rpc-date { color: ; } #carousel-5009 .rpc-overlay { background-color: ; } #carousel-5009 .carousel-style9 { border-top-color: ; } #carousel-5009 .carousel-style9 .button:before { background-color: ; } #carousel-5009 .rpc-box { box-shadow: ; } #carousel-5009 .rpc-bg { background-color: ; } #carousel-5009 .rpc-title-bg { background-color: ; } #carousel-5009 .fixed-height-image { height: 250px; } #carousel-5009 .slick-next:before { content: '\\ \\f0a9 '; } #carousel-5009 .slick-prev:before { content: '\\ \\f0a8'; }#carousel-5009 .rpc-title { font-family: ; } #carousel-5009 .rpc-title { font-size: ; } #carousel-5009 .rpc-content { font-family: ; } #carousel-5009 .rpc-content { font-size: ; } <\/style>[\/vc_column_text][vc_column_text]<\/p>\n<p style=\"text-align: center;\"><a class=\"button sft\" href=\"https:\/\/www.swissfairtrade.ch\/it\/attualita\/\">Altre notizie<\/a><\/p>\n<p>[\/vc_column_text][\/vc_column][\/vc_row]<\/p>\n<\/div>","protected":false},"excerpt":{"rendered":"<p>[vc_row full_width=&#8221;stretch_row&#8221; css=&#8221;.vc_custom_1758698182233{margin-top: -30px !important;background-color: #CB333B !important;}&#8221; el_class=&#8221;header-home&#8221;][vc_column][vc_column_text el_class=&#8221;txt-white&#8221;] Commercio equo \u2013 Giustizia nel commercio globale Il mondo ha bisogno di aziende e persone che si assumano la responsabilit\u00e0. [\/vc_column_text][vc_empty_space height=&#8221;80px&#8221;][vc_row_inner content_placement=&#8221;middle&#8221; gap=&#8221;35&#8243; el_class=&#8221;home-section-intro&#8221;][vc_column_inner width=&#8221;1\/3&#8243;][vc_column_text] Cosa comporta il commercio equo? Dialogo, trassparenze e rispetto leggere[\/vc_column_text][\/vc_column_inner][vc_column_inner el_class=&#8221;wer-ist-fair&#8221; width=&#8221;1\/3&#8243; css=&#8221;.vc_custom_1537450169190{margin-left: 20px !important;}&#8221;][vc_column_text] Chi promuove il commercio equo? &#8230; <a title=\"Capriasca, prima Fair Trade Town della Svizzera italiana\" class=\"read-more\" href=\"https:\/\/www.swissfairtrade.ch\/it\/prima-fair-trade-town-capriasca\/\" aria-label=\"Per saperne di pi\u00f9 su Capriasca, prima Fair Trade Town della Svizzera italiana\">Read more<\/a><\/p>\n","protected":false},"author":2,"featured_media":5900,"parent":0,"menu_order":0,"comment_status":"closed","ping_status":"closed","template":"","meta":{"generate_page_header":"","footnotes":"","_links_to":"","_links_to_target":""},"hauptseiten-kategorie":[],"class_list":["post-4000","page","type-page","status-publish","has-post-thumbnail","hentry"],"yoast_head":"<!-- This site is optimized with the Yoast SEO plugin v26.2 - https:\/\/yoast.com\/wordpress\/plugins\/seo\/ -->\n<title>Swiss Fair Trade - Swiss Fair Trade<\/title>\n<meta name=\"robots\" content=\"index, follow, max-snippet:-1, max-image-preview:large, max-video-preview:-1\" \/>\n<link rel=\"canonical\" href=\"https:\/\/www.swissfairtrade.ch\/it\/\" \/>\n<meta property=\"og:locale\" content=\"it_IT\" \/>\n<meta property=\"og:type\" content=\"article\" \/>\n<meta property=\"og:title\" content=\"Swiss Fair Trade - Swiss Fair Trade\" \/>\n<meta property=\"og:description\" content=\"[vc_row full_width=&#8221;stretch_row&#8221; css=&#8221;.vc_custom_1758698182233{margin-top: -30px !important;background-color: #CB333B !important;}&#8221; el_class=&#8221;header-home&#8221;][vc_column][vc_column_text el_class=&#8221;txt-white&#8221;] Commercio equo \u2013 Giustizia nel commercio globale Il mondo ha bisogno di aziende e persone che si assumano la responsabilit\u00e0. [\/vc_column_text][vc_empty_space height=&#8221;80px&#8221;][vc_row_inner content_placement=&#8221;middle&#8221; gap=&#8221;35&#8243; el_class=&#8221;home-section-intro&#8221;][vc_column_inner width=&#8221;1\/3&#8243;][vc_column_text] Cosa comporta il commercio equo? Dialogo, trassparenze e rispetto leggere[\/vc_column_text][\/vc_column_inner][vc_column_inner el_class=&#8221;wer-ist-fair&#8221; width=&#8221;1\/3&#8243; css=&#8221;.vc_custom_1537450169190{margin-left: 20px !important;}&#8221;][vc_column_text] Chi promuove il commercio equo? ... Read more\" \/>\n<meta property=\"og:url\" content=\"https:\/\/www.swissfairtrade.ch\/it\/\" \/>\n<meta property=\"og:site_name\" content=\"Swiss Fair Trade\" \/>\n<meta property=\"article:modified_time\" content=\"2025-09-24T07:32:16+00:00\" \/>\n<meta property=\"og:image\" content=\"https:\/\/www.swissfairtrade.ch\/wp-content\/uploads\/Home-Titelbild.jpg\" \/>\n\t<meta property=\"og:image:width\" content=\"2500\" \/>\n\t<meta property=\"og:image:height\" content=\"1240\" \/>\n\t<meta property=\"og:image:type\" content=\"image\/jpeg\" \/>\n<meta name=\"twitter:card\" content=\"summary_large_image\" \/>\n<meta name=\"twitter:label1\" content=\"Tempo di lettura stimato\" \/>\n\t<meta name=\"twitter:data1\" content=\"2 minuti\" \/>\n<script type=\"application\/ld+json\" class=\"yoast-schema-graph\">{\"@context\":\"https:\/\/schema.org\",\"@graph\":[{\"@type\":\"WebPage\",\"@id\":\"https:\/\/www.swissfairtrade.ch\/it\/\",\"url\":\"https:\/\/www.swissfairtrade.ch\/it\/\",\"name\":\"Swiss Fair Trade - Swiss Fair Trade\",\"isPartOf\":{\"@id\":\"https:\/\/www.swissfairtrade.ch\/it\/#website\"},\"primaryImageOfPage\":{\"@id\":\"https:\/\/www.swissfairtrade.ch\/it\/#primaryimage\"},\"image\":{\"@id\":\"https:\/\/www.swissfairtrade.ch\/it\/#primaryimage\"},\"thumbnailUrl\":\"https:\/\/www.swissfairtrade.ch\/wp-content\/uploads\/Home-Titelbild.jpg\",\"datePublished\":\"2018-09-11T12:29:17+00:00\",\"dateModified\":\"2025-09-24T07:32:16+00:00\",\"breadcrumb\":{\"@id\":\"https:\/\/www.swissfairtrade.ch\/it\/#breadcrumb\"},\"inLanguage\":\"it-IT\",\"potentialAction\":[{\"@type\":\"ReadAction\",\"target\":[\"https:\/\/www.swissfairtrade.ch\/it\/\"]}]},{\"@type\":\"ImageObject\",\"inLanguage\":\"it-IT\",\"@id\":\"https:\/\/www.swissfairtrade.ch\/it\/#primaryimage\",\"url\":\"https:\/\/www.swissfairtrade.ch\/wp-content\/uploads\/Home-Titelbild.jpg\",\"contentUrl\":\"https:\/\/www.swissfairtrade.ch\/wp-content\/uploads\/Home-Titelbild.jpg\",\"width\":2500,\"height\":1240},{\"@type\":\"BreadcrumbList\",\"@id\":\"https:\/\/www.swissfairtrade.ch\/it\/#breadcrumb\",\"itemListElement\":[{\"@type\":\"ListItem\",\"position\":1,\"name\":\"Home\",\"item\":\"https:\/\/www.swissfairtrade.ch\/it\/\"},{\"@type\":\"ListItem\",\"position\":2,\"name\":\"Swiss Fair Trade\"}]},{\"@type\":\"WebSite\",\"@id\":\"https:\/\/www.swissfairtrade.ch\/it\/#website\",\"url\":\"https:\/\/www.swissfairtrade.ch\/it\/\",\"name\":\"Swiss Fair Trade\",\"description\":\"\",\"publisher\":{\"@id\":\"https:\/\/www.swissfairtrade.ch\/it\/#organization\"},\"potentialAction\":[{\"@type\":\"SearchAction\",\"target\":{\"@type\":\"EntryPoint\",\"urlTemplate\":\"https:\/\/www.swissfairtrade.ch\/it\/?s={search_term_string}\"},\"query-input\":{\"@type\":\"PropertyValueSpecification\",\"valueRequired\":true,\"valueName\":\"search_term_string\"}}],\"inLanguage\":\"it-IT\"},{\"@type\":\"Organization\",\"@id\":\"https:\/\/www.swissfairtrade.ch\/it\/#organization\",\"name\":\"Swiss Fair Trade\",\"url\":\"https:\/\/www.swissfairtrade.ch\/it\/\",\"logo\":{\"@type\":\"ImageObject\",\"inLanguage\":\"it-IT\",\"@id\":\"https:\/\/www.swissfairtrade.ch\/it\/#\/schema\/logo\/image\/\",\"url\":\"https:\/\/www.swissfairtrade.ch\/wp-content\/uploads\/SwissFairTrade-Logo-rgb-203.51.59-web.png\",\"contentUrl\":\"https:\/\/www.swissfairtrade.ch\/wp-content\/uploads\/SwissFairTrade-Logo-rgb-203.51.59-web.png\",\"width\":130,\"height\":115,\"caption\":\"Swiss Fair Trade\"},\"image\":{\"@id\":\"https:\/\/www.swissfairtrade.ch\/it\/#\/schema\/logo\/image\/\"}}]}<\/script>\n<!-- \/ Yoast SEO plugin. -->","yoast_head_json":{"title":"Swiss Fair Trade - Swiss Fair Trade","robots":{"index":"index","follow":"follow","max-snippet":"max-snippet:-1","max-image-preview":"max-image-preview:large","max-video-preview":"max-video-preview:-1"},"canonical":"https:\/\/www.swissfairtrade.ch\/it\/","og_locale":"it_IT","og_type":"article","og_title":"Swiss Fair Trade - Swiss Fair Trade","og_description":"[vc_row full_width=&#8221;stretch_row&#8221; css=&#8221;.vc_custom_1758698182233{margin-top: -30px !important;background-color: #CB333B !important;}&#8221; el_class=&#8221;header-home&#8221;][vc_column][vc_column_text el_class=&#8221;txt-white&#8221;] Commercio equo \u2013 Giustizia nel commercio globale Il mondo ha bisogno di aziende e persone che si assumano la responsabilit\u00e0. [\/vc_column_text][vc_empty_space height=&#8221;80px&#8221;][vc_row_inner content_placement=&#8221;middle&#8221; gap=&#8221;35&#8243; el_class=&#8221;home-section-intro&#8221;][vc_column_inner width=&#8221;1\/3&#8243;][vc_column_text] Cosa comporta il commercio equo? Dialogo, trassparenze e rispetto leggere[\/vc_column_text][\/vc_column_inner][vc_column_inner el_class=&#8221;wer-ist-fair&#8221; width=&#8221;1\/3&#8243; css=&#8221;.vc_custom_1537450169190{margin-left: 20px !important;}&#8221;][vc_column_text] Chi promuove il commercio equo? ... Read more","og_url":"https:\/\/www.swissfairtrade.ch\/it\/","og_site_name":"Swiss Fair Trade","article_modified_time":"2025-09-24T07:32:16+00:00","og_image":[{"width":2500,"height":1240,"url":"https:\/\/www.swissfairtrade.ch\/wp-content\/uploads\/Home-Titelbild.jpg","type":"image\/jpeg"}],"twitter_card":"summary_large_image","twitter_misc":{"Tempo di lettura stimato":"2 minuti"},"schema":{"@context":"https:\/\/schema.org","@graph":[{"@type":"WebPage","@id":"https:\/\/www.swissfairtrade.ch\/it\/","url":"https:\/\/www.swissfairtrade.ch\/it\/","name":"Swiss Fair Trade - Swiss Fair Trade","isPartOf":{"@id":"https:\/\/www.swissfairtrade.ch\/it\/#website"},"primaryImageOfPage":{"@id":"https:\/\/www.swissfairtrade.ch\/it\/#primaryimage"},"image":{"@id":"https:\/\/www.swissfairtrade.ch\/it\/#primaryimage"},"thumbnailUrl":"https:\/\/www.swissfairtrade.ch\/wp-content\/uploads\/Home-Titelbild.jpg","datePublished":"2018-09-11T12:29:17+00:00","dateModified":"2025-09-24T07:32:16+00:00","breadcrumb":{"@id":"https:\/\/www.swissfairtrade.ch\/it\/#breadcrumb"},"inLanguage":"it-IT","potentialAction":[{"@type":"ReadAction","target":["https:\/\/www.swissfairtrade.ch\/it\/"]}]},{"@type":"ImageObject","inLanguage":"it-IT","@id":"https:\/\/www.swissfairtrade.ch\/it\/#primaryimage","url":"https:\/\/www.swissfairtrade.ch\/wp-content\/uploads\/Home-Titelbild.jpg","contentUrl":"https:\/\/www.swissfairtrade.ch\/wp-content\/uploads\/Home-Titelbild.jpg","width":2500,"height":1240},{"@type":"BreadcrumbList","@id":"https:\/\/www.swissfairtrade.ch\/it\/#breadcrumb","itemListElement":[{"@type":"ListItem","position":1,"name":"Home","item":"https:\/\/www.swissfairtrade.ch\/it\/"},{"@type":"ListItem","position":2,"name":"Swiss Fair Trade"}]},{"@type":"WebSite","@id":"https:\/\/www.swissfairtrade.ch\/it\/#website","url":"https:\/\/www.swissfairtrade.ch\/it\/","name":"Swiss Fair Trade","description":"","publisher":{"@id":"https:\/\/www.swissfairtrade.ch\/it\/#organization"},"potentialAction":[{"@type":"SearchAction","target":{"@type":"EntryPoint","urlTemplate":"https:\/\/www.swissfairtrade.ch\/it\/?s={search_term_string}"},"query-input":{"@type":"PropertyValueSpecification","valueRequired":true,"valueName":"search_term_string"}}],"inLanguage":"it-IT"},{"@type":"Organization","@id":"https:\/\/www.swissfairtrade.ch\/it\/#organization","name":"Swiss Fair Trade","url":"https:\/\/www.swissfairtrade.ch\/it\/","logo":{"@type":"ImageObject","inLanguage":"it-IT","@id":"https:\/\/www.swissfairtrade.ch\/it\/#\/schema\/logo\/image\/","url":"https:\/\/www.swissfairtrade.ch\/wp-content\/uploads\/SwissFairTrade-Logo-rgb-203.51.59-web.png","contentUrl":"https:\/\/www.swissfairtrade.ch\/wp-content\/uploads\/SwissFairTrade-Logo-rgb-203.51.59-web.png","width":130,"height":115,"caption":"Swiss Fair Trade"},"image":{"@id":"https:\/\/www.swissfairtrade.ch\/it\/#\/schema\/logo\/image\/"}}]}},"_links":{"self":[{"href":"https:\/\/www.swissfairtrade.ch\/it\/wp-json\/wp\/v2\/pages\/4000","targetHints":{"allow":["GET"]}}],"collection":[{"href":"https:\/\/www.swissfairtrade.ch\/it\/wp-json\/wp\/v2\/pages"}],"about":[{"href":"https:\/\/www.swissfairtrade.ch\/it\/wp-json\/wp\/v2\/types\/page"}],"author":[{"embeddable":true,"href":"https:\/\/www.swissfairtrade.ch\/it\/wp-json\/wp\/v2\/users\/2"}],"replies":[{"embeddable":true,"href":"https:\/\/www.swissfairtrade.ch\/it\/wp-json\/wp\/v2\/comments?post=4000"}],"version-history":[{"count":0,"href":"https:\/\/www.swissfairtrade.ch\/it\/wp-json\/wp\/v2\/pages\/4000\/revisions"}],"wp:featuredmedia":[{"embeddable":true,"href":"https:\/\/www.swissfairtrade.ch\/it\/wp-json\/wp\/v2\/media\/5900"}],"wp:attachment":[{"href":"https:\/\/www.swissfairtrade.ch\/it\/wp-json\/wp\/v2\/media?parent=4000"}],"wp:term":[{"taxonomy":"hauptseiten-kategorie","embeddable":true,"href":"https:\/\/www.swissfairtrade.ch\/it\/wp-json\/wp\/v2\/hauptseiten-kategorie?post=4000"}],"curies":[{"name":"wp","href":"https:\/\/api.w.org\/{rel}","templated":true}]}}