{"id":9708,"date":"2021-04-28T13:26:44","date_gmt":"2021-04-28T11:26:44","guid":{"rendered":"https:\/\/www.swissfairtrade.ch\/?page_id=9708"},"modified":"2022-05-03T08:13:14","modified_gmt":"2022-05-03T06:13:14","slug":"demandes-a-la-conference-des-nations-unies-sur-le-climat","status":"publish","type":"page","link":"https:\/\/www.swissfairtrade.ch\/fr\/champs-d-actions\/centre-de-competences-3\/climat\/demandes-a-la-conference-des-nations-unies-sur-le-climat\/","title":{"rendered":"Demandes \u00e0 la Conf\u00e9rence des Nations Unies sur le climat"},"content":{"rendered":"<div class=\"wpb-content-wrapper\"><p>[vc_row full_width=\u00a0\u00bbstretch_row\u00a0\u00bb content_placement=\u00a0\u00bbbottom\u00a0\u00bb parallax=\u00a0\u00bbcontent-moving-fade\u00a0\u00bb parallax_image=\u00a0\u00bb2959&Prime; css=\u00a0\u00bb.vc_custom_1574864006207{background: rgba(196,196,196,0.71) url(https:\/\/www.swissfairtrade.ch\/wp-content\/uploads\/AdobeStock_Bauer-1-e1574863910933.jpeg?id=7502);background-position: center;background-repeat: no-repeat !important;background-size: cover !important;*background-color: rgb(196,196,196) !important;}\u00a0\u00bb el_class=\u00a0\u00bbheader\u00a0\u00bb][vc_column][vc_column_text el_class=\u00a0\u00bbtxt-white\u00a0\u00bb]<\/p>\n<div class=\"annot\">\n<div class=\"row-main\">\n<div class=\"csc-header csc-header-n1\">\n<h1 class=\"csc-firstHeader\">Justice \u00e9conomique<\/h1>\n<\/div>\n<h2 class=\"text\">Comment d\u00e9velopper la r\u00e9silience des agriculteurs et des agricultrices face aux d\u00e9r\u00e8glements climatiques<\/h2>\n<p>&nbsp;<\/p>\n<\/div>\n<\/div>\n<p>[\/vc_column_text][\/vc_column][\/vc_row][vc_row][vc_column][vc_column_text]<strong>D\u00e9claration politique du mouvement mondial du commerce \u00e9quitable \u00e0 la COP25<\/strong><\/p>\n<p>Les impacts environnementaux, \u00e9conomiques et sociaux du changement climatique menacent l\u2019avenir des cha\u00eenes d\u2019approvisionnement agricoles et affectent plus particuli\u00e8rement ceux qui ont le moins contribu\u00e9 aux changements climatiques : les petits producteurs et, plus g\u00e9n\u00e9ralement, la population rurale des pays du Sud.<\/p>\n<p>Les petits producteurs, en particulier ceux qui cultivent des exploitations de moins de deux hectares, contribuent \u00e0 une part essentielle des syst\u00e8mes alimentaires et agricoles mondiaux. Pourtant ces populations sont les plus vuln\u00e9rables aux effets du d\u00e9r\u00e8glement climatique et sont particuli\u00e8rement menac\u00e9s par la pauvret\u00e9 et la faim.<\/p>\n<p>La majorit\u00e9 des 800 millions de petits producteurs agricoles \u00e0 travers le monde n\u2019a pas les moyens d\u2019investir dans l\u2019att\u00e9nuation et l\u2019adaptation aux changements climatiques. Les pratiques commerciales d\u00e9loyales dans les cha\u00eenes d\u2019approvisionnement mondiales et le manque de tr\u00e9sorerie laissent les petits agriculteurs sans ressources pour couvrir les co\u00fbts r\u00e9els d\u2019une production agricole durable et r\u00e9siliente face aux changements climatiques, dont l\u2019agro\u00e9cologie. De plus, les agriculteurs sont souvent dans l\u2019incapacit\u00e9 d\u2018acc\u00e9der aux programmes de financement ou d\u2019assurance climatique.<\/p>\n<p>Nos modes de production et de consommation actuels, ainsi que le manque de r\u00e9gulation en faveur de pratiques commerciales \u00e9quitables et durables, notamment dans le secteur agro-alimentaire, entravent des objectifs de protection de l\u2019environnement ambitieux et rendent plus difficile la r\u00e9ponse aux besoins de ceux qui se trouvent en premi\u00e8re ligne de la crise \u00e9cologique \u2013 les petits producteurs agricoles.<\/p>\n<p><strong>Des actions concr\u00e8tes et ambitieuses sont n\u00e9cessaires de toute urgence pour pallier les risques pour la s\u00e9curit\u00e9 alimentaire, qui jettent une ombre sur les ambitions mondiales des ODD. <\/strong>C\u2019est pourquoi le mouvement global du commerce \u00e9quitable exhorte les Parties de la CCNUCC \u00e0 reconna\u00eetre les politiques et pratiques commerciales \u00e9quitables comme une composante importante des strat\u00e9gies d\u2019att\u00e9nuation et d\u2019adaptation climatiques.<\/p>\n<p><strong>Le mouvement du commerce \u00e9quitable appelle les Parties de la CCNUCC \u00e0 la COP25<\/strong> \u00e0 r\u00e9pondre aux enjeux des pratiques commerciales d\u00e9loyales, du d\u00e9s\u00e9quilibre de pouvoir dans les cha\u00eenes de valeur et d\u2019une production et d\u2019une consommation durables lors des n\u00e9gociations climatiques \u00e0 venir. Les in\u00e9galit\u00e9s et les changements climatiques sont intrins\u00e8quement li\u00e9s, tout comme le sont leurs solutions. Des mani\u00e8res plus \u00e9quitables de partager la valeur le long des cha\u00eenes d\u2019approvisionnement rendent possible l\u2019atteinte des objectifs sociaux et \u00e9cologiques, tout en r\u00e9partissant de mani\u00e8re plus \u00e9gale le poids de la transformation de nos modes de production actuellement insoutenables. Dans ce but, nous demandons aux parties prenantes de:<\/p>\n<ol>\n<li><strong>Placer les petits agriculteur.ice.s comme partie int\u00e9grante de la solution <\/strong>aux d\u00e9r\u00e8glements climatiques et s\u2019assurer qu\u2019ils sont inclus en tant que parties prenantes lors de l\u2019\u00e9laboration de politiques nationales d\u2019action climatique et dans le d\u00e9veloppement des Contributions D\u00e9termin\u00e9es au niveau National (CDN). Les petits producteurs agricoles ne sont pas seulement les plus affect\u00e9s et vuln\u00e9rables aux changements climatiques, ils ont \u00e9galement un savoir-faire traditionnel et une exp\u00e9rience en agriculture, qui peuvent \u00eatre mobilis\u00e9s pour trouver des solutions.<strong><br \/>\n<\/strong><\/li>\n<li><strong>D\u00e9velopper des politiques nationales pour allouer un soutien financier <\/strong>et technique ad\u00e9quat aux petits agriculteurs afin de leur permettre de mettre en oeuvre et d\u2019investir dans des solutions d\u2019adaptation aux changements climatiques qui pr\u00e9servent leurs moyens de subsistance.<strong><br \/>\n<\/strong><\/li>\n<li><strong>Rendre les crit\u00e8res de s\u00e9lection et les processus de m\u00e9canismes financiers, comme le Fonds Vert pour le Climat, accessibles aux petits agriculteurs <\/strong>et \u00e0 leurs organisations, avec une attention particuli\u00e8re port\u00e9e sur les productrices, consid\u00e9rant leur manque d\u2019acc\u00e8s \u00e0 l\u2019appui technique, au renforcement de capacit\u00e9s et aux financements pour les mesures d\u2019adaptation et d\u2019att\u00e9nuation climatiques.<strong><br \/>\n<\/strong><\/li>\n<li><strong>Promouvoir des m\u00e9canismes qui r\u00e9pondent \u00e0 l\u2019internalisation par les entreprises, des co\u00fbts <\/strong>de leurs activit\u00e9s \u00e9conomiques in\u00e9quitables et non respectueuses de l\u2019environnement.<strong><br \/>\n<\/strong><\/li>\n<li><strong>D\u00e9velopper des politiques commerciales et agricoles qui augmentent la transparence, <\/strong>encouragent des actions en faveur du climat dans les cha\u00eenes de valeur et parmi leurs acteurs, par exemple en exigeant que les entreprises exercent leur devoir de vigilance en termes de respect des droits humains dans leurs relations commerciales avec les petits agriculteurs sans transf\u00e9rer les co\u00fbts de ces mesures \u00e0 ces derniers.<strong><br \/>\n<\/strong><\/li>\n<li><strong>Investir dans la recherche agronomique dans les secteurs les plus impact\u00e9s par les changements climatiques <\/strong>et promouvoir des pratiques agricoles r\u00e9silientes centr\u00e9es sur les petits producteurs (par exemple en pr\u00e9servant la biodiversit\u00e9 et les mod\u00e8les agroforestiers qui respectent le savoir-faire traditionnel et la s\u00e9curit\u00e9 alimentaire).<\/li>\n<li><strong>Promouvoir la consommation durable <\/strong>\u00e0 travers des politiques d\u2019achat public, des accords commerciaux, des programmes d\u2019\u00e9ducation et d\u2019autres mesures qui promeuvent l\u2019ODD 12 comme un outil efficace au service de la transition agro\u00e9cologique et autres mesures d\u2019att\u00e9nuation des risques li\u00e9s \u00e0 la crise \u00e9cologique. Tout cela doit inclure un soutien \u00e0 l\u2019artisanat et aux m\u00e9thodes similaires de production neutres en carbone, qui peuvent fournir une source de revenus alternative et durable. Dans des secteurs comme le caf\u00e9 et le cacao, parmi d\u2019autres, cela permettra de r\u00e9pondre \u00e0 l\u2019enjeu majeur de la d\u00e9forestation.<\/li>\n<\/ol>\n<p>La 25\u00e8me Conf\u00e9rence des \u00c9tats signataires de la Convention-cadre des Nations Unies sur les Changements Climatiques (CCNUCC), COP25 a eu lieu du 2 au 13 d\u00e9cembre 2019, \u00e0 Madrid. L\u2019avenir de notre plan\u00e8te d\u00e9pend en grande partie des d\u00e9cisions politiques qui ont \u00e9t\u00e9 prises \u00e0 la COP25 et de leur mise en \u0153uvre imm\u00e9diate, significative et ambitieuse au cours de cette d\u00e9cennie.<\/p>\n<p><a href=\"https:\/\/www.swissfairtrade.ch\/fr\/position-paper_fr\/\" target=\"_blank\" rel=\"noopener noreferrer\">Position du Mouvement du Commerce \u00c9quitable pour la COP25<\/a>[\/vc_column_text][\/vc_column][\/vc_row][vc_row][vc_column][vc_separator][vc_empty_space height=\u00a0\u00bb50px\u00a0\u00bb][vc_column_text]<\/p>\n<div class=\"wpb_text_column wpb_content_element \">\n<div class=\"wpb_wrapper\">\n<h3>Autres sujets<\/h3>\n<\/div>\n<\/div>\n<p>[\/vc_column_text][vc_basic_grid post_type=\u00a0\u00bbpage\u00a0\u00bb max_items=\u00a0\u00bb-1&Prime; gap=\u00a0\u00bb10&Prime; orderby=\u00a0\u00bbmenu_order\u00a0\u00bb order=\u00a0\u00bbASC\u00a0\u00bb item=\u00a0\u00bb1885&Prime; grid_id=\u00a0\u00bbvc_gid:1650623333602-0613d41b-581b-8&Prime; taxonomies=\u00a0\u00bb358&Prime;][\/vc_column][\/vc_row]<\/p>\n<\/div>","protected":false},"excerpt":{"rendered":"<p>Swiss Fair Trade, en tant que membre du mouvement international pour le commerce \u00e9quitable, appelle au respect et \u00e0 la mise en oeuvre des objectifs d\u00e9finis lors de la 25\u00e8me Conf\u00e9rence des Nations unies sur les changements climatiques (COP25).<\/p>\n","protected":false},"author":3,"featured_media":9645,"parent":4799,"menu_order":4,"comment_status":"closed","ping_status":"closed","template":"","meta":{"generate_page_header":"","footnotes":"","_links_to":"","_links_to_target":""},"hauptseiten-kategorie":[358],"class_list":{"0":"post-9708","1":"page","2":"type-page","3":"status-publish","4":"has-post-thumbnail","6":"hauptseiten-kategorie-climat"},"yoast_head":"<!-- This site is optimized with the Yoast SEO plugin v26.2 - https:\/\/yoast.com\/wordpress\/plugins\/seo\/ -->\n<title>Demandes \u00e0 la Conf\u00e9rence des Nations Unies sur le climat - Swiss Fair Trade<\/title>\n<meta name=\"robots\" content=\"index, follow, max-snippet:-1, max-image-preview:large, max-video-preview:-1\" \/>\n<link rel=\"canonical\" href=\"https:\/\/www.swissfairtrade.ch\/fr\/champs-d-actions\/centre-de-competences-3\/climat\/demandes-a-la-conference-des-nations-unies-sur-le-climat\/\" \/>\n<meta property=\"og:locale\" content=\"fr_FR\" \/>\n<meta property=\"og:type\" content=\"article\" \/>\n<meta property=\"og:title\" content=\"Demandes \u00e0 la Conf\u00e9rence des Nations Unies sur le climat - Swiss Fair Trade\" \/>\n<meta property=\"og:description\" content=\"Swiss Fair Trade, en tant que membre du mouvement international pour le commerce \u00e9quitable, appelle au respect et \u00e0 la mise en oeuvre des objectifs d\u00e9finis lors de la 25\u00e8me Conf\u00e9rence des Nations unies sur les changements climatiques (COP25).\" \/>\n<meta property=\"og:url\" content=\"https:\/\/www.swissfairtrade.ch\/fr\/champs-d-actions\/centre-de-competences-3\/climat\/demandes-a-la-conference-des-nations-unies-sur-le-climat\/\" \/>\n<meta property=\"og:site_name\" content=\"Swiss Fair Trade\" \/>\n<meta property=\"article:modified_time\" content=\"2022-05-03T06:13:14+00:00\" \/>\n<meta property=\"og:image\" content=\"https:\/\/www.swissfairtrade.ch\/wp-content\/uploads\/AdobeStock_Bauer-1-1024x684-1.jpg\" \/>\n\t<meta property=\"og:image:width\" content=\"1024\" \/>\n\t<meta property=\"og:image:height\" content=\"684\" \/>\n\t<meta property=\"og:image:type\" content=\"image\/jpeg\" \/>\n<meta name=\"twitter:card\" content=\"summary_large_image\" \/>\n<meta name=\"twitter:label1\" content=\"Dur\u00e9e de lecture estim\u00e9e\" \/>\n\t<meta name=\"twitter:data1\" content=\"6 minutes\" \/>\n<script type=\"application\/ld+json\" class=\"yoast-schema-graph\">{\"@context\":\"https:\/\/schema.org\",\"@graph\":[{\"@type\":\"WebPage\",\"@id\":\"https:\/\/www.swissfairtrade.ch\/fr\/champs-d-actions\/centre-de-competences-3\/climat\/demandes-a-la-conference-des-nations-unies-sur-le-climat\/\",\"url\":\"https:\/\/www.swissfairtrade.ch\/fr\/champs-d-actions\/centre-de-competences-3\/climat\/demandes-a-la-conference-des-nations-unies-sur-le-climat\/\",\"name\":\"Demandes \u00e0 la Conf\u00e9rence des Nations Unies sur le climat - Swiss Fair Trade\",\"isPartOf\":{\"@id\":\"https:\/\/www.swissfairtrade.ch\/it\/#website\"},\"primaryImageOfPage\":{\"@id\":\"https:\/\/www.swissfairtrade.ch\/fr\/champs-d-actions\/centre-de-competences-3\/climat\/demandes-a-la-conference-des-nations-unies-sur-le-climat\/#primaryimage\"},\"image\":{\"@id\":\"https:\/\/www.swissfairtrade.ch\/fr\/champs-d-actions\/centre-de-competences-3\/climat\/demandes-a-la-conference-des-nations-unies-sur-le-climat\/#primaryimage\"},\"thumbnailUrl\":\"https:\/\/www.swissfairtrade.ch\/wp-content\/uploads\/AdobeStock_Bauer-1-1024x684-1.jpg\",\"datePublished\":\"2021-04-28T11:26:44+00:00\",\"dateModified\":\"2022-05-03T06:13:14+00:00\",\"breadcrumb\":{\"@id\":\"https:\/\/www.swissfairtrade.ch\/fr\/champs-d-actions\/centre-de-competences-3\/climat\/demandes-a-la-conference-des-nations-unies-sur-le-climat\/#breadcrumb\"},\"inLanguage\":\"fr-FR\",\"potentialAction\":[{\"@type\":\"ReadAction\",\"target\":[\"https:\/\/www.swissfairtrade.ch\/fr\/champs-d-actions\/centre-de-competences-3\/climat\/demandes-a-la-conference-des-nations-unies-sur-le-climat\/\"]}]},{\"@type\":\"ImageObject\",\"inLanguage\":\"fr-FR\",\"@id\":\"https:\/\/www.swissfairtrade.ch\/fr\/champs-d-actions\/centre-de-competences-3\/climat\/demandes-a-la-conference-des-nations-unies-sur-le-climat\/#primaryimage\",\"url\":\"https:\/\/www.swissfairtrade.ch\/wp-content\/uploads\/AdobeStock_Bauer-1-1024x684-1.jpg\",\"contentUrl\":\"https:\/\/www.swissfairtrade.ch\/wp-content\/uploads\/AdobeStock_Bauer-1-1024x684-1.jpg\",\"width\":1024,\"height\":684},{\"@type\":\"BreadcrumbList\",\"@id\":\"https:\/\/www.swissfairtrade.ch\/fr\/champs-d-actions\/centre-de-competences-3\/climat\/demandes-a-la-conference-des-nations-unies-sur-le-climat\/#breadcrumb\",\"itemListElement\":[{\"@type\":\"ListItem\",\"position\":1,\"name\":\"Home\",\"item\":\"https:\/\/www.swissfairtrade.ch\/fr\/\"},{\"@type\":\"ListItem\",\"position\":2,\"name\":\"Champs d\u2019actions\",\"item\":\"https:\/\/www.swissfairtrade.ch\/fr\/champs-d-actions\/\"},{\"@type\":\"ListItem\",\"position\":3,\"name\":\"Centre de comp\u00e9tences\",\"item\":\"https:\/\/www.swissfairtrade.ch\/fr\/champs-d-actions\/centre-de-competences-3\/\"},{\"@type\":\"ListItem\",\"position\":4,\"name\":\"Climat\",\"item\":\"https:\/\/www.swissfairtrade.ch\/fr\/champs-d-actions\/centre-de-competences-3\/climat\/\"},{\"@type\":\"ListItem\",\"position\":5,\"name\":\"Demandes \u00e0 la Conf\u00e9rence des Nations Unies sur le climat\"}]},{\"@type\":\"WebSite\",\"@id\":\"https:\/\/www.swissfairtrade.ch\/it\/#website\",\"url\":\"https:\/\/www.swissfairtrade.ch\/it\/\",\"name\":\"Swiss Fair Trade\",\"description\":\"\",\"publisher\":{\"@id\":\"https:\/\/www.swissfairtrade.ch\/it\/#organization\"},\"potentialAction\":[{\"@type\":\"SearchAction\",\"target\":{\"@type\":\"EntryPoint\",\"urlTemplate\":\"https:\/\/www.swissfairtrade.ch\/it\/?s={search_term_string}\"},\"query-input\":{\"@type\":\"PropertyValueSpecification\",\"valueRequired\":true,\"valueName\":\"search_term_string\"}}],\"inLanguage\":\"fr-FR\"},{\"@type\":\"Organization\",\"@id\":\"https:\/\/www.swissfairtrade.ch\/it\/#organization\",\"name\":\"Swiss Fair Trade\",\"url\":\"https:\/\/www.swissfairtrade.ch\/it\/\",\"logo\":{\"@type\":\"ImageObject\",\"inLanguage\":\"fr-FR\",\"@id\":\"https:\/\/www.swissfairtrade.ch\/it\/#\/schema\/logo\/image\/\",\"url\":\"https:\/\/www.swissfairtrade.ch\/wp-content\/uploads\/SwissFairTrade-Logo-rgb-203.51.59-web.png\",\"contentUrl\":\"https:\/\/www.swissfairtrade.ch\/wp-content\/uploads\/SwissFairTrade-Logo-rgb-203.51.59-web.png\",\"width\":130,\"height\":115,\"caption\":\"Swiss Fair Trade\"},\"image\":{\"@id\":\"https:\/\/www.swissfairtrade.ch\/it\/#\/schema\/logo\/image\/\"}}]}<\/script>\n<!-- \/ Yoast SEO plugin. -->","yoast_head_json":{"title":"Demandes \u00e0 la Conf\u00e9rence des Nations Unies sur le climat - Swiss Fair Trade","robots":{"index":"index","follow":"follow","max-snippet":"max-snippet:-1","max-image-preview":"max-image-preview:large","max-video-preview":"max-video-preview:-1"},"canonical":"https:\/\/www.swissfairtrade.ch\/fr\/champs-d-actions\/centre-de-competences-3\/climat\/demandes-a-la-conference-des-nations-unies-sur-le-climat\/","og_locale":"fr_FR","og_type":"article","og_title":"Demandes \u00e0 la Conf\u00e9rence des Nations Unies sur le climat - Swiss Fair Trade","og_description":"Swiss Fair Trade, en tant que membre du mouvement international pour le commerce \u00e9quitable, appelle au respect et \u00e0 la mise en oeuvre des objectifs d\u00e9finis lors de la 25\u00e8me Conf\u00e9rence des Nations unies sur les changements climatiques (COP25).","og_url":"https:\/\/www.swissfairtrade.ch\/fr\/champs-d-actions\/centre-de-competences-3\/climat\/demandes-a-la-conference-des-nations-unies-sur-le-climat\/","og_site_name":"Swiss Fair Trade","article_modified_time":"2022-05-03T06:13:14+00:00","og_image":[{"width":1024,"height":684,"url":"https:\/\/www.swissfairtrade.ch\/wp-content\/uploads\/AdobeStock_Bauer-1-1024x684-1.jpg","type":"image\/jpeg"}],"twitter_card":"summary_large_image","twitter_misc":{"Dur\u00e9e de lecture estim\u00e9e":"6 minutes"},"schema":{"@context":"https:\/\/schema.org","@graph":[{"@type":"WebPage","@id":"https:\/\/www.swissfairtrade.ch\/fr\/champs-d-actions\/centre-de-competences-3\/climat\/demandes-a-la-conference-des-nations-unies-sur-le-climat\/","url":"https:\/\/www.swissfairtrade.ch\/fr\/champs-d-actions\/centre-de-competences-3\/climat\/demandes-a-la-conference-des-nations-unies-sur-le-climat\/","name":"Demandes \u00e0 la Conf\u00e9rence des Nations Unies sur le climat - Swiss Fair Trade","isPartOf":{"@id":"https:\/\/www.swissfairtrade.ch\/it\/#website"},"primaryImageOfPage":{"@id":"https:\/\/www.swissfairtrade.ch\/fr\/champs-d-actions\/centre-de-competences-3\/climat\/demandes-a-la-conference-des-nations-unies-sur-le-climat\/#primaryimage"},"image":{"@id":"https:\/\/www.swissfairtrade.ch\/fr\/champs-d-actions\/centre-de-competences-3\/climat\/demandes-a-la-conference-des-nations-unies-sur-le-climat\/#primaryimage"},"thumbnailUrl":"https:\/\/www.swissfairtrade.ch\/wp-content\/uploads\/AdobeStock_Bauer-1-1024x684-1.jpg","datePublished":"2021-04-28T11:26:44+00:00","dateModified":"2022-05-03T06:13:14+00:00","breadcrumb":{"@id":"https:\/\/www.swissfairtrade.ch\/fr\/champs-d-actions\/centre-de-competences-3\/climat\/demandes-a-la-conference-des-nations-unies-sur-le-climat\/#breadcrumb"},"inLanguage":"fr-FR","potentialAction":[{"@type":"ReadAction","target":["https:\/\/www.swissfairtrade.ch\/fr\/champs-d-actions\/centre-de-competences-3\/climat\/demandes-a-la-conference-des-nations-unies-sur-le-climat\/"]}]},{"@type":"ImageObject","inLanguage":"fr-FR","@id":"https:\/\/www.swissfairtrade.ch\/fr\/champs-d-actions\/centre-de-competences-3\/climat\/demandes-a-la-conference-des-nations-unies-sur-le-climat\/#primaryimage","url":"https:\/\/www.swissfairtrade.ch\/wp-content\/uploads\/AdobeStock_Bauer-1-1024x684-1.jpg","contentUrl":"https:\/\/www.swissfairtrade.ch\/wp-content\/uploads\/AdobeStock_Bauer-1-1024x684-1.jpg","width":1024,"height":684},{"@type":"BreadcrumbList","@id":"https:\/\/www.swissfairtrade.ch\/fr\/champs-d-actions\/centre-de-competences-3\/climat\/demandes-a-la-conference-des-nations-unies-sur-le-climat\/#breadcrumb","itemListElement":[{"@type":"ListItem","position":1,"name":"Home","item":"https:\/\/www.swissfairtrade.ch\/fr\/"},{"@type":"ListItem","position":2,"name":"Champs d\u2019actions","item":"https:\/\/www.swissfairtrade.ch\/fr\/champs-d-actions\/"},{"@type":"ListItem","position":3,"name":"Centre de comp\u00e9tences","item":"https:\/\/www.swissfairtrade.ch\/fr\/champs-d-actions\/centre-de-competences-3\/"},{"@type":"ListItem","position":4,"name":"Climat","item":"https:\/\/www.swissfairtrade.ch\/fr\/champs-d-actions\/centre-de-competences-3\/climat\/"},{"@type":"ListItem","position":5,"name":"Demandes \u00e0 la Conf\u00e9rence des Nations Unies sur le climat"}]},{"@type":"WebSite","@id":"https:\/\/www.swissfairtrade.ch\/it\/#website","url":"https:\/\/www.swissfairtrade.ch\/it\/","name":"Swiss Fair Trade","description":"","publisher":{"@id":"https:\/\/www.swissfairtrade.ch\/it\/#organization"},"potentialAction":[{"@type":"SearchAction","target":{"@type":"EntryPoint","urlTemplate":"https:\/\/www.swissfairtrade.ch\/it\/?s={search_term_string}"},"query-input":{"@type":"PropertyValueSpecification","valueRequired":true,"valueName":"search_term_string"}}],"inLanguage":"fr-FR"},{"@type":"Organization","@id":"https:\/\/www.swissfairtrade.ch\/it\/#organization","name":"Swiss Fair Trade","url":"https:\/\/www.swissfairtrade.ch\/it\/","logo":{"@type":"ImageObject","inLanguage":"fr-FR","@id":"https:\/\/www.swissfairtrade.ch\/it\/#\/schema\/logo\/image\/","url":"https:\/\/www.swissfairtrade.ch\/wp-content\/uploads\/SwissFairTrade-Logo-rgb-203.51.59-web.png","contentUrl":"https:\/\/www.swissfairtrade.ch\/wp-content\/uploads\/SwissFairTrade-Logo-rgb-203.51.59-web.png","width":130,"height":115,"caption":"Swiss Fair Trade"},"image":{"@id":"https:\/\/www.swissfairtrade.ch\/it\/#\/schema\/logo\/image\/"}}]}},"_links":{"self":[{"href":"https:\/\/www.swissfairtrade.ch\/fr\/wp-json\/wp\/v2\/pages\/9708","targetHints":{"allow":["GET"]}}],"collection":[{"href":"https:\/\/www.swissfairtrade.ch\/fr\/wp-json\/wp\/v2\/pages"}],"about":[{"href":"https:\/\/www.swissfairtrade.ch\/fr\/wp-json\/wp\/v2\/types\/page"}],"author":[{"embeddable":true,"href":"https:\/\/www.swissfairtrade.ch\/fr\/wp-json\/wp\/v2\/users\/3"}],"replies":[{"embeddable":true,"href":"https:\/\/www.swissfairtrade.ch\/fr\/wp-json\/wp\/v2\/comments?post=9708"}],"version-history":[{"count":0,"href":"https:\/\/www.swissfairtrade.ch\/fr\/wp-json\/wp\/v2\/pages\/9708\/revisions"}],"up":[{"embeddable":true,"href":"https:\/\/www.swissfairtrade.ch\/fr\/wp-json\/wp\/v2\/pages\/4799"}],"wp:featuredmedia":[{"embeddable":true,"href":"https:\/\/www.swissfairtrade.ch\/fr\/wp-json\/wp\/v2\/media\/9645"}],"wp:attachment":[{"href":"https:\/\/www.swissfairtrade.ch\/fr\/wp-json\/wp\/v2\/media?parent=9708"}],"wp:term":[{"taxonomy":"hauptseiten-kategorie","embeddable":true,"href":"https:\/\/www.swissfairtrade.ch\/fr\/wp-json\/wp\/v2\/hauptseiten-kategorie?post=9708"}],"curies":[{"name":"wp","href":"https:\/\/api.w.org\/{rel}","templated":true}]}}