{"id":8136,"date":"2020-05-04T17:36:12","date_gmt":"2020-05-04T15:36:12","guid":{"rendered":"https:\/\/www.swissfairtrade.ch\/?page_id=8136"},"modified":"2020-05-05T12:51:40","modified_gmt":"2020-05-05T10:51:40","slug":"green-net","status":"publish","type":"page","link":"https:\/\/www.swissfairtrade.ch\/fr\/champs-d-actions\/centre-de-competences-3\/legalite-des-chances-grace-au-commerce-equitable\/discrimination-envers-les-femmes\/green-net\/","title":{"rendered":"Green Net"},"content":{"rendered":"<div class=\"wpb-content-wrapper\"><p>[vc_row full_width=\u00a0\u00bbstretch_row\u00a0\u00bb content_placement=\u00a0\u00bbbottom\u00a0\u00bb parallax=\u00a0\u00bbcontent-moving-fade\u00a0\u00bb parallax_image=\u00a0\u00bb2959&Prime; css=\u00a0\u00bb.vc_custom_1588606387311{background: rgba(196,196,196,0.71) url(https:\/\/www.swissfairtrade.ch\/wp-content\/uploads\/GN.jpg?id=8139);background-position: center;background-repeat: no-repeat !important;background-size: cover !important;*background-color: rgb(196,196,196) !important;}\u00a0\u00bb el_class=\u00a0\u00bbheader\u00a0\u00bb][vc_column][vc_column_text el_class=\u00a0\u00bbtxt-white\u00a0\u00bb]<\/p>\n<div class=\"annot\">\n<div class=\"row-main\">\n<div class=\"csc-header csc-header-n1\">\n<h1 class=\"csc-firstHeader\">Discrimination envers les femmes<\/h1>\n<\/div>\n<h2 class=\"text\">Green Net<\/h2>\n<p>&nbsp;<\/p>\n<\/div>\n<\/div>\n<p>[\/vc_column_text][\/vc_column][\/vc_row][vc_row][vc_column][vc_column_text]<strong>Green Net &#8211; L&rsquo;organisation<\/strong><br \/>\nEn tant que co-fondateur de l&rsquo;organisme de certification biologique tha\u00eflandais ACT, Green Net contribue aujourd&rsquo;hui de mani\u00e8re significative \u00e0 la diffusion et \u00e0 la mise en \u0153uvre de l&rsquo;agriculture biologique, tant au niveau national qu&rsquo;international. Dans ce cadre, les producteurs sont accompagn\u00e9s dans le d\u00e9veloppement de nouvelles m\u00e9thodes de culture leur permettant d\u2019\u00eatre mieux arm\u00e9s pour r\u00e9pondre aux cons\u00e9quences des bouleversements climatiques. C\u2019est principalement l&rsquo;ONG Earth Net Foundation, apparent\u00e9e \u00e0 Green Net qui se charge du volet conseil et formation. Afin de cr\u00e9er de sources de revenus sur le march\u00e9 local et dans celui du commerce \u00e9quitable, Green Net mise sur la diversification des produits.<\/p>\n<p><strong>Producteurs<\/strong><br \/>\nLa coop\u00e9rative Green Net regroupe 675 petits exploitants tous acquis aux principes de l&rsquo;agriculture biologique. Elle est organis\u00e9e en 8 unit\u00e9s de production r\u00e9parties dans tout le pays, alors que le si\u00e8ge est \u00e0 Bangkok. Plus de la moiti\u00e9 des membres de Green Net sont des femmes dont la participation est encourag\u00e9e explicitement \u00e0 tous les niveaux y compris \u00e0 la direction des groupes et de l\u2019entreprise.<\/p>\n<p>Qu&rsquo;est-ce que cela signifie concr\u00e8tement ?<\/p>\n<ul>\n<li>L\u2019organisation Green Net est dirig\u00e9e par une femme.<\/li>\n<li>La rizerie la plus grande et la plus moderne situ\u00e9e \u00e0 proximit\u00e9 des rizi\u00e8res est \u00e9galement g\u00e9r\u00e9e par une femme tr\u00e8s consciente de ses responsabilit\u00e9s sociales dont la mission consiste tant \u00e0 exploiter de mani\u00e8re durable et efficace cette usine ultra-moderne de transformation du riz qu\u2019\u00e0 convaincre un nombre toujours croissant de riziculteurs des avantages de l\u2019agriculture biologiques.<\/li>\n<li>Les op\u00e9rations de transformation (conditionnement, emballage) et le traitement des noix de cajou sont \u00e9galement orchestr\u00e9es par une femme.<\/li>\n<li>Chez GreenNet, les femmes ont des droits \u00e9gaux et sont employ\u00e9es l\u00e0 o\u00f9 leurs comp\u00e9tences sont les plus utiles.<\/li>\n<li>Le prix pay\u00e9 par la coop\u00e9rative Green Net \u00e0 ses membres est fix\u00e9 avant la r\u00e9colte et permet de couvrir les co\u00fbts des riziculteurs, ce qui leur permet de garantir la qualit\u00e9 de leur riz et le maintien d\u2019esp\u00e8ces traditionnelles.<\/li>\n<\/ul>\n<p>Les produits de Green Net sont \u00e9galement vendus localement en Tha\u00eflande, le plus souvent directement dans les rizeries de la coop\u00e9rative ou par les agriculteurs eux-m\u00eames, avec les l\u00e9gumes biologiques qu&rsquo;ils cultivent. Le riz destin\u00e9 \u00e0 la Suisse est transform\u00e9 dans les moulins de la coop\u00e9rative dans la r\u00e9gion de Yasothon ; il est emball\u00e9 en Tha\u00eflande, op\u00e9ration qui entra\u00eene une augmentation de la valeur ajout\u00e9e dans la r\u00e9gion la plus pauvre de la Tha\u00eflande. Les femmes et leurs familles sont les principales b\u00e9n\u00e9ficiaires de ces emplois suppl\u00e9mentaires.<\/p>\n<p>En collaboration avec de petits agriculteurs et une universit\u00e9 tha\u00eflandaise, Green Net d\u00e9veloppe de nouvelles m\u00e9thodes de culture adapt\u00e9es au changement climatique. Ce projet est soutenu par le fonds de promotion des producteurs de claro.<\/p>\n<p>Plus informations sur <a href=\"https:\/\/www.claro.ch\/fr\/producer\/315\" target=\"_blank\" rel=\"noopener noreferrer\">Green Net<\/a> sont disponibles sur le site web de claro[\/vc_column_text][\/vc_column][\/vc_row][vc_row][vc_column][\/vc_column][\/vc_row]<\/p>\n<\/div>","protected":false},"excerpt":{"rendered":"<p>Green Net encourage explicitement la participation des femmes \u00e0 tous les niveaux y compris \u00e0 la direction des groupes et de l\u2019entreprise.<\/p>\n","protected":false},"author":3,"featured_media":8139,"parent":7865,"menu_order":2,"comment_status":"closed","ping_status":"closed","template":"","meta":{"generate_page_header":"","footnotes":"","_links_to":"","_links_to_target":""},"hauptseiten-kategorie":[345],"class_list":{"0":"post-8136","1":"page","2":"type-page","3":"status-publish","4":"has-post-thumbnail","6":"hauptseiten-kategorie-discrimination-envers-les-femmes"},"yoast_head":"<!-- This site is optimized with the Yoast SEO plugin v26.2 - https:\/\/yoast.com\/wordpress\/plugins\/seo\/ -->\n<title>Green Net - Swiss Fair Trade<\/title>\n<meta name=\"robots\" content=\"index, follow, max-snippet:-1, max-image-preview:large, max-video-preview:-1\" \/>\n<link rel=\"canonical\" href=\"https:\/\/www.swissfairtrade.ch\/fr\/champs-d-actions\/centre-de-competences-3\/legalite-des-chances-grace-au-commerce-equitable\/discrimination-envers-les-femmes\/green-net\/\" \/>\n<meta property=\"og:locale\" content=\"fr_FR\" \/>\n<meta property=\"og:type\" content=\"article\" \/>\n<meta property=\"og:title\" content=\"Green Net - Swiss Fair Trade\" \/>\n<meta property=\"og:description\" content=\"Green Net encourage explicitement la participation des femmes \u00e0 tous les niveaux y compris \u00e0 la direction des groupes et de l\u2019entreprise.\" \/>\n<meta property=\"og:url\" content=\"https:\/\/www.swissfairtrade.ch\/fr\/champs-d-actions\/centre-de-competences-3\/legalite-des-chances-grace-au-commerce-equitable\/discrimination-envers-les-femmes\/green-net\/\" \/>\n<meta property=\"og:site_name\" content=\"Swiss Fair Trade\" \/>\n<meta property=\"article:modified_time\" content=\"2020-05-05T10:51:40+00:00\" \/>\n<meta property=\"og:image\" content=\"https:\/\/www.swissfairtrade.ch\/wp-content\/uploads\/GN-1024x521.jpg\" \/>\n\t<meta property=\"og:image:width\" content=\"1024\" \/>\n\t<meta property=\"og:image:height\" content=\"521\" \/>\n\t<meta property=\"og:image:type\" content=\"image\/jpeg\" \/>\n<meta name=\"twitter:card\" content=\"summary_large_image\" \/>\n<meta name=\"twitter:label1\" content=\"Dur\u00e9e de lecture estim\u00e9e\" \/>\n\t<meta name=\"twitter:data1\" content=\"3 minutes\" \/>\n<script type=\"application\/ld+json\" class=\"yoast-schema-graph\">{\"@context\":\"https:\/\/schema.org\",\"@graph\":[{\"@type\":\"WebPage\",\"@id\":\"https:\/\/www.swissfairtrade.ch\/fr\/champs-d-actions\/centre-de-competences-3\/legalite-des-chances-grace-au-commerce-equitable\/discrimination-envers-les-femmes\/green-net\/\",\"url\":\"https:\/\/www.swissfairtrade.ch\/fr\/champs-d-actions\/centre-de-competences-3\/legalite-des-chances-grace-au-commerce-equitable\/discrimination-envers-les-femmes\/green-net\/\",\"name\":\"Green Net - Swiss Fair Trade\",\"isPartOf\":{\"@id\":\"https:\/\/www.swissfairtrade.ch\/it\/#website\"},\"primaryImageOfPage\":{\"@id\":\"https:\/\/www.swissfairtrade.ch\/fr\/champs-d-actions\/centre-de-competences-3\/legalite-des-chances-grace-au-commerce-equitable\/discrimination-envers-les-femmes\/green-net\/#primaryimage\"},\"image\":{\"@id\":\"https:\/\/www.swissfairtrade.ch\/fr\/champs-d-actions\/centre-de-competences-3\/legalite-des-chances-grace-au-commerce-equitable\/discrimination-envers-les-femmes\/green-net\/#primaryimage\"},\"thumbnailUrl\":\"https:\/\/www.swissfairtrade.ch\/wp-content\/uploads\/GN.jpg\",\"datePublished\":\"2020-05-04T15:36:12+00:00\",\"dateModified\":\"2020-05-05T10:51:40+00:00\",\"breadcrumb\":{\"@id\":\"https:\/\/www.swissfairtrade.ch\/fr\/champs-d-actions\/centre-de-competences-3\/legalite-des-chances-grace-au-commerce-equitable\/discrimination-envers-les-femmes\/green-net\/#breadcrumb\"},\"inLanguage\":\"fr-FR\",\"potentialAction\":[{\"@type\":\"ReadAction\",\"target\":[\"https:\/\/www.swissfairtrade.ch\/fr\/champs-d-actions\/centre-de-competences-3\/legalite-des-chances-grace-au-commerce-equitable\/discrimination-envers-les-femmes\/green-net\/\"]}]},{\"@type\":\"ImageObject\",\"inLanguage\":\"fr-FR\",\"@id\":\"https:\/\/www.swissfairtrade.ch\/fr\/champs-d-actions\/centre-de-competences-3\/legalite-des-chances-grace-au-commerce-equitable\/discrimination-envers-les-femmes\/green-net\/#primaryimage\",\"url\":\"https:\/\/www.swissfairtrade.ch\/wp-content\/uploads\/GN.jpg\",\"contentUrl\":\"https:\/\/www.swissfairtrade.ch\/wp-content\/uploads\/GN.jpg\",\"width\":4013,\"height\":2041},{\"@type\":\"BreadcrumbList\",\"@id\":\"https:\/\/www.swissfairtrade.ch\/fr\/champs-d-actions\/centre-de-competences-3\/legalite-des-chances-grace-au-commerce-equitable\/discrimination-envers-les-femmes\/green-net\/#breadcrumb\",\"itemListElement\":[{\"@type\":\"ListItem\",\"position\":1,\"name\":\"Home\",\"item\":\"https:\/\/www.swissfairtrade.ch\/fr\/\"},{\"@type\":\"ListItem\",\"position\":2,\"name\":\"Champs d\u2019actions\",\"item\":\"https:\/\/www.swissfairtrade.ch\/fr\/champs-d-actions\/\"},{\"@type\":\"ListItem\",\"position\":3,\"name\":\"Centre de comp\u00e9tences\",\"item\":\"https:\/\/www.swissfairtrade.ch\/fr\/champs-d-actions\/centre-de-competences-3\/\"},{\"@type\":\"ListItem\",\"position\":4,\"name\":\"L\u2019\u00e9galit\u00e9 des chances gr\u00e2ce au commerce \u00e9quitable\",\"item\":\"https:\/\/www.swissfairtrade.ch\/fr\/champs-d-actions\/centre-de-competences-3\/legalite-des-chances-grace-au-commerce-equitable\/\"},{\"@type\":\"ListItem\",\"position\":5,\"name\":\"Discrimination envers les femmes\",\"item\":\"https:\/\/www.swissfairtrade.ch\/fr\/champs-d-actions\/centre-de-competences-3\/legalite-des-chances-grace-au-commerce-equitable\/discrimination-envers-les-femmes\/\"},{\"@type\":\"ListItem\",\"position\":6,\"name\":\"Green Net\"}]},{\"@type\":\"WebSite\",\"@id\":\"https:\/\/www.swissfairtrade.ch\/it\/#website\",\"url\":\"https:\/\/www.swissfairtrade.ch\/it\/\",\"name\":\"Swiss Fair Trade\",\"description\":\"\",\"publisher\":{\"@id\":\"https:\/\/www.swissfairtrade.ch\/it\/#organization\"},\"potentialAction\":[{\"@type\":\"SearchAction\",\"target\":{\"@type\":\"EntryPoint\",\"urlTemplate\":\"https:\/\/www.swissfairtrade.ch\/it\/?s={search_term_string}\"},\"query-input\":{\"@type\":\"PropertyValueSpecification\",\"valueRequired\":true,\"valueName\":\"search_term_string\"}}],\"inLanguage\":\"fr-FR\"},{\"@type\":\"Organization\",\"@id\":\"https:\/\/www.swissfairtrade.ch\/it\/#organization\",\"name\":\"Swiss Fair Trade\",\"url\":\"https:\/\/www.swissfairtrade.ch\/it\/\",\"logo\":{\"@type\":\"ImageObject\",\"inLanguage\":\"fr-FR\",\"@id\":\"https:\/\/www.swissfairtrade.ch\/it\/#\/schema\/logo\/image\/\",\"url\":\"https:\/\/www.swissfairtrade.ch\/wp-content\/uploads\/SwissFairTrade-Logo-rgb-203.51.59-web.png\",\"contentUrl\":\"https:\/\/www.swissfairtrade.ch\/wp-content\/uploads\/SwissFairTrade-Logo-rgb-203.51.59-web.png\",\"width\":130,\"height\":115,\"caption\":\"Swiss Fair Trade\"},\"image\":{\"@id\":\"https:\/\/www.swissfairtrade.ch\/it\/#\/schema\/logo\/image\/\"}}]}<\/script>\n<!-- \/ Yoast SEO plugin. -->","yoast_head_json":{"title":"Green Net - Swiss Fair Trade","robots":{"index":"index","follow":"follow","max-snippet":"max-snippet:-1","max-image-preview":"max-image-preview:large","max-video-preview":"max-video-preview:-1"},"canonical":"https:\/\/www.swissfairtrade.ch\/fr\/champs-d-actions\/centre-de-competences-3\/legalite-des-chances-grace-au-commerce-equitable\/discrimination-envers-les-femmes\/green-net\/","og_locale":"fr_FR","og_type":"article","og_title":"Green Net - Swiss Fair Trade","og_description":"Green Net encourage explicitement la participation des femmes \u00e0 tous les niveaux y compris \u00e0 la direction des groupes et de l\u2019entreprise.","og_url":"https:\/\/www.swissfairtrade.ch\/fr\/champs-d-actions\/centre-de-competences-3\/legalite-des-chances-grace-au-commerce-equitable\/discrimination-envers-les-femmes\/green-net\/","og_site_name":"Swiss Fair Trade","article_modified_time":"2020-05-05T10:51:40+00:00","og_image":[{"width":1024,"height":521,"url":"https:\/\/www.swissfairtrade.ch\/wp-content\/uploads\/GN-1024x521.jpg","type":"image\/jpeg"}],"twitter_card":"summary_large_image","twitter_misc":{"Dur\u00e9e de lecture estim\u00e9e":"3 minutes"},"schema":{"@context":"https:\/\/schema.org","@graph":[{"@type":"WebPage","@id":"https:\/\/www.swissfairtrade.ch\/fr\/champs-d-actions\/centre-de-competences-3\/legalite-des-chances-grace-au-commerce-equitable\/discrimination-envers-les-femmes\/green-net\/","url":"https:\/\/www.swissfairtrade.ch\/fr\/champs-d-actions\/centre-de-competences-3\/legalite-des-chances-grace-au-commerce-equitable\/discrimination-envers-les-femmes\/green-net\/","name":"Green Net - Swiss Fair Trade","isPartOf":{"@id":"https:\/\/www.swissfairtrade.ch\/it\/#website"},"primaryImageOfPage":{"@id":"https:\/\/www.swissfairtrade.ch\/fr\/champs-d-actions\/centre-de-competences-3\/legalite-des-chances-grace-au-commerce-equitable\/discrimination-envers-les-femmes\/green-net\/#primaryimage"},"image":{"@id":"https:\/\/www.swissfairtrade.ch\/fr\/champs-d-actions\/centre-de-competences-3\/legalite-des-chances-grace-au-commerce-equitable\/discrimination-envers-les-femmes\/green-net\/#primaryimage"},"thumbnailUrl":"https:\/\/www.swissfairtrade.ch\/wp-content\/uploads\/GN.jpg","datePublished":"2020-05-04T15:36:12+00:00","dateModified":"2020-05-05T10:51:40+00:00","breadcrumb":{"@id":"https:\/\/www.swissfairtrade.ch\/fr\/champs-d-actions\/centre-de-competences-3\/legalite-des-chances-grace-au-commerce-equitable\/discrimination-envers-les-femmes\/green-net\/#breadcrumb"},"inLanguage":"fr-FR","potentialAction":[{"@type":"ReadAction","target":["https:\/\/www.swissfairtrade.ch\/fr\/champs-d-actions\/centre-de-competences-3\/legalite-des-chances-grace-au-commerce-equitable\/discrimination-envers-les-femmes\/green-net\/"]}]},{"@type":"ImageObject","inLanguage":"fr-FR","@id":"https:\/\/www.swissfairtrade.ch\/fr\/champs-d-actions\/centre-de-competences-3\/legalite-des-chances-grace-au-commerce-equitable\/discrimination-envers-les-femmes\/green-net\/#primaryimage","url":"https:\/\/www.swissfairtrade.ch\/wp-content\/uploads\/GN.jpg","contentUrl":"https:\/\/www.swissfairtrade.ch\/wp-content\/uploads\/GN.jpg","width":4013,"height":2041},{"@type":"BreadcrumbList","@id":"https:\/\/www.swissfairtrade.ch\/fr\/champs-d-actions\/centre-de-competences-3\/legalite-des-chances-grace-au-commerce-equitable\/discrimination-envers-les-femmes\/green-net\/#breadcrumb","itemListElement":[{"@type":"ListItem","position":1,"name":"Home","item":"https:\/\/www.swissfairtrade.ch\/fr\/"},{"@type":"ListItem","position":2,"name":"Champs d\u2019actions","item":"https:\/\/www.swissfairtrade.ch\/fr\/champs-d-actions\/"},{"@type":"ListItem","position":3,"name":"Centre de comp\u00e9tences","item":"https:\/\/www.swissfairtrade.ch\/fr\/champs-d-actions\/centre-de-competences-3\/"},{"@type":"ListItem","position":4,"name":"L\u2019\u00e9galit\u00e9 des chances gr\u00e2ce au commerce \u00e9quitable","item":"https:\/\/www.swissfairtrade.ch\/fr\/champs-d-actions\/centre-de-competences-3\/legalite-des-chances-grace-au-commerce-equitable\/"},{"@type":"ListItem","position":5,"name":"Discrimination envers les femmes","item":"https:\/\/www.swissfairtrade.ch\/fr\/champs-d-actions\/centre-de-competences-3\/legalite-des-chances-grace-au-commerce-equitable\/discrimination-envers-les-femmes\/"},{"@type":"ListItem","position":6,"name":"Green Net"}]},{"@type":"WebSite","@id":"https:\/\/www.swissfairtrade.ch\/it\/#website","url":"https:\/\/www.swissfairtrade.ch\/it\/","name":"Swiss Fair Trade","description":"","publisher":{"@id":"https:\/\/www.swissfairtrade.ch\/it\/#organization"},"potentialAction":[{"@type":"SearchAction","target":{"@type":"EntryPoint","urlTemplate":"https:\/\/www.swissfairtrade.ch\/it\/?s={search_term_string}"},"query-input":{"@type":"PropertyValueSpecification","valueRequired":true,"valueName":"search_term_string"}}],"inLanguage":"fr-FR"},{"@type":"Organization","@id":"https:\/\/www.swissfairtrade.ch\/it\/#organization","name":"Swiss Fair Trade","url":"https:\/\/www.swissfairtrade.ch\/it\/","logo":{"@type":"ImageObject","inLanguage":"fr-FR","@id":"https:\/\/www.swissfairtrade.ch\/it\/#\/schema\/logo\/image\/","url":"https:\/\/www.swissfairtrade.ch\/wp-content\/uploads\/SwissFairTrade-Logo-rgb-203.51.59-web.png","contentUrl":"https:\/\/www.swissfairtrade.ch\/wp-content\/uploads\/SwissFairTrade-Logo-rgb-203.51.59-web.png","width":130,"height":115,"caption":"Swiss Fair Trade"},"image":{"@id":"https:\/\/www.swissfairtrade.ch\/it\/#\/schema\/logo\/image\/"}}]}},"_links":{"self":[{"href":"https:\/\/www.swissfairtrade.ch\/fr\/wp-json\/wp\/v2\/pages\/8136","targetHints":{"allow":["GET"]}}],"collection":[{"href":"https:\/\/www.swissfairtrade.ch\/fr\/wp-json\/wp\/v2\/pages"}],"about":[{"href":"https:\/\/www.swissfairtrade.ch\/fr\/wp-json\/wp\/v2\/types\/page"}],"author":[{"embeddable":true,"href":"https:\/\/www.swissfairtrade.ch\/fr\/wp-json\/wp\/v2\/users\/3"}],"replies":[{"embeddable":true,"href":"https:\/\/www.swissfairtrade.ch\/fr\/wp-json\/wp\/v2\/comments?post=8136"}],"version-history":[{"count":0,"href":"https:\/\/www.swissfairtrade.ch\/fr\/wp-json\/wp\/v2\/pages\/8136\/revisions"}],"up":[{"embeddable":true,"href":"https:\/\/www.swissfairtrade.ch\/fr\/wp-json\/wp\/v2\/pages\/7865"}],"wp:featuredmedia":[{"embeddable":true,"href":"https:\/\/www.swissfairtrade.ch\/fr\/wp-json\/wp\/v2\/media\/8139"}],"wp:attachment":[{"href":"https:\/\/www.swissfairtrade.ch\/fr\/wp-json\/wp\/v2\/media?parent=8136"}],"wp:term":[{"taxonomy":"hauptseiten-kategorie","embeddable":true,"href":"https:\/\/www.swissfairtrade.ch\/fr\/wp-json\/wp\/v2\/hauptseiten-kategorie?post=8136"}],"curies":[{"name":"wp","href":"https:\/\/api.w.org\/{rel}","templated":true}]}}