{"id":5516,"date":"2019-06-24T17:13:20","date_gmt":"2019-06-24T15:13:20","guid":{"rendered":"https:\/\/www.swissfairtrade.ch\/?page_id=5516"},"modified":"2021-01-29T11:53:49","modified_gmt":"2021-01-29T10:53:49","slug":"une-loi-pour-la-durabilite-et-la-qualite-des-achats-publics","status":"publish","type":"page","link":"https:\/\/www.swissfairtrade.ch\/fr\/champs-d-actions\/une-loi-pour-la-durabilite-et-la-qualite-des-achats-publics\/","title":{"rendered":"Une loi pour la durabilit\u00e9 et la qualit\u00e9"},"content":{"rendered":"<div class=\"wpb-content-wrapper\"><p>[vc_row full_width=\u00a0\u00bbstretch_row\u00a0\u00bb content_placement=\u00a0\u00bbbottom\u00a0\u00bb parallax=\u00a0\u00bbcontent-moving-fade\u00a0\u00bb parallax_image=\u00a0\u00bb2959&Prime; css=\u00a0\u00bb.vc_custom_1534757378550{background: rgba(196,196,196,0.71) url(https:\/\/www.swissfairtrade.ch\/wp-content\/uploads\/beschaffung.jpeg?id=2876);background-position: center;background-repeat: no-repeat !important;background-size: cover !important;*background-color: rgb(196,196,196) !important;}\u00a0\u00bb el_class=\u00a0\u00bbheader\u00a0\u00bb][vc_column][vc_column_text el_class=\u00a0\u00bbtxt-white\u00a0\u00bb]<\/p>\n<div class=\"annot\">\n<div class=\"row-main\">\n<div class=\"text\">\n<h1>Loi sur les march\u00e9s publics<\/h1>\n<\/div>\n<\/div>\n<\/div>\n<p>[\/vc_column_text][\/vc_column][\/vc_row][vc_row][vc_column][vc_column_text]<strong>La nouvelle loi f\u00e9d\u00e9rale sur les march\u00e9s publics (LMP), adopt\u00e9e le 21. juin 2019 au Parlement, offre une plus grande marge de man\u0153uvre pour des achats publics socialement et \u00e9cologiquement responsables. Les principes de durabilit\u00e9 et de qualit\u00e9 se sont finalement impos\u00e9s, au terme d\u2019un processus de r\u00e9vision qui a dur\u00e9 dix ans. Le travail de longue haleine de la \u00ab\u00a0coalition d\u2019ONG pour les achats publics\u00a0\u00bb avec Swiss Fair Trade a contribu\u00e9 \u00e0 ce changement de paradigme. <\/strong><\/p>\n<p>L\u2019article 2 de LMP r\u00e9vis\u00e9e pr\u00e9cise que la nouvelle loi ne s\u2019oriente plus uniquement vers la rentabilit\u00e9, mais d\u00e9sormais \u00e9galement en fonction de crit\u00e8res de durabilit\u00e9 sociale, \u00e9cologique et \u00e9conomique. La nouvelle loi met l\u2019accent sur une concurrence ax\u00e9e sur la qualit\u00e9 et exige que l\u2019adjudication ne soit plus d\u00e9finie \u00e0 l\u2019avenir en fonction de l\u2019offre \u00ab\u00a0la moins ch\u00e8re\u00a0\u00bb mais de l\u2019offre \u00ab\u00a0la plus avantageuse\u00a0\u00bb. Cette d\u00e9cision souligne le large consensus en faveur des crit\u00e8res de durabilit\u00e9. La loi r\u00e9vis\u00e9e contient \u00e9galement un nouvel article progressiste, aussi sur le plan international\u00a0: l\u2019article 12 pr\u00e9voit qu\u2019en cas de production \u00e0 l\u2019\u00e9tranger, d\u2019autres standards de travail internationaux importants peuvent \u00eatre revendiqu\u00e9s, que des preuves du respect de ses normes peuvent \u00eatre exig\u00e9es et que des contr\u00f4les peuvent \u00eatre effectu\u00e9es. Ainsi, la r\u00e9vision de la loi introduit enfin la s\u00e9curit\u00e9 juridique n\u00e9cessaire pour permettre des achats publics socialement durables \u00e0 l\u2019avenir.<\/p>\n<ul>\n<li><a href=\"https:\/\/www.swissfairtrade.ch\/fr\/champs-d-actions\/defense-dinterets\/une-loi-pour-la-durabilite-et-la-qualite-des-achats-publics\/nouvelle-loi-marches-publics\/\"><span class=\"tlid-translation translation\" lang=\"fr\"><span title=\"\">Les changements en d\u00e9tail<\/span><\/span><\/a><\/li>\n<li><a href=\"https:\/\/www.swissfairtrade.ch\/fr\/champs-d-actions\/defense-dinterets\/une-loi-pour-la-durabilite-et-la-qualite-des-achats-publics\/webinaire-marches-publics\/\">Webinaire march\u00e9s public<\/a><\/li>\n<li><a href=\"https:\/\/www.swissfairtrade.ch\/fr\/champs-d-actions\/defense-dinterets\/une-loi-pour-la-durabilite-et-la-qualite-des-achats-publics\/pour-approfondir\/\">Pour approfondir<\/a><\/li>\n<\/ul>\n<p>[\/vc_column_text][\/vc_column][vc_column][\/vc_column][\/vc_row][vc_row][vc_column][\/vc_column][\/vc_row]<\/p>\n<\/div>","protected":false},"excerpt":{"rendered":"<p>La nouvelle loi f\u00e9d\u00e9rale sur les march\u00e9s publics offre une plus grande marge de man\u0153uvre pour des achats publics socialement et \u00e9cologiquement responsables.<\/p>\n","protected":false},"author":3,"featured_media":2876,"parent":3385,"menu_order":2,"comment_status":"closed","ping_status":"closed","template":"","meta":{"generate_page_header":"","footnotes":"","_links_to":"","_links_to_target":""},"hauptseiten-kategorie":[238,239],"class_list":{"0":"post-5516","1":"page","2":"type-page","3":"status-publish","4":"has-post-thumbnail","6":"hauptseiten-kategorie-kompetenzzentrum","7":"hauptseiten-kategorie-politik"},"yoast_head":"<!-- This site is optimized with the Yoast SEO plugin v26.2 - https:\/\/yoast.com\/wordpress\/plugins\/seo\/ -->\n<title>Une loi pour la durabilit\u00e9 et la qualit\u00e9 - Swiss Fair Trade<\/title>\n<meta name=\"robots\" content=\"index, follow, max-snippet:-1, max-image-preview:large, max-video-preview:-1\" \/>\n<link rel=\"canonical\" href=\"https:\/\/www.swissfairtrade.ch\/fr\/champs-d-actions\/defense-dinterets\/une-loi-pour-la-durabilite-et-la-qualite-des-achats-publics\/\" \/>\n<meta property=\"og:locale\" content=\"fr_FR\" \/>\n<meta property=\"og:type\" content=\"article\" \/>\n<meta property=\"og:title\" content=\"Une loi pour la durabilit\u00e9 et la qualit\u00e9 - Swiss Fair Trade\" \/>\n<meta property=\"og:description\" content=\"La nouvelle loi f\u00e9d\u00e9rale sur les march\u00e9s publics offre une plus grande marge de man\u0153uvre pour des achats publics socialement et \u00e9cologiquement responsables.\" \/>\n<meta property=\"og:url\" content=\"https:\/\/www.swissfairtrade.ch\/fr\/champs-d-actions\/defense-dinterets\/une-loi-pour-la-durabilite-et-la-qualite-des-achats-publics\/\" \/>\n<meta property=\"og:site_name\" content=\"Swiss Fair Trade\" \/>\n<meta property=\"article:modified_time\" content=\"2021-01-29T10:53:49+00:00\" \/>\n<meta property=\"og:image\" content=\"https:\/\/www.swissfairtrade.ch\/wp-content\/uploads\/beschaffung.jpeg\" \/>\n\t<meta property=\"og:image:width\" content=\"2250\" \/>\n\t<meta property=\"og:image:height\" content=\"1500\" \/>\n\t<meta property=\"og:image:type\" content=\"image\/jpeg\" \/>\n<meta name=\"twitter:card\" content=\"summary_large_image\" \/>\n<meta name=\"twitter:label1\" content=\"Dur\u00e9e de lecture estim\u00e9e\" \/>\n\t<meta name=\"twitter:data1\" content=\"2 minutes\" \/>\n<script type=\"application\/ld+json\" class=\"yoast-schema-graph\">{\"@context\":\"https:\/\/schema.org\",\"@graph\":[{\"@type\":\"WebPage\",\"@id\":\"https:\/\/www.swissfairtrade.ch\/fr\/champs-d-actions\/defense-dinterets\/une-loi-pour-la-durabilite-et-la-qualite-des-achats-publics\/\",\"url\":\"https:\/\/www.swissfairtrade.ch\/fr\/champs-d-actions\/defense-dinterets\/une-loi-pour-la-durabilite-et-la-qualite-des-achats-publics\/\",\"name\":\"Une loi pour la durabilit\u00e9 et la qualit\u00e9 - Swiss Fair Trade\",\"isPartOf\":{\"@id\":\"https:\/\/www.swissfairtrade.ch\/it\/#website\"},\"primaryImageOfPage\":{\"@id\":\"https:\/\/www.swissfairtrade.ch\/fr\/champs-d-actions\/defense-dinterets\/une-loi-pour-la-durabilite-et-la-qualite-des-achats-publics\/#primaryimage\"},\"image\":{\"@id\":\"https:\/\/www.swissfairtrade.ch\/fr\/champs-d-actions\/defense-dinterets\/une-loi-pour-la-durabilite-et-la-qualite-des-achats-publics\/#primaryimage\"},\"thumbnailUrl\":\"https:\/\/www.swissfairtrade.ch\/wp-content\/uploads\/beschaffung.jpeg\",\"datePublished\":\"2019-06-24T15:13:20+00:00\",\"dateModified\":\"2021-01-29T10:53:49+00:00\",\"breadcrumb\":{\"@id\":\"https:\/\/www.swissfairtrade.ch\/fr\/champs-d-actions\/defense-dinterets\/une-loi-pour-la-durabilite-et-la-qualite-des-achats-publics\/#breadcrumb\"},\"inLanguage\":\"fr-FR\",\"potentialAction\":[{\"@type\":\"ReadAction\",\"target\":[\"https:\/\/www.swissfairtrade.ch\/fr\/champs-d-actions\/defense-dinterets\/une-loi-pour-la-durabilite-et-la-qualite-des-achats-publics\/\"]}]},{\"@type\":\"ImageObject\",\"inLanguage\":\"fr-FR\",\"@id\":\"https:\/\/www.swissfairtrade.ch\/fr\/champs-d-actions\/defense-dinterets\/une-loi-pour-la-durabilite-et-la-qualite-des-achats-publics\/#primaryimage\",\"url\":\"https:\/\/www.swissfairtrade.ch\/wp-content\/uploads\/beschaffung.jpeg\",\"contentUrl\":\"https:\/\/www.swissfairtrade.ch\/wp-content\/uploads\/beschaffung.jpeg\",\"width\":2250,\"height\":1500},{\"@type\":\"BreadcrumbList\",\"@id\":\"https:\/\/www.swissfairtrade.ch\/fr\/champs-d-actions\/defense-dinterets\/une-loi-pour-la-durabilite-et-la-qualite-des-achats-publics\/#breadcrumb\",\"itemListElement\":[{\"@type\":\"ListItem\",\"position\":1,\"name\":\"Home\",\"item\":\"https:\/\/www.swissfairtrade.ch\/fr\/\"},{\"@type\":\"ListItem\",\"position\":2,\"name\":\"Champs d\u2019actions\",\"item\":\"https:\/\/www.swissfairtrade.ch\/fr\/champs-d-actions\/\"},{\"@type\":\"ListItem\",\"position\":3,\"name\":\"D\u00e9fense d\u2019int\u00e9r\u00eats et formation\",\"item\":\"https:\/\/www.swissfairtrade.ch\/fr\/champs-d-actions\/defense-dinterets\/\"},{\"@type\":\"ListItem\",\"position\":4,\"name\":\"Une loi pour la durabilit\u00e9 et la qualit\u00e9\"}]},{\"@type\":\"WebSite\",\"@id\":\"https:\/\/www.swissfairtrade.ch\/it\/#website\",\"url\":\"https:\/\/www.swissfairtrade.ch\/it\/\",\"name\":\"Swiss Fair Trade\",\"description\":\"\",\"publisher\":{\"@id\":\"https:\/\/www.swissfairtrade.ch\/it\/#organization\"},\"potentialAction\":[{\"@type\":\"SearchAction\",\"target\":{\"@type\":\"EntryPoint\",\"urlTemplate\":\"https:\/\/www.swissfairtrade.ch\/it\/?s={search_term_string}\"},\"query-input\":{\"@type\":\"PropertyValueSpecification\",\"valueRequired\":true,\"valueName\":\"search_term_string\"}}],\"inLanguage\":\"fr-FR\"},{\"@type\":\"Organization\",\"@id\":\"https:\/\/www.swissfairtrade.ch\/it\/#organization\",\"name\":\"Swiss Fair Trade\",\"url\":\"https:\/\/www.swissfairtrade.ch\/it\/\",\"logo\":{\"@type\":\"ImageObject\",\"inLanguage\":\"fr-FR\",\"@id\":\"https:\/\/www.swissfairtrade.ch\/it\/#\/schema\/logo\/image\/\",\"url\":\"https:\/\/www.swissfairtrade.ch\/wp-content\/uploads\/SwissFairTrade-Logo-rgb-203.51.59-web.png\",\"contentUrl\":\"https:\/\/www.swissfairtrade.ch\/wp-content\/uploads\/SwissFairTrade-Logo-rgb-203.51.59-web.png\",\"width\":130,\"height\":115,\"caption\":\"Swiss Fair Trade\"},\"image\":{\"@id\":\"https:\/\/www.swissfairtrade.ch\/it\/#\/schema\/logo\/image\/\"}}]}<\/script>\n<!-- \/ Yoast SEO plugin. -->","yoast_head_json":{"title":"Une loi pour la durabilit\u00e9 et la qualit\u00e9 - Swiss Fair Trade","robots":{"index":"index","follow":"follow","max-snippet":"max-snippet:-1","max-image-preview":"max-image-preview:large","max-video-preview":"max-video-preview:-1"},"canonical":"https:\/\/www.swissfairtrade.ch\/fr\/champs-d-actions\/defense-dinterets\/une-loi-pour-la-durabilite-et-la-qualite-des-achats-publics\/","og_locale":"fr_FR","og_type":"article","og_title":"Une loi pour la durabilit\u00e9 et la qualit\u00e9 - Swiss Fair Trade","og_description":"La nouvelle loi f\u00e9d\u00e9rale sur les march\u00e9s publics offre une plus grande marge de man\u0153uvre pour des achats publics socialement et \u00e9cologiquement responsables.","og_url":"https:\/\/www.swissfairtrade.ch\/fr\/champs-d-actions\/defense-dinterets\/une-loi-pour-la-durabilite-et-la-qualite-des-achats-publics\/","og_site_name":"Swiss Fair Trade","article_modified_time":"2021-01-29T10:53:49+00:00","og_image":[{"width":2250,"height":1500,"url":"https:\/\/www.swissfairtrade.ch\/wp-content\/uploads\/beschaffung.jpeg","type":"image\/jpeg"}],"twitter_card":"summary_large_image","twitter_misc":{"Dur\u00e9e de lecture estim\u00e9e":"2 minutes"},"schema":{"@context":"https:\/\/schema.org","@graph":[{"@type":"WebPage","@id":"https:\/\/www.swissfairtrade.ch\/fr\/champs-d-actions\/defense-dinterets\/une-loi-pour-la-durabilite-et-la-qualite-des-achats-publics\/","url":"https:\/\/www.swissfairtrade.ch\/fr\/champs-d-actions\/defense-dinterets\/une-loi-pour-la-durabilite-et-la-qualite-des-achats-publics\/","name":"Une loi pour la durabilit\u00e9 et la qualit\u00e9 - Swiss Fair Trade","isPartOf":{"@id":"https:\/\/www.swissfairtrade.ch\/it\/#website"},"primaryImageOfPage":{"@id":"https:\/\/www.swissfairtrade.ch\/fr\/champs-d-actions\/defense-dinterets\/une-loi-pour-la-durabilite-et-la-qualite-des-achats-publics\/#primaryimage"},"image":{"@id":"https:\/\/www.swissfairtrade.ch\/fr\/champs-d-actions\/defense-dinterets\/une-loi-pour-la-durabilite-et-la-qualite-des-achats-publics\/#primaryimage"},"thumbnailUrl":"https:\/\/www.swissfairtrade.ch\/wp-content\/uploads\/beschaffung.jpeg","datePublished":"2019-06-24T15:13:20+00:00","dateModified":"2021-01-29T10:53:49+00:00","breadcrumb":{"@id":"https:\/\/www.swissfairtrade.ch\/fr\/champs-d-actions\/defense-dinterets\/une-loi-pour-la-durabilite-et-la-qualite-des-achats-publics\/#breadcrumb"},"inLanguage":"fr-FR","potentialAction":[{"@type":"ReadAction","target":["https:\/\/www.swissfairtrade.ch\/fr\/champs-d-actions\/defense-dinterets\/une-loi-pour-la-durabilite-et-la-qualite-des-achats-publics\/"]}]},{"@type":"ImageObject","inLanguage":"fr-FR","@id":"https:\/\/www.swissfairtrade.ch\/fr\/champs-d-actions\/defense-dinterets\/une-loi-pour-la-durabilite-et-la-qualite-des-achats-publics\/#primaryimage","url":"https:\/\/www.swissfairtrade.ch\/wp-content\/uploads\/beschaffung.jpeg","contentUrl":"https:\/\/www.swissfairtrade.ch\/wp-content\/uploads\/beschaffung.jpeg","width":2250,"height":1500},{"@type":"BreadcrumbList","@id":"https:\/\/www.swissfairtrade.ch\/fr\/champs-d-actions\/defense-dinterets\/une-loi-pour-la-durabilite-et-la-qualite-des-achats-publics\/#breadcrumb","itemListElement":[{"@type":"ListItem","position":1,"name":"Home","item":"https:\/\/www.swissfairtrade.ch\/fr\/"},{"@type":"ListItem","position":2,"name":"Champs d\u2019actions","item":"https:\/\/www.swissfairtrade.ch\/fr\/champs-d-actions\/"},{"@type":"ListItem","position":3,"name":"D\u00e9fense d\u2019int\u00e9r\u00eats et formation","item":"https:\/\/www.swissfairtrade.ch\/fr\/champs-d-actions\/defense-dinterets\/"},{"@type":"ListItem","position":4,"name":"Une loi pour la durabilit\u00e9 et la qualit\u00e9"}]},{"@type":"WebSite","@id":"https:\/\/www.swissfairtrade.ch\/it\/#website","url":"https:\/\/www.swissfairtrade.ch\/it\/","name":"Swiss Fair Trade","description":"","publisher":{"@id":"https:\/\/www.swissfairtrade.ch\/it\/#organization"},"potentialAction":[{"@type":"SearchAction","target":{"@type":"EntryPoint","urlTemplate":"https:\/\/www.swissfairtrade.ch\/it\/?s={search_term_string}"},"query-input":{"@type":"PropertyValueSpecification","valueRequired":true,"valueName":"search_term_string"}}],"inLanguage":"fr-FR"},{"@type":"Organization","@id":"https:\/\/www.swissfairtrade.ch\/it\/#organization","name":"Swiss Fair Trade","url":"https:\/\/www.swissfairtrade.ch\/it\/","logo":{"@type":"ImageObject","inLanguage":"fr-FR","@id":"https:\/\/www.swissfairtrade.ch\/it\/#\/schema\/logo\/image\/","url":"https:\/\/www.swissfairtrade.ch\/wp-content\/uploads\/SwissFairTrade-Logo-rgb-203.51.59-web.png","contentUrl":"https:\/\/www.swissfairtrade.ch\/wp-content\/uploads\/SwissFairTrade-Logo-rgb-203.51.59-web.png","width":130,"height":115,"caption":"Swiss Fair Trade"},"image":{"@id":"https:\/\/www.swissfairtrade.ch\/it\/#\/schema\/logo\/image\/"}}]}},"_links":{"self":[{"href":"https:\/\/www.swissfairtrade.ch\/fr\/wp-json\/wp\/v2\/pages\/5516","targetHints":{"allow":["GET"]}}],"collection":[{"href":"https:\/\/www.swissfairtrade.ch\/fr\/wp-json\/wp\/v2\/pages"}],"about":[{"href":"https:\/\/www.swissfairtrade.ch\/fr\/wp-json\/wp\/v2\/types\/page"}],"author":[{"embeddable":true,"href":"https:\/\/www.swissfairtrade.ch\/fr\/wp-json\/wp\/v2\/users\/3"}],"replies":[{"embeddable":true,"href":"https:\/\/www.swissfairtrade.ch\/fr\/wp-json\/wp\/v2\/comments?post=5516"}],"version-history":[{"count":0,"href":"https:\/\/www.swissfairtrade.ch\/fr\/wp-json\/wp\/v2\/pages\/5516\/revisions"}],"up":[{"embeddable":true,"href":"https:\/\/www.swissfairtrade.ch\/fr\/wp-json\/wp\/v2\/pages\/3385"}],"wp:featuredmedia":[{"embeddable":true,"href":"https:\/\/www.swissfairtrade.ch\/fr\/wp-json\/wp\/v2\/media\/2876"}],"wp:attachment":[{"href":"https:\/\/www.swissfairtrade.ch\/fr\/wp-json\/wp\/v2\/media?parent=5516"}],"wp:term":[{"taxonomy":"hauptseiten-kategorie","embeddable":true,"href":"https:\/\/www.swissfairtrade.ch\/fr\/wp-json\/wp\/v2\/hauptseiten-kategorie?post=5516"}],"curies":[{"name":"wp","href":"https:\/\/api.w.org\/{rel}","templated":true}]}}