{"id":3998,"date":"2018-09-11T14:28:50","date_gmt":"2018-09-11T12:28:50","guid":{"rendered":"https:\/\/imagotest.ch\/swissfairtrade\/?page_id=3998"},"modified":"2025-09-24T09:06:36","modified_gmt":"2025-09-24T07:06:36","slug":"swiss-fair-trade-3","status":"publish","type":"page","link":"https:\/\/www.swissfairtrade.ch\/fr\/","title":{"rendered":"Swiss Fair Trade"},"content":{"rendered":"<div class=\"wpb-content-wrapper\"><p>[vc_row full_width=\u00a0\u00bbstretch_row\u00a0\u00bb css=\u00a0\u00bb.vc_custom_1758696407483{margin-top: -30px !important;background-color: #CB333B !important;}\u00a0\u00bb el_class=\u00a0\u00bbheader-home\u00a0\u00bb][vc_column][vc_column_text el_class=\u00a0\u00bbtxt-white\u00a0\u00bb]<\/p>\n<h1 style=\"text-align: center;\">Fair Trade \u2013 Justice<br \/>\ndans le commerce mondial<\/h1>\n<h2 style=\"text-align: center;\">Le monde a besoin de personnes et d&rsquo;entreprises qui assument leurs responsabilit\u00e9s.<\/h2>\n<p>[\/vc_column_text][vc_empty_space height=\u00a0\u00bb80px\u00a0\u00bb][vc_row_inner content_placement=\u00a0\u00bbmiddle\u00a0\u00bb gap=\u00a0\u00bb35&Prime; el_class=\u00a0\u00bbhome-section-intro\u00a0\u00bb][vc_column_inner width=\u00a0\u00bb1\/3&Prime;][vc_column_text]<\/p>\n<h2>Qu&rsquo;apporte le commerce \u00e9quitable?<\/h2>\n<p>Dialogue, transparence et respect.<\/p>\n<p><a class=\"button white\" href=\"https:\/\/www.swissfairtrade.ch\/fr\/fair-trade\/\">lire<\/a>[\/vc_column_text][\/vc_column_inner][vc_column_inner el_class=\u00a0\u00bbwer-ist-fair\u00a0\u00bb width=\u00a0\u00bb1\/3&Prime; css=\u00a0\u00bb.vc_custom_1537450118511{margin-left: 20px !important;}\u00a0\u00bb][vc_column_text]<\/p>\n<h2>Qui promeut le commerce \u00e9quitable?<\/h2>\n<p class=\"big\">Nos membres<\/p>\n<p><a class=\"button white\" href=\"https:\/\/www.swissfairtrade.ch\/fr\/membres\/\">lire<\/a>[\/vc_column_text][\/vc_column_inner][vc_column_inner width=\u00a0\u00bb1\/3&Prime;][vc_column_text]<\/p>\n<h2>O\u00f9 est la Suisse la plus \u00e9quitable?<\/h2>\n<p>D\u00e9couvrez les Fair Trade Towns<\/p>\n<p><a class=\"button white\" href=\"https:\/\/www.swissfairtrade.ch\/fr\/themes\/fair-trade-town\/\">lire<\/a>[\/vc_column_text][\/vc_column_inner][\/vc_row_inner][vc_empty_space height=\u00a0\u00bb20px\u00a0\u00bb][vc_column_text]<\/p>\n<h3 style=\"text-align: center;\"><span style=\"color: #ebebeb;\"><a class=\"_ps2id\" style=\"color: #ebebeb;\" href=\"#intro\" data-ps2id-offset=\"\">\u2193 Notre activit\u00e9<\/a><\/span><\/h3>\n<p>[\/vc_column_text][vc_column_text]<a id=\"intro\"><\/a>[\/vc_column_text][\/vc_column][\/vc_row][vc_row full_width=\u00a0\u00bbstretch_row\u00a0\u00bb content_placement=\u00a0\u00bbbottom\u00a0\u00bb parallax=\u00a0\u00bbcontent-moving\u00a0\u00bb parallax_image=\u00a0\u00bb7223&Prime; css=\u00a0\u00bb.vc_custom_1758697586438{background-image: url(https:\/\/www.swissfairtrade.ch\/wp-content\/uploads\/1pexels-thor-garlan-2516037-scaled.jpg?id=9324) !important;background-position: center;background-repeat: no-repeat !important;background-size: cover !important;}\u00a0\u00bb el_class=\u00a0\u00bbhome-section\u00a0\u00bb el_id=\u00a0\u00bboverlayGradient\u00a0\u00bb][vc_column][vc_column_text css=\u00a0\u00bb\u00a0\u00bb el_class=\u00a0\u00bbtxt-white\u00a0\u00bb]<\/p>\n<h2><span style=\"color: #cb333b;\"><a style=\"color: #cb333b;\" href=\"https:\/\/www.swissfairtrade.ch\/fr\/fair-trade\/effets-du-commerce-equitable\/\">Le commerce \u00e9quitable change la donne<\/a><\/span><\/h2>\n<h3>Le commerce \u00e9quitable am\u00e9liore les conditions de vie des paysan\u00b7nes dans bien des domaines.<\/h3>\n<p><span style=\"color: #cb333b;\"><a class=\"button red\" style=\"color: #cb333b;\" href=\"https:\/\/www.swissfairtrade.ch\/fr\/fair-trade\/effets-du-commerce-equitable\/\">lire<\/a><\/span>[\/vc_column_text][\/vc_column][\/vc_row][vc_row full_width=\u00a0\u00bbstretch_row\u00a0\u00bb content_placement=\u00a0\u00bbbottom\u00a0\u00bb parallax=\u00a0\u00bbcontent-moving\u00a0\u00bb parallax_image=\u00a0\u00bb2268&Prime; css=\u00a0\u00bb.vc_custom_1758697590454{background: rgba(196,196,196,0.71) url(https:\/\/www.swissfairtrade.ch\/wp-content\/uploads\/cacao-close-up-cocoa-50707.jpg?id=7317);background-position: center;background-repeat: no-repeat !important;background-size: cover !important;*background-color: rgb(196,196,196) !important;}\u00a0\u00bb el_class=\u00a0\u00bbhome-section\u00a0\u00bb el_id=\u00a0\u00bboverlayGradient\u00a0\u00bb][vc_column][vc_column_text css=\u00a0\u00bb\u00a0\u00bb el_class=\u00a0\u00bbtxt-white\u00a0\u00bb]<\/p>\n<h2><span style=\"color: #ff5c30;\"><a style=\"color: #ff5c30;\" href=\"https:\/\/www.swissfairtrade.ch\/fr\/champs-d-actions\/centre-de-competences\/\">Centres de comp\u00e9tence<\/a><\/span><\/h2>\n<h3>L&rsquo;association sert de plateforme d&rsquo;\u00e9change pour ses membres et de centre de comp\u00e9tence pour le commerce \u00e9quitable en Suisse.<\/h3>\n<p><span style=\"color: #ff5c30;\"><a class=\"button orange\" style=\"color: #ff5c30;\" href=\"https:\/\/www.swissfairtrade.ch\/fr\/champs-d-actions\/centre-de-competences\/\">lire<\/a><\/span>[\/vc_column_text][\/vc_column][\/vc_row][vc_row full_width=\u00a0\u00bbstretch_row\u00a0\u00bb content_placement=\u00a0\u00bbbottom\u00a0\u00bb parallax=\u00a0\u00bbcontent-moving\u00a0\u00bb parallax_image=\u00a0\u00bb2268&Prime; css=\u00a0\u00bb.vc_custom_1758697595077{background-image: url(https:\/\/www.swissfairtrade.ch\/wp-content\/uploads\/6.jpg?id=2880) !important;background-position: center;background-repeat: no-repeat !important;background-size: cover !important;}\u00a0\u00bb el_class=\u00a0\u00bbhome-section\u00a0\u00bb el_id=\u00a0\u00bboverlayGradient\u00a0\u00bb][vc_column][vc_column_text el_class=\u00a0\u00bbtxt-white\u00a0\u00bb]<\/p>\n<h2><a href=\"https:\/\/www.swissfairtrade.ch\/fr\/themes\/fair-trade-town\/\"><span style=\"color: #baa97f;\">Fair Trade Town<\/span><\/a><\/h2>\n<h3>En dialoguant avec des acteurs, nous favorisons le transfert de connaissances et stimulons le d\u00e9bat sur le th\u00e8me du comportement durable.<\/h3>\n<p><a class=\"button grey\" href=\"https:\/\/www.swissfairtrade.ch\/fr\/themes\/fair-trade-town\/\">lire<\/a>[\/vc_column_text][\/vc_column][\/vc_row][vc_row full_width=\u00a0\u00bbstretch_row\u00a0\u00bb css=\u00a0\u00bb.vc_custom_1532529517285{padding-right: 15px !important;padding-left: 15px !important;background-color: #ededed !important;}\u00a0\u00bb][vc_column][vc_column_text el_class=\u00a0\u00bbheader-home\u00a0\u00bb]<\/p>\n<h1>News<\/h1>\n<p>[\/vc_column_text][vc_column_text]        <div class=\"wcp-carousel-main-wrap\">\r\n        <section class=\"wcp-slick\"  data-accessibility = on data-dots = on data-slidesToShow = 3 data-slidesToShowtab = 2 data-slidesToShowmob = 1 data-margin = 13px data-arrows = on id=\"carousel-3770\">\r\n\r\n                            <div class=\"slick-slide carousel-item-14509\">\r\n                    <div class=\"rpc-post-carousel1 rpc-box style4 rpc-bg\">\r\n\t<div class=\"rpc-post-image\">\r\n\t\t<a href=\"https:\/\/www.swissfairtrade.ch\/fr\/symposium-textile-darmasuisse\/\" target=\"_self\">\r\n\t\t\t<div class=\"fixed-height-image\"><img loading=\"lazy\" decoding=\"async\" width=\"427\" height=\"280\" src=\"https:\/\/www.swissfairtrade.ch\/wp-content\/uploads\/IMG_0162_2-scaled-e1774601332604-427x280.jpg\" class=\"attachment-medium size-medium wp-post-image\" alt=\"\" srcset=\"https:\/\/www.swissfairtrade.ch\/wp-content\/uploads\/IMG_0162_2-scaled-e1774601332604-427x280.jpg 427w, https:\/\/www.swissfairtrade.ch\/wp-content\/uploads\/IMG_0162_2-scaled-e1774601332604-1024x672.jpg 1024w, https:\/\/www.swissfairtrade.ch\/wp-content\/uploads\/IMG_0162_2-scaled-e1774601332604-768x504.jpg 768w, https:\/\/www.swissfairtrade.ch\/wp-content\/uploads\/IMG_0162_2-scaled-e1774601332604-1536x1008.jpg 1536w, https:\/\/www.swissfairtrade.ch\/wp-content\/uploads\/IMG_0162_2-scaled-e1774601332604-2048x1344.jpg 2048w\" sizes=\"auto, (max-width: 427px) 100vw, 427px\" \/><\/div>\t\t<\/a>\r\n\r\n\t\t<span class=\"rpc-comment-box\">\r\n\t\t\t<span class=\"rpc-post-comment\">\r\n\t\t\t\t0\t\t\t<\/span>\r\n\t\t<\/span>\r\n\t<\/div>\r\n\r\n\t<div class=\"rpc-post-category\">\r\n\t<a href=\"https:\/\/www.swissfairtrade.ch\/fr\/category\/blog-fr\/\">Blog FR<\/a>\t<\/div>\r\n\r\n\t<h3 class=\"rpc-post-title\">\r\n\t\t<a href=\"https:\/\/www.swissfairtrade.ch\/fr\/symposium-textile-darmasuisse\/\" target=\"_self\" class=\"rpc-title\">\r\n\t\t\t24e Symposium textile d\u2019armasuisse : l\u2019arm\u00e9e et les droits humains \u2013 est-ce compatible ?\t\t<\/a>\r\n\t<\/h3>\r\n\t\r\n\t<div class=\"clearfix\"><\/div>\r\n\t<div class=\"rpc-post-para rpc-content\">\r\n        C\u2019est pr\u00e9cis\u00e9ment cette question qui \u00e9tait au c\u0153ur du 24e Symposium textile d\u2019armasuisse. Pour nous la r\u00e9ponse est claire : les march\u00e9s publics durables et les droits humains sont indissociables.                        <br>\r\n                <a href=\"https:\/\/www.swissfairtrade.ch\/fr\/symposium-textile-darmasuisse\/\" target=\"_self\" class=\"\">lire...<\/a>\r\n        \t<\/div>\r\n<\/div>                <\/div>    \r\n\r\n                            <div class=\"slick-slide carousel-item-14382\">\r\n                    <div class=\"rpc-post-carousel1 rpc-box style4 rpc-bg\">\r\n\t<div class=\"rpc-post-image\">\r\n\t\t<a href=\"https:\/\/www.swissfairtrade.ch\/fr\/nos-enseignements-du-un-forum-on-business-and-human-rights\/\" target=\"_self\">\r\n\t\t\t<div class=\"fixed-height-image\"><img loading=\"lazy\" decoding=\"async\" width=\"373\" height=\"280\" src=\"https:\/\/www.swissfairtrade.ch\/wp-content\/uploads\/unforumbhr1-373x280.jpg\" class=\"attachment-medium size-medium wp-post-image\" alt=\"\" srcset=\"https:\/\/www.swissfairtrade.ch\/wp-content\/uploads\/unforumbhr1-373x280.jpg 373w, https:\/\/www.swissfairtrade.ch\/wp-content\/uploads\/unforumbhr1-1024x768.jpg 1024w, https:\/\/www.swissfairtrade.ch\/wp-content\/uploads\/unforumbhr1-768x576.jpg 768w, https:\/\/www.swissfairtrade.ch\/wp-content\/uploads\/unforumbhr1-1536x1152.jpg 1536w, https:\/\/www.swissfairtrade.ch\/wp-content\/uploads\/unforumbhr1-2048x1536.jpg 2048w\" sizes=\"auto, (max-width: 373px) 100vw, 373px\" \/><\/div>\t\t<\/a>\r\n\r\n\t\t<span class=\"rpc-comment-box\">\r\n\t\t\t<span class=\"rpc-post-comment\">\r\n\t\t\t\t0\t\t\t<\/span>\r\n\t\t<\/span>\r\n\t<\/div>\r\n\r\n\t<div class=\"rpc-post-category\">\r\n\t<a href=\"https:\/\/www.swissfairtrade.ch\/fr\/category\/blog-fr\/\">Blog FR<\/a>\t<\/div>\r\n\r\n\t<h3 class=\"rpc-post-title\">\r\n\t\t<a href=\"https:\/\/www.swissfairtrade.ch\/fr\/nos-enseignements-du-un-forum-on-business-and-human-rights\/\" target=\"_self\" class=\"rpc-title\">\r\n\t\t\tNos enseignements du UN Forum on Business and Human Rights\t\t<\/a>\r\n\t<\/h3>\r\n\t\r\n\t<div class=\"clearfix\"><\/div>\r\n\t<div class=\"rpc-post-para rpc-content\">\r\n        Nous avons particip\u00e9 au 14e UN Forum on Business and Human Rights \u00e0 Gen\u00e8ve. Il \u00e9tait plac\u00e9 sous le signe des crises multiples (\u00ab polycrise \u00bb) et du r\u00f4le des\u2026                        <br>\r\n                <a href=\"https:\/\/www.swissfairtrade.ch\/fr\/nos-enseignements-du-un-forum-on-business-and-human-rights\/\" target=\"_self\" class=\"\">lire...<\/a>\r\n        \t<\/div>\r\n<\/div>                <\/div>    \r\n\r\n                            <div class=\"slick-slide carousel-item-14325\">\r\n                    <div class=\"rpc-post-carousel1 rpc-box style4 rpc-bg\">\r\n\t<div class=\"rpc-post-image\">\r\n\t\t<a href=\"https:\/\/www.swissfairtrade.ch\/fr\/votre-analyse-de-risques-au-centre-avec-prise-en-compte-de-lesclavage-moderne-et-du-travail-force\/\" target=\"_self\">\r\n\t\t\t<div class=\"fixed-height-image\"><img loading=\"lazy\" decoding=\"async\" width=\"439\" height=\"280\" src=\"https:\/\/www.swissfairtrade.ch\/wp-content\/uploads\/20260114_101526009_iOS-439x280.jpg\" class=\"attachment-medium size-medium wp-post-image\" alt=\"\" srcset=\"https:\/\/www.swissfairtrade.ch\/wp-content\/uploads\/20260114_101526009_iOS-439x280.jpg 439w, https:\/\/www.swissfairtrade.ch\/wp-content\/uploads\/20260114_101526009_iOS-1024x653.jpg 1024w, https:\/\/www.swissfairtrade.ch\/wp-content\/uploads\/20260114_101526009_iOS-768x490.jpg 768w, https:\/\/www.swissfairtrade.ch\/wp-content\/uploads\/20260114_101526009_iOS-1536x979.jpg 1536w, https:\/\/www.swissfairtrade.ch\/wp-content\/uploads\/20260114_101526009_iOS-2048x1306.jpg 2048w\" sizes=\"auto, (max-width: 439px) 100vw, 439px\" \/><\/div>\t\t<\/a>\r\n\r\n\t\t<span class=\"rpc-comment-box\">\r\n\t\t\t<span class=\"rpc-post-comment\">\r\n\t\t\t\t0\t\t\t<\/span>\r\n\t\t<\/span>\r\n\t<\/div>\r\n\r\n\t<div class=\"rpc-post-category\">\r\n\t<a href=\"https:\/\/www.swissfairtrade.ch\/fr\/category\/blog-fr\/\">Blog FR<\/a>\t<\/div>\r\n\r\n\t<h3 class=\"rpc-post-title\">\r\n\t\t<a href=\"https:\/\/www.swissfairtrade.ch\/fr\/votre-analyse-de-risques-au-centre-avec-prise-en-compte-de-lesclavage-moderne-et-du-travail-force\/\" target=\"_self\" class=\"rpc-title\">\r\n\t\t\tAtelier pratique : Votre analyse de risques au centre \u2013 avec prise en compte de l\u2019esclavage moderne et du travail forc\u00e9\t\t<\/a>\r\n\t<\/h3>\r\n\t\r\n\t<div class=\"clearfix\"><\/div>\r\n\t<div class=\"rpc-post-para rpc-content\">\r\n        Dans le cadre de cet atelier, nous nous sommes consacr\u00e9s \u00e0 l\u2019identification et \u00e0 la r\u00e9duction des risques li\u00e9s \u00e0 l\u2019esclavage moderne et au travail forc\u00e9 dans les cha\u00eenes d\u2019approvisionnement.\u2026                        <br>\r\n                <a href=\"https:\/\/www.swissfairtrade.ch\/fr\/votre-analyse-de-risques-au-centre-avec-prise-en-compte-de-lesclavage-moderne-et-du-travail-force\/\" target=\"_self\" class=\"\">lire...<\/a>\r\n        \t<\/div>\r\n<\/div>                <\/div>    \r\n\r\n                            <div class=\"slick-slide carousel-item-14237\">\r\n                    <div class=\"rpc-post-carousel1 rpc-box style4 rpc-bg\">\r\n\t<div class=\"rpc-post-image\">\r\n\t\t<a href=\"https:\/\/www.swissfairtrade.ch\/fr\/fair-fashion-award-2025-saentis-textiles-et-muntagnard-recompenses\/\" target=\"_self\">\r\n\t\t\t<div class=\"fixed-height-image\"><img loading=\"lazy\" decoding=\"async\" width=\"420\" height=\"280\" src=\"https:\/\/www.swissfairtrade.ch\/wp-content\/uploads\/Fair_Fashion_Award_2025_ABK4681-1-420x280.jpg\" class=\"attachment-medium size-medium wp-post-image\" alt=\"\" srcset=\"https:\/\/www.swissfairtrade.ch\/wp-content\/uploads\/Fair_Fashion_Award_2025_ABK4681-1-420x280.jpg 420w, https:\/\/www.swissfairtrade.ch\/wp-content\/uploads\/Fair_Fashion_Award_2025_ABK4681-1-1024x683.jpg 1024w, https:\/\/www.swissfairtrade.ch\/wp-content\/uploads\/Fair_Fashion_Award_2025_ABK4681-1-768x512.jpg 768w, https:\/\/www.swissfairtrade.ch\/wp-content\/uploads\/Fair_Fashion_Award_2025_ABK4681-1-1536x1024.jpg 1536w, https:\/\/www.swissfairtrade.ch\/wp-content\/uploads\/Fair_Fashion_Award_2025_ABK4681-1-2048x1366.jpg 2048w\" sizes=\"auto, (max-width: 420px) 100vw, 420px\" \/><\/div>\t\t<\/a>\r\n\r\n\t\t<span class=\"rpc-comment-box\">\r\n\t\t\t<span class=\"rpc-post-comment\">\r\n\t\t\t\t0\t\t\t<\/span>\r\n\t\t<\/span>\r\n\t<\/div>\r\n\r\n\t<div class=\"rpc-post-category\">\r\n\t<a href=\"https:\/\/www.swissfairtrade.ch\/fr\/category\/blog-fr\/\">Blog FR<\/a>\t<\/div>\r\n\r\n\t<h3 class=\"rpc-post-title\">\r\n\t\t<a href=\"https:\/\/www.swissfairtrade.ch\/fr\/fair-fashion-award-2025-saentis-textiles-et-muntagnard-recompenses\/\" target=\"_self\" class=\"rpc-title\">\r\n\t\t\tFair Fashion Award 2025 : S\u00e4ntis Textiles et Muntagnard r\u00e9compens\u00e9s\t\t<\/a>\r\n\t<\/h3>\r\n\t\r\n\t<div class=\"clearfix\"><\/div>\r\n\t<div class=\"rpc-post-para rpc-content\">\r\n        Le Fair Fashion Award, la seule distinction suisse pour la responsabilit\u00e9 sociale et \u00e9cologique dans l\u2019industrie textile, est d\u00e9cern\u00e9 en 2025 \u00e0 S\u00e4ntis Textiles dans la cat\u00e9gorie \u00ab \u00c9tabli \u00bb\u2026                        <br>\r\n                <a href=\"https:\/\/www.swissfairtrade.ch\/fr\/fair-fashion-award-2025-saentis-textiles-et-muntagnard-recompenses\/\" target=\"_self\" class=\"\">lire...<\/a>\r\n        \t<\/div>\r\n<\/div>                <\/div>    \r\n\r\n                            <div class=\"slick-slide carousel-item-14364\">\r\n                    <div class=\"rpc-post-carousel1 rpc-box style4 rpc-bg\">\r\n\t<div class=\"rpc-post-image\">\r\n\t\t<a href=\"https:\/\/www.swissfairtrade.ch\/fr\/notre-voyage-dapprentissage-dans-les-centres-de-recyclage-textile-et-de-confection-de-tanger\/\" target=\"_self\">\r\n\t\t\t<div class=\"fixed-height-image\"><img loading=\"lazy\" decoding=\"async\" width=\"321\" height=\"280\" src=\"https:\/\/www.swissfairtrade.ch\/wp-content\/uploads\/Tanger-321x280.jpg\" class=\"attachment-medium size-medium wp-post-image\" alt=\"\" srcset=\"https:\/\/www.swissfairtrade.ch\/wp-content\/uploads\/Tanger-321x280.jpg 321w, https:\/\/www.swissfairtrade.ch\/wp-content\/uploads\/Tanger.jpg 540w\" sizes=\"auto, (max-width: 321px) 100vw, 321px\" \/><\/div>\t\t<\/a>\r\n\r\n\t\t<span class=\"rpc-comment-box\">\r\n\t\t\t<span class=\"rpc-post-comment\">\r\n\t\t\t\t0\t\t\t<\/span>\r\n\t\t<\/span>\r\n\t<\/div>\r\n\r\n\t<div class=\"rpc-post-category\">\r\n\t<a href=\"https:\/\/www.swissfairtrade.ch\/fr\/category\/blog-fr\/\">Blog FR<\/a>\t<\/div>\r\n\r\n\t<h3 class=\"rpc-post-title\">\r\n\t\t<a href=\"https:\/\/www.swissfairtrade.ch\/fr\/notre-voyage-dapprentissage-dans-les-centres-de-recyclage-textile-et-de-confection-de-tanger\/\" target=\"_self\" class=\"rpc-title\">\r\n\t\t\tDerri\u00e8re les coutures : notre voyage d\u2019apprentissage dans les centres de recyclage textile et de confection de Tanger\t\t<\/a>\r\n\t<\/h3>\r\n\t\r\n\t<div class=\"clearfix\"><\/div>\r\n\t<div class=\"rpc-post-para rpc-content\">\r\n        Le pays d\u2019Afrique du Nord n\u2019est pas seulement un site d\u2019approvisionnement important pour de nombreuses marques de mode europ\u00e9ennes, mais souvent un site strat\u00e9gique d\u00e9terminant. Ce secteur cr\u00e9e ainsi des\u2026                        <br>\r\n                <a href=\"https:\/\/www.swissfairtrade.ch\/fr\/notre-voyage-dapprentissage-dans-les-centres-de-recyclage-textile-et-de-confection-de-tanger\/\" target=\"_self\" class=\"\">lire...<\/a>\r\n        \t<\/div>\r\n<\/div>                <\/div>    \r\n\r\n                            <div class=\"slick-slide carousel-item-14130\">\r\n                    <div class=\"rpc-post-carousel1 rpc-box style4 rpc-bg\">\r\n\t<div class=\"rpc-post-image\">\r\n\t\t<a href=\"https:\/\/www.swissfairtrade.ch\/fr\/ces-7-finalistes-sont-en-lice-pour-la-finale-du-fair-fashion-award-2025\/\" target=\"_self\">\r\n\t\t\t<div class=\"fixed-height-image\"><img loading=\"lazy\" decoding=\"async\" width=\"341\" height=\"280\" src=\"https:\/\/www.swissfairtrade.ch\/wp-content\/uploads\/4-341x280.png\" class=\"attachment-medium size-medium wp-post-image\" alt=\"\" srcset=\"https:\/\/www.swissfairtrade.ch\/wp-content\/uploads\/4-341x280.png 341w, https:\/\/www.swissfairtrade.ch\/wp-content\/uploads\/4.png 702w\" sizes=\"auto, (max-width: 341px) 100vw, 341px\" \/><\/div>\t\t<\/a>\r\n\r\n\t\t<span class=\"rpc-comment-box\">\r\n\t\t\t<span class=\"rpc-post-comment\">\r\n\t\t\t\t0\t\t\t<\/span>\r\n\t\t<\/span>\r\n\t<\/div>\r\n\r\n\t<div class=\"rpc-post-category\">\r\n\t<a href=\"https:\/\/www.swissfairtrade.ch\/fr\/category\/blog-fr\/\">Blog FR<\/a>\t<\/div>\r\n\r\n\t<h3 class=\"rpc-post-title\">\r\n\t\t<a href=\"https:\/\/www.swissfairtrade.ch\/fr\/ces-7-finalistes-sont-en-lice-pour-la-finale-du-fair-fashion-award-2025\/\" target=\"_self\" class=\"rpc-title\">\r\n\t\t\tCes 7 finalistes sont en lice pour la finale du Fair Fashion Award 2025\t\t<\/a>\r\n\t<\/h3>\r\n\t\r\n\t<div class=\"clearfix\"><\/div>\r\n\t<div class=\"rpc-post-para rpc-content\">\r\n        Faire impression plut\u00f4t que laisser une empreinte : sept organisations, projets et entreprises actifs en Suisse se sont qualifi\u00e9s pour la finale du Fair Fashion Award 2025 parmi plus de\u2026                        <br>\r\n                <a href=\"https:\/\/www.swissfairtrade.ch\/fr\/ces-7-finalistes-sont-en-lice-pour-la-finale-du-fair-fashion-award-2025\/\" target=\"_self\" class=\"\">lire...<\/a>\r\n        \t<\/div>\r\n<\/div>                <\/div>    \r\n\r\n                            <div class=\"slick-slide carousel-item-14043\">\r\n                    <div class=\"rpc-post-carousel1 rpc-box style4 rpc-bg\">\r\n\t<div class=\"rpc-post-image\">\r\n\t\t<a href=\"https:\/\/www.swissfairtrade.ch\/fr\/lavenir-est-circulaire-26-acteurs-du-secteur-textile-nomines-pour-le-fair-fashion-award-2025\/\" target=\"_self\">\r\n\t\t\t<div class=\"fixed-height-image\"><img loading=\"lazy\" decoding=\"async\" width=\"357\" height=\"280\" src=\"https:\/\/www.swissfairtrade.ch\/wp-content\/uploads\/FR-Visual-Longlist-LinkedIn-Werbeanzeige-mit-Einzelbild2-1-357x280.png\" class=\"attachment-medium size-medium wp-post-image\" alt=\"\" srcset=\"https:\/\/www.swissfairtrade.ch\/wp-content\/uploads\/FR-Visual-Longlist-LinkedIn-Werbeanzeige-mit-Einzelbild2-1-357x280.png 357w, https:\/\/www.swissfairtrade.ch\/wp-content\/uploads\/FR-Visual-Longlist-LinkedIn-Werbeanzeige-mit-Einzelbild2-1-768x603.png 768w, https:\/\/www.swissfairtrade.ch\/wp-content\/uploads\/FR-Visual-Longlist-LinkedIn-Werbeanzeige-mit-Einzelbild2-1.png 799w\" sizes=\"auto, (max-width: 357px) 100vw, 357px\" \/><\/div>\t\t<\/a>\r\n\r\n\t\t<span class=\"rpc-comment-box\">\r\n\t\t\t<span class=\"rpc-post-comment\">\r\n\t\t\t\t0\t\t\t<\/span>\r\n\t\t<\/span>\r\n\t<\/div>\r\n\r\n\t<div class=\"rpc-post-category\">\r\n\t<a href=\"https:\/\/www.swissfairtrade.ch\/fr\/category\/blog-fr\/\">Blog FR<\/a>\t<\/div>\r\n\r\n\t<h3 class=\"rpc-post-title\">\r\n\t\t<a href=\"https:\/\/www.swissfairtrade.ch\/fr\/lavenir-est-circulaire-26-acteurs-du-secteur-textile-nomines-pour-le-fair-fashion-award-2025\/\" target=\"_self\" class=\"rpc-title\">\r\n\t\t\tL\u2019avenir est circulaire: 26 acteurs du secteur textile nomin\u00e9s pour le Fair Fashion Award 2025\t\t<\/a>\r\n\t<\/h3>\r\n\t\r\n\t<div class=\"clearfix\"><\/div>\r\n\t<div class=\"rpc-post-para rpc-content\">\r\n        Du fil \u00e0 coudre soluble aux marques de v\u00eatements enti\u00e8rement circulaires, 26 organisations, projets et entreprises actifs en Suisse sont nomin\u00e9s pour le Fair Fashion Award 2025. Seule distinction suisse\u2026                        <br>\r\n                <a href=\"https:\/\/www.swissfairtrade.ch\/fr\/lavenir-est-circulaire-26-acteurs-du-secteur-textile-nomines-pour-le-fair-fashion-award-2025\/\" target=\"_self\" class=\"\">lire...<\/a>\r\n        \t<\/div>\r\n<\/div>                <\/div>    \r\n\r\n                            <div class=\"slick-slide carousel-item-14090\">\r\n                    <div class=\"rpc-post-carousel1 rpc-box style4 rpc-bg\">\r\n\t<div class=\"rpc-post-image\">\r\n\t\t<a href=\"https:\/\/www.swissfairtrade.ch\/fr\/vier-neue-mitglieder-an-generalversammlung-2023-aufgenommen\/\" target=\"_self\">\r\n\t\t\t<div class=\"fixed-height-image\"><img loading=\"lazy\" decoding=\"async\" width=\"350\" height=\"280\" src=\"https:\/\/www.swissfairtrade.ch\/wp-content\/uploads\/Kopie-von-FTT-Insta-Engagement-Foto-Collage-3-350x280.png\" class=\"attachment-medium size-medium wp-post-image\" alt=\"\" srcset=\"https:\/\/www.swissfairtrade.ch\/wp-content\/uploads\/Kopie-von-FTT-Insta-Engagement-Foto-Collage-3-350x280.png 350w, https:\/\/www.swissfairtrade.ch\/wp-content\/uploads\/Kopie-von-FTT-Insta-Engagement-Foto-Collage-3-1024x819.png 1024w, https:\/\/www.swissfairtrade.ch\/wp-content\/uploads\/Kopie-von-FTT-Insta-Engagement-Foto-Collage-3-768x614.png 768w, https:\/\/www.swissfairtrade.ch\/wp-content\/uploads\/Kopie-von-FTT-Insta-Engagement-Foto-Collage-3-1536x1229.png 1536w, https:\/\/www.swissfairtrade.ch\/wp-content\/uploads\/Kopie-von-FTT-Insta-Engagement-Foto-Collage-3-500x400.png 500w, https:\/\/www.swissfairtrade.ch\/wp-content\/uploads\/Kopie-von-FTT-Insta-Engagement-Foto-Collage-3.png 2000w\" sizes=\"auto, (max-width: 350px) 100vw, 350px\" \/><\/div>\t\t<\/a>\r\n\r\n\t\t<span class=\"rpc-comment-box\">\r\n\t\t\t<span class=\"rpc-post-comment\">\r\n\t\t\t\t0\t\t\t<\/span>\r\n\t\t<\/span>\r\n\t<\/div>\r\n\r\n\t<div class=\"rpc-post-category\">\r\n\t<a href=\"https:\/\/www.swissfairtrade.ch\/fr\/category\/blog-fr\/\">Blog FR<\/a> <a href=\"https:\/\/www.swissfairtrade.ch\/fr\/category\/non-classifiee\/\">Non classifi\u00e9(e)<\/a>\t<\/div>\r\n\r\n\t<h3 class=\"rpc-post-title\">\r\n\t\t<a href=\"https:\/\/www.swissfairtrade.ch\/fr\/vier-neue-mitglieder-an-generalversammlung-2023-aufgenommen\/\" target=\"_self\" class=\"rpc-title\">\r\n\t\t\tLa communaut\u00e9 Fair Trade continue de grandir : quatre nouveaux membres rejoignent l\u2019association lors de l\u2019Assembl\u00e9e g\u00e9n\u00e9rale\t\t<\/a>\r\n\t<\/h3>\r\n\t\r\n\t<div class=\"clearfix\"><\/div>\r\n\t<div class=\"rpc-post-para rpc-content\">\r\n        \u00c0 l\u2019occasion de l\u2019Assembl\u00e9e g\u00e9n\u00e9rale, nous avons \u00e9galement eu le plaisir d\u2019accueillir quatre nouvelles organisations membres. Elles ont franchi avec succ\u00e8s le processus de monitoring et s\u2019engagent activement pour le\u2026                        <br>\r\n                <a href=\"https:\/\/www.swissfairtrade.ch\/fr\/vier-neue-mitglieder-an-generalversammlung-2023-aufgenommen\/\" target=\"_self\" class=\"\">lire...<\/a>\r\n        \t<\/div>\r\n<\/div>                <\/div>    \r\n\r\n                            <div class=\"slick-slide carousel-item-13607\">\r\n                    <div class=\"rpc-post-carousel1 rpc-box style4 rpc-bg\">\r\n\t<div class=\"rpc-post-image\">\r\n\t\t<a href=\"https:\/\/www.swissfairtrade.ch\/fr\/fair-fashion-award-2024-communique-de-presse-2\/\" target=\"_self\">\r\n\t\t\t<div class=\"fixed-height-image\"><img loading=\"lazy\" decoding=\"async\" width=\"280\" height=\"280\" src=\"https:\/\/www.swissfairtrade.ch\/wp-content\/uploads\/a-LinkedIn-Mitteilung-Pink02-Ohne-CTA-280x280.jpg\" class=\"attachment-medium size-medium wp-post-image\" alt=\"\" srcset=\"https:\/\/www.swissfairtrade.ch\/wp-content\/uploads\/a-LinkedIn-Mitteilung-Pink02-Ohne-CTA-280x280.jpg 280w, https:\/\/www.swissfairtrade.ch\/wp-content\/uploads\/a-LinkedIn-Mitteilung-Pink02-Ohne-CTA-1024x1024.jpg 1024w, https:\/\/www.swissfairtrade.ch\/wp-content\/uploads\/a-LinkedIn-Mitteilung-Pink02-Ohne-CTA-768x768.jpg 768w, https:\/\/www.swissfairtrade.ch\/wp-content\/uploads\/a-LinkedIn-Mitteilung-Pink02-Ohne-CTA-500x500.jpg 500w, https:\/\/www.swissfairtrade.ch\/wp-content\/uploads\/a-LinkedIn-Mitteilung-Pink02-Ohne-CTA-1000x1000.jpg 1000w, https:\/\/www.swissfairtrade.ch\/wp-content\/uploads\/a-LinkedIn-Mitteilung-Pink02-Ohne-CTA-300x300.jpg 300w, https:\/\/www.swissfairtrade.ch\/wp-content\/uploads\/a-LinkedIn-Mitteilung-Pink02-Ohne-CTA.jpg 1200w\" sizes=\"auto, (max-width: 280px) 100vw, 280px\" \/><\/div>\t\t<\/a>\r\n\r\n\t\t<span class=\"rpc-comment-box\">\r\n\t\t\t<span class=\"rpc-post-comment\">\r\n\t\t\t\t0\t\t\t<\/span>\r\n\t\t<\/span>\r\n\t<\/div>\r\n\r\n\t<div class=\"rpc-post-category\">\r\n\t<a href=\"https:\/\/www.swissfairtrade.ch\/fr\/category\/blog-fr\/\">Blog FR<\/a>\t<\/div>\r\n\r\n\t<h3 class=\"rpc-post-title\">\r\n\t\t<a href=\"https:\/\/www.swissfairtrade.ch\/fr\/fair-fashion-award-2024-communique-de-presse-2\/\" target=\"_self\" class=\"rpc-title\">\r\n\t\t\tFair Fashion Award 2025: La seule distinction suisse pour des textiles \u00e9quitables lance sa deuxi\u00e8me \u00e9dition\t\t<\/a>\r\n\t<\/h3>\r\n\t\r\n\t<div class=\"clearfix\"><\/div>\r\n\t<div class=\"rpc-post-para rpc-content\">\r\n        Le 29 octobre 2024, le premier prix suisse des textiles \u00e9quitables a r\u00e9compens\u00e9 Jungle Folk dans la cat\u00e9gorie \u00ab \u00e9mergent \u00bb et FTC Cashmere dans la cat\u00e9gorie \u00ab \u00e9tabli \u00bb.\u2026                        <br>\r\n                <a href=\"https:\/\/www.swissfairtrade.ch\/fr\/fair-fashion-award-2024-communique-de-presse-2\/\" target=\"_self\" class=\"\">lire...<\/a>\r\n        \t<\/div>\r\n<\/div>                <\/div>    \r\n\r\n                            <div class=\"slick-slide carousel-item-13021\">\r\n                    <div class=\"rpc-post-carousel1 rpc-box style4 rpc-bg\">\r\n\t<div class=\"rpc-post-image\">\r\n\t\t<a href=\"https:\/\/www.swissfairtrade.ch\/fr\/marches-publics-integrer-la-durabilite-sociale-une-ambition-realisable\/\" target=\"_self\">\r\n\t\t\t<div class=\"fixed-height-image\"><img loading=\"lazy\" decoding=\"async\" width=\"413\" height=\"280\" src=\"https:\/\/www.swissfairtrade.ch\/wp-content\/uploads\/Schweiz-Politsichten-Oeffentliche-Beschaffung-2-413x280.jpg\" class=\"attachment-medium size-medium wp-post-image\" alt=\"\" srcset=\"https:\/\/www.swissfairtrade.ch\/wp-content\/uploads\/Schweiz-Politsichten-Oeffentliche-Beschaffung-2-413x280.jpg 413w, https:\/\/www.swissfairtrade.ch\/wp-content\/uploads\/Schweiz-Politsichten-Oeffentliche-Beschaffung-2-1024x695.jpg 1024w, https:\/\/www.swissfairtrade.ch\/wp-content\/uploads\/Schweiz-Politsichten-Oeffentliche-Beschaffung-2-768x521.jpg 768w, https:\/\/www.swissfairtrade.ch\/wp-content\/uploads\/Schweiz-Politsichten-Oeffentliche-Beschaffung-2-500x339.jpg 500w, https:\/\/www.swissfairtrade.ch\/wp-content\/uploads\/Schweiz-Politsichten-Oeffentliche-Beschaffung-2.jpg 1183w\" sizes=\"auto, (max-width: 413px) 100vw, 413px\" \/><\/div>\t\t<\/a>\r\n\r\n\t\t<span class=\"rpc-comment-box\">\r\n\t\t\t<span class=\"rpc-post-comment\">\r\n\t\t\t\t0\t\t\t<\/span>\r\n\t\t<\/span>\r\n\t<\/div>\r\n\r\n\t<div class=\"rpc-post-category\">\r\n\t<a href=\"https:\/\/www.swissfairtrade.ch\/fr\/category\/blog-fr\/\">Blog FR<\/a>\t<\/div>\r\n\r\n\t<h3 class=\"rpc-post-title\">\r\n\t\t<a href=\"https:\/\/www.swissfairtrade.ch\/fr\/marches-publics-integrer-la-durabilite-sociale-une-ambition-realisable\/\" target=\"_self\" class=\"rpc-title\">\r\n\t\t\tMarch\u00e9s publics : int\u00e9grer la durabilit\u00e9 sociale, une ambition r\u00e9alisable\t\t<\/a>\r\n\t<\/h3>\r\n\t\r\n\t<div class=\"clearfix\"><\/div>\r\n\t<div class=\"rpc-post-para rpc-content\">\r\n        Une nouvelle \u00e9tude de la Haute \u00e9cole sp\u00e9cialis\u00e9e bernoise montre comment les villes et les communes peuvent s'approvisionner de mani\u00e8re socialement durable. Les auteures formulent des recommandations pratiques sur la\u2026                        <br>\r\n                <a href=\"https:\/\/www.swissfairtrade.ch\/fr\/marches-publics-integrer-la-durabilite-sociale-une-ambition-realisable\/\" target=\"_self\" class=\"\">lire...<\/a>\r\n        \t<\/div>\r\n<\/div>                <\/div>    \r\n\r\n                            <div class=\"slick-slide carousel-item-12815\">\r\n                    <div class=\"rpc-post-carousel1 rpc-box style4 rpc-bg\">\r\n\t<div class=\"rpc-post-image\">\r\n\t\t<a href=\"https:\/\/www.swissfairtrade.ch\/fr\/fair-fashion-award-2024-communique-de-presse\/\" target=\"_self\">\r\n\t\t\t<div class=\"fixed-height-image\"><img loading=\"lazy\" decoding=\"async\" width=\"457\" height=\"280\" src=\"https:\/\/www.swissfairtrade.ch\/wp-content\/uploads\/Fair-Fashion-Award-2024-Gewinner-457x280.jpg\" class=\"attachment-medium size-medium wp-post-image\" alt=\"\" srcset=\"https:\/\/www.swissfairtrade.ch\/wp-content\/uploads\/Fair-Fashion-Award-2024-Gewinner-457x280.jpg 457w, https:\/\/www.swissfairtrade.ch\/wp-content\/uploads\/Fair-Fashion-Award-2024-Gewinner-1024x628.jpg 1024w, https:\/\/www.swissfairtrade.ch\/wp-content\/uploads\/Fair-Fashion-Award-2024-Gewinner-768x471.jpg 768w, https:\/\/www.swissfairtrade.ch\/wp-content\/uploads\/Fair-Fashion-Award-2024-Gewinner-1536x942.jpg 1536w, https:\/\/www.swissfairtrade.ch\/wp-content\/uploads\/Fair-Fashion-Award-2024-Gewinner-2048x1255.jpg 2048w, https:\/\/www.swissfairtrade.ch\/wp-content\/uploads\/Fair-Fashion-Award-2024-Gewinner-500x306.jpg 500w\" sizes=\"auto, (max-width: 457px) 100vw, 457px\" \/><\/div>\t\t<\/a>\r\n\r\n\t\t<span class=\"rpc-comment-box\">\r\n\t\t\t<span class=\"rpc-post-comment\">\r\n\t\t\t\t0\t\t\t<\/span>\r\n\t\t<\/span>\r\n\t<\/div>\r\n\r\n\t<div class=\"rpc-post-category\">\r\n\t<a href=\"https:\/\/www.swissfairtrade.ch\/fr\/category\/blog-fr\/\">Blog FR<\/a>\t<\/div>\r\n\r\n\t<h3 class=\"rpc-post-title\">\r\n\t\t<a href=\"https:\/\/www.swissfairtrade.ch\/fr\/fair-fashion-award-2024-communique-de-presse\/\" target=\"_self\" class=\"rpc-title\">\r\n\t\t\tDeux marques r\u00e9compens\u00e9es par le Fair Fashion Award 2024\t\t<\/a>\r\n\t<\/h3>\r\n\t\r\n\t<div class=\"clearfix\"><\/div>\r\n\t<div class=\"rpc-post-para rpc-content\">\r\n        Le 29 octobre 2024, le premier prix suisse des textiles \u00e9quitables a r\u00e9compens\u00e9 Jungle Folk dans la cat\u00e9gorie \u00ab \u00e9mergent \u00bb et FTC Cashmere dans la cat\u00e9gorie \u00ab \u00e9tabli \u00bb.\u2026                        <br>\r\n                <a href=\"https:\/\/www.swissfairtrade.ch\/fr\/fair-fashion-award-2024-communique-de-presse\/\" target=\"_self\" class=\"\">lire...<\/a>\r\n        \t<\/div>\r\n<\/div>                <\/div>    \r\n\r\n                            <div class=\"slick-slide carousel-item-12764\">\r\n                    <div class=\"rpc-post-carousel1 rpc-box style4 rpc-bg\">\r\n\t<div class=\"rpc-post-image\">\r\n\t\t<a href=\"https:\/\/www.swissfairtrade.ch\/fr\/pionniers-en-matiere-de-durabilite\/\" target=\"_self\">\r\n\t\t\t<div class=\"fixed-height-image\"><img loading=\"lazy\" decoding=\"async\" width=\"280\" height=\"280\" src=\"https:\/\/www.swissfairtrade.ch\/wp-content\/uploads\/Bild-Havas-Brand-Predictor-280x280.jpg\" class=\"attachment-medium size-medium wp-post-image\" alt=\"\" srcset=\"https:\/\/www.swissfairtrade.ch\/wp-content\/uploads\/Bild-Havas-Brand-Predictor-280x280.jpg 280w, https:\/\/www.swissfairtrade.ch\/wp-content\/uploads\/Bild-Havas-Brand-Predictor-500x501.jpg 500w, https:\/\/www.swissfairtrade.ch\/wp-content\/uploads\/Bild-Havas-Brand-Predictor-300x300.jpg 300w, https:\/\/www.swissfairtrade.ch\/wp-content\/uploads\/Bild-Havas-Brand-Predictor.jpg 720w\" sizes=\"auto, (max-width: 280px) 100vw, 280px\" \/><\/div>\t\t<\/a>\r\n\r\n\t\t<span class=\"rpc-comment-box\">\r\n\t\t\t<span class=\"rpc-post-comment\">\r\n\t\t\t\t0\t\t\t<\/span>\r\n\t\t<\/span>\r\n\t<\/div>\r\n\r\n\t<div class=\"rpc-post-category\">\r\n\t<a href=\"https:\/\/www.swissfairtrade.ch\/fr\/category\/blog-fr\/\">Blog FR<\/a>\t<\/div>\r\n\r\n\t<h3 class=\"rpc-post-title\">\r\n\t\t<a href=\"https:\/\/www.swissfairtrade.ch\/fr\/pionniers-en-matiere-de-durabilite\/\" target=\"_self\" class=\"rpc-title\">\r\n\t\t\tLes membres de Swiss Fair Trade, pionniers en mati\u00e8re de durabilit\u00e9 !\t\t<\/a>\r\n\t<\/h3>\r\n\t\r\n\t<div class=\"clearfix\"><\/div>\r\n\t<div class=\"rpc-post-para rpc-content\">\r\n        Deux membres de longue date de Swiss Fair Trade sont per\u00e7us comme les deux marques les plus durables en Suisse. C\u2019est ce qui ressort de Brand Predictor de Havas.                        <br>\r\n                <a href=\"https:\/\/www.swissfairtrade.ch\/fr\/pionniers-en-matiere-de-durabilite\/\" target=\"_self\" class=\"\">lire...<\/a>\r\n        \t<\/div>\r\n<\/div>                <\/div>    \r\n\r\n                            <div class=\"slick-slide carousel-item-12920\">\r\n                    <div class=\"rpc-post-carousel1 rpc-box style4 rpc-bg\">\r\n\t<div class=\"rpc-post-image\">\r\n\t\t<a href=\"https:\/\/www.swissfairtrade.ch\/fr\/forum-du-futur-sur-les-textiles-durables-2024\/\" target=\"_self\">\r\n\t\t\t<div class=\"fixed-height-image\"><img loading=\"lazy\" decoding=\"async\" width=\"420\" height=\"280\" src=\"https:\/\/www.swissfairtrade.ch\/wp-content\/uploads\/zukunftsforum-klein-420x280.jpg\" class=\"attachment-medium size-medium wp-post-image\" alt=\"\" srcset=\"https:\/\/www.swissfairtrade.ch\/wp-content\/uploads\/zukunftsforum-klein-420x280.jpg 420w, https:\/\/www.swissfairtrade.ch\/wp-content\/uploads\/zukunftsforum-klein-1024x682.jpg 1024w, https:\/\/www.swissfairtrade.ch\/wp-content\/uploads\/zukunftsforum-klein-768x512.jpg 768w, https:\/\/www.swissfairtrade.ch\/wp-content\/uploads\/zukunftsforum-klein-1536x1024.jpg 1536w, https:\/\/www.swissfairtrade.ch\/wp-content\/uploads\/zukunftsforum-klein-500x333.jpg 500w, https:\/\/www.swissfairtrade.ch\/wp-content\/uploads\/zukunftsforum-klein.jpg 2000w\" sizes=\"auto, (max-width: 420px) 100vw, 420px\" \/><\/div>\t\t<\/a>\r\n\r\n\t\t<span class=\"rpc-comment-box\">\r\n\t\t\t<span class=\"rpc-post-comment\">\r\n\t\t\t\t0\t\t\t<\/span>\r\n\t\t<\/span>\r\n\t<\/div>\r\n\r\n\t<div class=\"rpc-post-category\">\r\n\t<a href=\"https:\/\/www.swissfairtrade.ch\/fr\/category\/blog-fr\/\">Blog FR<\/a>\t<\/div>\r\n\r\n\t<h3 class=\"rpc-post-title\">\r\n\t\t<a href=\"https:\/\/www.swissfairtrade.ch\/fr\/forum-du-futur-sur-les-textiles-durables-2024\/\" target=\"_self\" class=\"rpc-title\">\r\n\t\t\t\u00ab Beyond Threads \u00bb : Forum du futur sur les textiles durables 2024\t\t<\/a>\r\n\t<\/h3>\r\n\t\r\n\t<div class=\"clearfix\"><\/div>\r\n\t<div class=\"rpc-post-para rpc-content\">\r\n        Fin octobre, le Forum du futur des textiles durables s'est tenu pour la 8\u00e8me fois \u00e0 Glaris Nord. Les deux journ\u00e9es \u00e9taient plac\u00e9es sous la devise \u00ab Beyond Threads \u00bb\u2026                        <br>\r\n                <a href=\"https:\/\/www.swissfairtrade.ch\/fr\/forum-du-futur-sur-les-textiles-durables-2024\/\" target=\"_self\" class=\"\">lire...<\/a>\r\n        \t<\/div>\r\n<\/div>                <\/div>    \r\n\r\n                            <div class=\"slick-slide carousel-item-12801\">\r\n                    <div class=\"rpc-post-carousel1 rpc-box style4 rpc-bg\">\r\n\t<div class=\"rpc-post-image\">\r\n\t\t<a href=\"https:\/\/www.swissfairtrade.ch\/fr\/etude-revele-le-potentiel-des-marches-publics-durables\/\" target=\"_self\">\r\n\t\t\t<div class=\"fixed-height-image\"><img loading=\"lazy\" decoding=\"async\" width=\"425\" height=\"280\" src=\"https:\/\/www.swissfairtrade.ch\/wp-content\/uploads\/Symbolbild-beschaffung-425x280.png\" class=\"attachment-medium size-medium wp-post-image\" alt=\"\" srcset=\"https:\/\/www.swissfairtrade.ch\/wp-content\/uploads\/Symbolbild-beschaffung-425x280.png 425w, https:\/\/www.swissfairtrade.ch\/wp-content\/uploads\/Symbolbild-beschaffung-1024x674.png 1024w, https:\/\/www.swissfairtrade.ch\/wp-content\/uploads\/Symbolbild-beschaffung-768x506.png 768w, https:\/\/www.swissfairtrade.ch\/wp-content\/uploads\/Symbolbild-beschaffung-500x329.png 500w, https:\/\/www.swissfairtrade.ch\/wp-content\/uploads\/Symbolbild-beschaffung.png 1118w\" sizes=\"auto, (max-width: 425px) 100vw, 425px\" \/><\/div>\t\t<\/a>\r\n\r\n\t\t<span class=\"rpc-comment-box\">\r\n\t\t\t<span class=\"rpc-post-comment\">\r\n\t\t\t\t0\t\t\t<\/span>\r\n\t\t<\/span>\r\n\t<\/div>\r\n\r\n\t<div class=\"rpc-post-category\">\r\n\t<a href=\"https:\/\/www.swissfairtrade.ch\/fr\/category\/blog-fr\/\">Blog FR<\/a>\t<\/div>\r\n\r\n\t<h3 class=\"rpc-post-title\">\r\n\t\t<a href=\"https:\/\/www.swissfairtrade.ch\/fr\/etude-revele-le-potentiel-des-marches-publics-durables\/\" target=\"_self\" class=\"rpc-title\">\r\n\t\t\tUne nouvelle \u00e9tude de l&rsquo;EPFZ r\u00e9v\u00e8le le potentiel des march\u00e9s publics durables\t\t<\/a>\r\n\t<\/h3>\r\n\t\r\n\t<div class=\"clearfix\"><\/div>\r\n\t<div class=\"rpc-post-para rpc-content\">\r\n        Les d\u00e9penses annuelles des pouvoirs publics en Suisse repr\u00e9sentent un potentiel important pour des achats durables : au niveau communal, elles s'\u00e9l\u00e8vent \u00e0 58 millions de francs. Ce chiffre est\u2026                        <br>\r\n                <a href=\"https:\/\/www.swissfairtrade.ch\/fr\/etude-revele-le-potentiel-des-marches-publics-durables\/\" target=\"_self\" class=\"\">lire...<\/a>\r\n        \t<\/div>\r\n<\/div>                <\/div>    \r\n\r\n                            <div class=\"slick-slide carousel-item-12638\">\r\n                    <div class=\"rpc-post-carousel1 rpc-box style4 rpc-bg\">\r\n\t<div class=\"rpc-post-image\">\r\n\t\t<a href=\"https:\/\/www.swissfairtrade.ch\/fr\/magasins-du-monde-50-ans\/\" target=\"_self\">\r\n\t\t\t<div class=\"fixed-height-image\"><img loading=\"lazy\" decoding=\"async\" width=\"386\" height=\"280\" src=\"https:\/\/www.swissfairtrade.ch\/wp-content\/uploads\/50-ans-Magasins-du-Monde-386x280.jpg\" class=\"attachment-medium size-medium wp-post-image\" alt=\"\" srcset=\"https:\/\/www.swissfairtrade.ch\/wp-content\/uploads\/50-ans-Magasins-du-Monde-386x280.jpg 386w, https:\/\/www.swissfairtrade.ch\/wp-content\/uploads\/50-ans-Magasins-du-Monde-500x363.jpg 500w, https:\/\/www.swissfairtrade.ch\/wp-content\/uploads\/50-ans-Magasins-du-Monde.jpg 650w\" sizes=\"auto, (max-width: 386px) 100vw, 386px\" \/><\/div>\t\t<\/a>\r\n\r\n\t\t<span class=\"rpc-comment-box\">\r\n\t\t\t<span class=\"rpc-post-comment\">\r\n\t\t\t\t0\t\t\t<\/span>\r\n\t\t<\/span>\r\n\t<\/div>\r\n\r\n\t<div class=\"rpc-post-category\">\r\n\t<a href=\"https:\/\/www.swissfairtrade.ch\/fr\/category\/blog-fr\/\">Blog FR<\/a>\t<\/div>\r\n\r\n\t<h3 class=\"rpc-post-title\">\r\n\t\t<a href=\"https:\/\/www.swissfairtrade.ch\/fr\/magasins-du-monde-50-ans\/\" target=\"_self\" class=\"rpc-title\">\r\n\t\t\tLes Magasins du Monde f\u00eatent 50 ans de commerce \u00e9quitable et de solidarit\u00e9 en Suisse romande !\t\t<\/a>\r\n\t<\/h3>\r\n\t\r\n\t<div class=\"clearfix\"><\/div>\r\n\t<div class=\"rpc-post-para rpc-content\">\r\n        Le 14 mai 2024, une \u00e9tape importante a \u00e9t\u00e9 franchie : les Magasins du Monde ont f\u00eat\u00e9 leurs 50 ans !                        <br>\r\n                <a href=\"https:\/\/www.swissfairtrade.ch\/fr\/magasins-du-monde-50-ans\/\" target=\"_self\" class=\"\">lire...<\/a>\r\n        \t<\/div>\r\n<\/div>                <\/div>    \r\n\r\n                            <div class=\"slick-slide carousel-item-12504\">\r\n                    <div class=\"rpc-post-carousel1 rpc-box style4 rpc-bg\">\r\n\t<div class=\"rpc-post-image\">\r\n\t\t<a href=\"https:\/\/www.swissfairtrade.ch\/fr\/fair-trade-fait-son-entree-dans-les-ecoles\/\" target=\"_self\">\r\n\t\t\t<div class=\"fixed-height-image\"><img loading=\"lazy\" decoding=\"async\" width=\"373\" height=\"280\" src=\"https:\/\/www.swissfairtrade.ch\/wp-content\/uploads\/FairTradeSchool-Logo-rgb-373x280.png\" class=\"attachment-medium size-medium wp-post-image\" alt=\"\" srcset=\"https:\/\/www.swissfairtrade.ch\/wp-content\/uploads\/FairTradeSchool-Logo-rgb-373x280.png 373w, https:\/\/www.swissfairtrade.ch\/wp-content\/uploads\/FairTradeSchool-Logo-rgb-1024x769.png 1024w, https:\/\/www.swissfairtrade.ch\/wp-content\/uploads\/FairTradeSchool-Logo-rgb-768x577.png 768w, https:\/\/www.swissfairtrade.ch\/wp-content\/uploads\/FairTradeSchool-Logo-rgb-500x375.png 500w, https:\/\/www.swissfairtrade.ch\/wp-content\/uploads\/FairTradeSchool-Logo-rgb.png 1501w\" sizes=\"auto, (max-width: 373px) 100vw, 373px\" \/><\/div>\t\t<\/a>\r\n\r\n\t\t<span class=\"rpc-comment-box\">\r\n\t\t\t<span class=\"rpc-post-comment\">\r\n\t\t\t\t0\t\t\t<\/span>\r\n\t\t<\/span>\r\n\t<\/div>\r\n\r\n\t<div class=\"rpc-post-category\">\r\n\t<a href=\"https:\/\/www.swissfairtrade.ch\/fr\/category\/blog-fr\/\">Blog FR<\/a>\t<\/div>\r\n\r\n\t<h3 class=\"rpc-post-title\">\r\n\t\t<a href=\"https:\/\/www.swissfairtrade.ch\/fr\/fair-trade-fait-son-entree-dans-les-ecoles\/\" target=\"_self\" class=\"rpc-title\">\r\n\t\t\tFair Trade fait son entr\u00e9e dans les \u00e9coles\t\t<\/a>\r\n\t<\/h3>\r\n\t\r\n\t<div class=\"clearfix\"><\/div>\r\n\t<div class=\"rpc-post-para rpc-content\">\r\n        Au printemps 2024, une nouvelle offre de Swiss Fair Trade sera officiellement lanc\u00e9e - Fair Trade School. Fair Trade School est une distinction d\u00e9cern\u00e9e aux \u00e9coles qui font preuve d'un\u2026                        <br>\r\n                <a href=\"https:\/\/www.swissfairtrade.ch\/fr\/fair-trade-fait-son-entree-dans-les-ecoles\/\" target=\"_self\" class=\"\">lire...<\/a>\r\n        \t<\/div>\r\n<\/div>                <\/div>    \r\n\r\n                            <div class=\"slick-slide carousel-item-12354\">\r\n                    <div class=\"rpc-post-carousel1 rpc-box style4 rpc-bg\">\r\n\t<div class=\"rpc-post-image\">\r\n\t\t<a href=\"https:\/\/www.swissfairtrade.ch\/fr\/ue-adopte-une-loi-progressiste-sur-les-chaines-dapprovisionnement\/\" target=\"_self\">\r\n\t\t\t<div class=\"fixed-height-image\"><img loading=\"lazy\" decoding=\"async\" width=\"420\" height=\"280\" src=\"https:\/\/www.swissfairtrade.ch\/wp-content\/uploads\/pexels-angel-bena-10142678-2-1-420x280.jpg\" class=\"attachment-medium size-medium wp-post-image\" alt=\"\" srcset=\"https:\/\/www.swissfairtrade.ch\/wp-content\/uploads\/pexels-angel-bena-10142678-2-1-420x280.jpg 420w, https:\/\/www.swissfairtrade.ch\/wp-content\/uploads\/pexels-angel-bena-10142678-2-1-1024x682.jpg 1024w, https:\/\/www.swissfairtrade.ch\/wp-content\/uploads\/pexels-angel-bena-10142678-2-1-768x512.jpg 768w, https:\/\/www.swissfairtrade.ch\/wp-content\/uploads\/pexels-angel-bena-10142678-2-1-500x333.jpg 500w, https:\/\/www.swissfairtrade.ch\/wp-content\/uploads\/pexels-angel-bena-10142678-2-1.jpg 1280w\" sizes=\"auto, (max-width: 420px) 100vw, 420px\" \/><\/div>\t\t<\/a>\r\n\r\n\t\t<span class=\"rpc-comment-box\">\r\n\t\t\t<span class=\"rpc-post-comment\">\r\n\t\t\t\t0\t\t\t<\/span>\r\n\t\t<\/span>\r\n\t<\/div>\r\n\r\n\t<div class=\"rpc-post-category\">\r\n\t<a href=\"https:\/\/www.swissfairtrade.ch\/fr\/category\/blog-fr\/\">Blog FR<\/a>\t<\/div>\r\n\r\n\t<h3 class=\"rpc-post-title\">\r\n\t\t<a href=\"https:\/\/www.swissfairtrade.ch\/fr\/ue-adopte-une-loi-progressiste-sur-les-chaines-dapprovisionnement\/\" target=\"_self\" class=\"rpc-title\">\r\n\t\t\tL&rsquo;UE adopte une loi progressiste sur les cha\u00eenes d&rsquo;approvisionnement\t\t<\/a>\r\n\t<\/h3>\r\n\t\r\n\t<div class=\"clearfix\"><\/div>\r\n\t<div class=\"rpc-post-para rpc-content\">\r\n        Le 14 d\u00e9cembre 2023, l'UE a adopt\u00e9 une loi progressiste sur les cha\u00eenes d'approvisionnement. La directive oblige les entreprises actives dans l'UE \u00e0 effectuer un contr\u00f4le de diligence contraignante en\u2026                        <br>\r\n                <a href=\"https:\/\/www.swissfairtrade.ch\/fr\/ue-adopte-une-loi-progressiste-sur-les-chaines-dapprovisionnement\/\" target=\"_self\" class=\"\">lire...<\/a>\r\n        \t<\/div>\r\n<\/div>                <\/div>    \r\n\r\n                            <div class=\"slick-slide carousel-item-12323\">\r\n                    <div class=\"rpc-post-carousel1 rpc-box style4 rpc-bg\">\r\n\t<div class=\"rpc-post-image\">\r\n\t\t<a href=\"https:\/\/www.swissfairtrade.ch\/fr\/forum-du-futur-sur-les-textiles-durables-priorite-a-la-digitalisation-et-aux-conditions-de-travail\/\" target=\"_self\">\r\n\t\t\t<div class=\"fixed-height-image\"><img loading=\"lazy\" decoding=\"async\" width=\"403\" height=\"280\" src=\"https:\/\/www.swissfairtrade.ch\/wp-content\/uploads\/Kopie-von-_DSC6425_bearbeitet-403x280.jpg\" class=\"attachment-medium size-medium wp-post-image\" alt=\"\" srcset=\"https:\/\/www.swissfairtrade.ch\/wp-content\/uploads\/Kopie-von-_DSC6425_bearbeitet-403x280.jpg 403w, https:\/\/www.swissfairtrade.ch\/wp-content\/uploads\/Kopie-von-_DSC6425_bearbeitet-1024x711.jpg 1024w, https:\/\/www.swissfairtrade.ch\/wp-content\/uploads\/Kopie-von-_DSC6425_bearbeitet-768x533.jpg 768w, https:\/\/www.swissfairtrade.ch\/wp-content\/uploads\/Kopie-von-_DSC6425_bearbeitet-1536x1067.jpg 1536w, https:\/\/www.swissfairtrade.ch\/wp-content\/uploads\/Kopie-von-_DSC6425_bearbeitet-2048x1422.jpg 2048w, https:\/\/www.swissfairtrade.ch\/wp-content\/uploads\/Kopie-von-_DSC6425_bearbeitet-500x347.jpg 500w\" sizes=\"auto, (max-width: 403px) 100vw, 403px\" \/><\/div>\t\t<\/a>\r\n\r\n\t\t<span class=\"rpc-comment-box\">\r\n\t\t\t<span class=\"rpc-post-comment\">\r\n\t\t\t\t0\t\t\t<\/span>\r\n\t\t<\/span>\r\n\t<\/div>\r\n\r\n\t<div class=\"rpc-post-category\">\r\n\t<a href=\"https:\/\/www.swissfairtrade.ch\/fr\/category\/blog-fr\/\">Blog FR<\/a>\t<\/div>\r\n\r\n\t<h3 class=\"rpc-post-title\">\r\n\t\t<a href=\"https:\/\/www.swissfairtrade.ch\/fr\/forum-du-futur-sur-les-textiles-durables-priorite-a-la-digitalisation-et-aux-conditions-de-travail\/\" target=\"_self\" class=\"rpc-title\">\r\n\t\t\tForum du futur sur les textiles durables &#8211; priorit\u00e9 \u00e0 la digitalisation et aux conditions de travail\t\t<\/a>\r\n\t<\/h3>\r\n\t\r\n\t<div class=\"clearfix\"><\/div>\r\n\t<div class=\"rpc-post-para rpc-content\">\r\n        Pour la 7e fois d\u00e9j\u00e0, le Forum du futur sur les textiles durables s'est tenu \u00e0 Glaris Nord. Toute la journ\u00e9e \u00e9tait plac\u00e9e sous la devise \"Think Forward, Act Now\u2026                        <br>\r\n                <a href=\"https:\/\/www.swissfairtrade.ch\/fr\/forum-du-futur-sur-les-textiles-durables-priorite-a-la-digitalisation-et-aux-conditions-de-travail\/\" target=\"_self\" class=\"\">lire...<\/a>\r\n        \t<\/div>\r\n<\/div>                <\/div>    \r\n\r\n                            <div class=\"slick-slide carousel-item-12278\">\r\n                    <div class=\"rpc-post-carousel1 rpc-box style4 rpc-bg\">\r\n\t<div class=\"rpc-post-image\">\r\n\t\t<a href=\"https:\/\/www.swissfairtrade.ch\/fr\/la-16e-conference-internationale-des-fair-trade-towns-en-suisse-tire-un-bilan-positif\/\" target=\"_self\">\r\n\t\t\t<div class=\"fixed-height-image\"><img loading=\"lazy\" decoding=\"async\" width=\"525\" height=\"277\" src=\"https:\/\/www.swissfairtrade.ch\/wp-content\/uploads\/SNA96452-525x277.jpg\" class=\"attachment-medium size-medium wp-post-image\" alt=\"\" srcset=\"https:\/\/www.swissfairtrade.ch\/wp-content\/uploads\/SNA96452-525x277.jpg 525w, https:\/\/www.swissfairtrade.ch\/wp-content\/uploads\/SNA96452-1024x540.jpg 1024w, https:\/\/www.swissfairtrade.ch\/wp-content\/uploads\/SNA96452-768x405.jpg 768w, https:\/\/www.swissfairtrade.ch\/wp-content\/uploads\/SNA96452-1536x810.jpg 1536w, https:\/\/www.swissfairtrade.ch\/wp-content\/uploads\/SNA96452-2048x1080.jpg 2048w, https:\/\/www.swissfairtrade.ch\/wp-content\/uploads\/SNA96452-500x264.jpg 500w\" sizes=\"auto, (max-width: 525px) 100vw, 525px\" \/><\/div>\t\t<\/a>\r\n\r\n\t\t<span class=\"rpc-comment-box\">\r\n\t\t\t<span class=\"rpc-post-comment\">\r\n\t\t\t\t0\t\t\t<\/span>\r\n\t\t<\/span>\r\n\t<\/div>\r\n\r\n\t<div class=\"rpc-post-category\">\r\n\t<a href=\"https:\/\/www.swissfairtrade.ch\/fr\/category\/blog-fr\/\">Blog FR<\/a>\t<\/div>\r\n\r\n\t<h3 class=\"rpc-post-title\">\r\n\t\t<a href=\"https:\/\/www.swissfairtrade.ch\/fr\/la-16e-conference-internationale-des-fair-trade-towns-en-suisse-tire-un-bilan-positif\/\" target=\"_self\" class=\"rpc-title\">\r\n\t\t\tLa 16e Conf\u00e9rence internationale des Fair Trade Towns en Suisse tire un bilan positif\t\t<\/a>\r\n\t<\/h3>\r\n\t\r\n\t<div class=\"clearfix\"><\/div>\r\n\t<div class=\"rpc-post-para rpc-content\">\r\n        La 16e Conf\u00e9rence internationale des Fair Trade Towns a rassembl\u00e9 la communaut\u00e9 internationale du commerce \u00e9quitable et a illustr\u00e9 ce qui peut \u00eatre r\u00e9alis\u00e9 lorsque nous nous r\u00e9unissons en tant\u2026                        <br>\r\n                <a href=\"https:\/\/www.swissfairtrade.ch\/fr\/la-16e-conference-internationale-des-fair-trade-towns-en-suisse-tire-un-bilan-positif\/\" target=\"_self\" class=\"\">lire...<\/a>\r\n        \t<\/div>\r\n<\/div>                <\/div>    \r\n\r\n                            <div class=\"slick-slide carousel-item-12196\">\r\n                    <div class=\"rpc-post-carousel1 rpc-box style4 rpc-bg\">\r\n\t<div class=\"rpc-post-image\">\r\n\t\t<a href=\"https:\/\/www.swissfairtrade.ch\/fr\/swiss-fair-trade-compte-quatre-nouveaux-membres\/\" target=\"_self\">\r\n\t\t\t<div class=\"fixed-height-image\"><img loading=\"lazy\" decoding=\"async\" width=\"498\" height=\"280\" src=\"https:\/\/www.swissfairtrade.ch\/wp-content\/uploads\/Neumitglieder-Collage-4-498x280.png\" class=\"attachment-medium size-medium wp-post-image\" alt=\"\" srcset=\"https:\/\/www.swissfairtrade.ch\/wp-content\/uploads\/Neumitglieder-Collage-4-498x280.png 498w, https:\/\/www.swissfairtrade.ch\/wp-content\/uploads\/Neumitglieder-Collage-4-1024x576.png 1024w, https:\/\/www.swissfairtrade.ch\/wp-content\/uploads\/Neumitglieder-Collage-4-768x432.png 768w, https:\/\/www.swissfairtrade.ch\/wp-content\/uploads\/Neumitglieder-Collage-4-1536x864.png 1536w, https:\/\/www.swissfairtrade.ch\/wp-content\/uploads\/Neumitglieder-Collage-4-2048x1152.png 2048w, https:\/\/www.swissfairtrade.ch\/wp-content\/uploads\/Neumitglieder-Collage-4-500x281.png 500w\" sizes=\"auto, (max-width: 498px) 100vw, 498px\" \/><\/div>\t\t<\/a>\r\n\r\n\t\t<span class=\"rpc-comment-box\">\r\n\t\t\t<span class=\"rpc-post-comment\">\r\n\t\t\t\t0\t\t\t<\/span>\r\n\t\t<\/span>\r\n\t<\/div>\r\n\r\n\t<div class=\"rpc-post-category\">\r\n\t<a href=\"https:\/\/www.swissfairtrade.ch\/fr\/category\/blog-fr\/\">Blog FR<\/a>\t<\/div>\r\n\r\n\t<h3 class=\"rpc-post-title\">\r\n\t\t<a href=\"https:\/\/www.swissfairtrade.ch\/fr\/swiss-fair-trade-compte-quatre-nouveaux-membres\/\" target=\"_self\" class=\"rpc-title\">\r\n\t\t\tSwiss Fair Trade compte quatre nouveaux membres\t\t<\/a>\r\n\t<\/h3>\r\n\t\r\n\t<div class=\"clearfix\"><\/div>\r\n\t<div class=\"rpc-post-para rpc-content\">\r\n        Nous avons eu le plaisir d'accueillir quatre nouveaux membres lors de l'assembl\u00e9e g\u00e9n\u00e9rale de Swiss Fair Trade qui ont d\u00e9montr\u00e9 que le commerce \u00e9quitable est au c\u0153ur de leurs pr\u00e9occupations\u2026                        <br>\r\n                <a href=\"https:\/\/www.swissfairtrade.ch\/fr\/swiss-fair-trade-compte-quatre-nouveaux-membres\/\" target=\"_self\" class=\"\">lire...<\/a>\r\n        \t<\/div>\r\n<\/div>                <\/div>    \r\n\r\n                            <div class=\"slick-slide carousel-item-12015\">\r\n                    <div class=\"rpc-post-carousel1 rpc-box style4 rpc-bg\">\r\n\t<div class=\"rpc-post-image\">\r\n\t\t<a href=\"https:\/\/www.swissfairtrade.ch\/fr\/conference-internationale-des-fair-trade-towns-2023\/\" target=\"_self\">\r\n\t\t\t<div class=\"fixed-height-image\"><img loading=\"lazy\" decoding=\"async\" width=\"498\" height=\"280\" src=\"https:\/\/www.swissfairtrade.ch\/wp-content\/uploads\/Cover-4-498x280.png\" class=\"attachment-medium size-medium wp-post-image\" alt=\"\" srcset=\"https:\/\/www.swissfairtrade.ch\/wp-content\/uploads\/Cover-4-498x280.png 498w, https:\/\/www.swissfairtrade.ch\/wp-content\/uploads\/Cover-4-1024x576.png 1024w, https:\/\/www.swissfairtrade.ch\/wp-content\/uploads\/Cover-4-768x432.png 768w, https:\/\/www.swissfairtrade.ch\/wp-content\/uploads\/Cover-4-1536x864.png 1536w, https:\/\/www.swissfairtrade.ch\/wp-content\/uploads\/Cover-4-500x281.png 500w, https:\/\/www.swissfairtrade.ch\/wp-content\/uploads\/Cover-4.png 1920w\" sizes=\"auto, (max-width: 498px) 100vw, 498px\" \/><\/div>\t\t<\/a>\r\n\r\n\t\t<span class=\"rpc-comment-box\">\r\n\t\t\t<span class=\"rpc-post-comment\">\r\n\t\t\t\t0\t\t\t<\/span>\r\n\t\t<\/span>\r\n\t<\/div>\r\n\r\n\t<div class=\"rpc-post-category\">\r\n\t<a href=\"https:\/\/www.swissfairtrade.ch\/fr\/category\/blog-fr\/\">Blog FR<\/a>\t<\/div>\r\n\r\n\t<h3 class=\"rpc-post-title\">\r\n\t\t<a href=\"https:\/\/www.swissfairtrade.ch\/fr\/conference-internationale-des-fair-trade-towns-2023\/\" target=\"_self\" class=\"rpc-title\">\r\n\t\t\tLocal Action, Global Impact &#8211; Conf\u00e9rence internationale des Fair Trade Towns 2023\t\t<\/a>\r\n\t<\/h3>\r\n\t\r\n\t<div class=\"clearfix\"><\/div>\r\n\t<div class=\"rpc-post-para rpc-content\">\r\n        La Conf\u00e9rence internationale des Fair Trade Towns 2023 approche \u00e0 grands pas ! Elle aura lieu du 22 au 24 septembre \u00e0 Glaris Nord, la toute premi\u00e8re Fair Trade Town\u2026                        <br>\r\n                <a href=\"https:\/\/www.swissfairtrade.ch\/fr\/conference-internationale-des-fair-trade-towns-2023\/\" target=\"_self\" class=\"\">lire...<\/a>\r\n        \t<\/div>\r\n<\/div>                <\/div>    \r\n\r\n                            <div class=\"slick-slide carousel-item-11976\">\r\n                    <div class=\"rpc-post-carousel1 rpc-box style4 rpc-bg\">\r\n\t<div class=\"rpc-post-image\">\r\n\t\t<a href=\"https:\/\/www.swissfairtrade.ch\/fr\/world-fair-trade-day-2023-agir-ensemble-pour-avoir-un-impact\/\" target=\"_self\">\r\n\t\t\t<div class=\"fixed-height-image\"><img loading=\"lazy\" decoding=\"async\" width=\"498\" height=\"280\" src=\"https:\/\/www.swissfairtrade.ch\/wp-content\/uploads\/2023_05_16_Fair_Trade_Town_Lugano-498x280.jpg\" class=\"attachment-medium size-medium wp-post-image\" alt=\"\" srcset=\"https:\/\/www.swissfairtrade.ch\/wp-content\/uploads\/2023_05_16_Fair_Trade_Town_Lugano-498x280.jpg 498w, https:\/\/www.swissfairtrade.ch\/wp-content\/uploads\/2023_05_16_Fair_Trade_Town_Lugano-1024x576.jpg 1024w, https:\/\/www.swissfairtrade.ch\/wp-content\/uploads\/2023_05_16_Fair_Trade_Town_Lugano-768x432.jpg 768w, https:\/\/www.swissfairtrade.ch\/wp-content\/uploads\/2023_05_16_Fair_Trade_Town_Lugano-1536x864.jpg 1536w, https:\/\/www.swissfairtrade.ch\/wp-content\/uploads\/2023_05_16_Fair_Trade_Town_Lugano-2048x1152.jpg 2048w, https:\/\/www.swissfairtrade.ch\/wp-content\/uploads\/2023_05_16_Fair_Trade_Town_Lugano-500x281.jpg 500w\" sizes=\"auto, (max-width: 498px) 100vw, 498px\" \/><\/div>\t\t<\/a>\r\n\r\n\t\t<span class=\"rpc-comment-box\">\r\n\t\t\t<span class=\"rpc-post-comment\">\r\n\t\t\t\t0\t\t\t<\/span>\r\n\t\t<\/span>\r\n\t<\/div>\r\n\r\n\t<div class=\"rpc-post-category\">\r\n\t<a href=\"https:\/\/www.swissfairtrade.ch\/fr\/category\/blog-fr\/\">Blog FR<\/a>\t<\/div>\r\n\r\n\t<h3 class=\"rpc-post-title\">\r\n\t\t<a href=\"https:\/\/www.swissfairtrade.ch\/fr\/world-fair-trade-day-2023-agir-ensemble-pour-avoir-un-impact\/\" target=\"_self\" class=\"rpc-title\">\r\n\t\t\tWorld Fair Trade Day 2023 &#8211; Agir ensemble pour avoir un impact\t\t<\/a>\r\n\t<\/h3>\r\n\t\r\n\t<div class=\"clearfix\"><\/div>\r\n\t<div class=\"rpc-post-para rpc-content\">\r\n        A l'occasion de la Journ\u00e9e mondiale du commerce \u00e9quitable, le 13 mai dernier, nous avons montr\u00e9, avec nos Fair Trade Towns, nos membres et nos partenaires, que le commerce \u00e9quitable\u2026                        <br>\r\n                <a href=\"https:\/\/www.swissfairtrade.ch\/fr\/world-fair-trade-day-2023-agir-ensemble-pour-avoir-un-impact\/\" target=\"_self\" class=\"\">lire...<\/a>\r\n        \t<\/div>\r\n<\/div>                <\/div>    \r\n\r\n                            <div class=\"slick-slide carousel-item-11461\">\r\n                    <div class=\"rpc-post-carousel1 rpc-box style4 rpc-bg\">\r\n\t<div class=\"rpc-post-image\">\r\n\t\t<a href=\"https:\/\/www.swissfairtrade.ch\/fr\/la-ville-de-geneve-est-devenue-fair-trade-town-2\/\" target=\"_self\">\r\n\t\t\t<div class=\"fixed-height-image\"><img loading=\"lazy\" decoding=\"async\" width=\"420\" height=\"280\" src=\"https:\/\/www.swissfairtrade.ch\/wp-content\/uploads\/fairtradetown_genf-420x280.jpg\" class=\"attachment-medium size-medium wp-post-image\" alt=\"\" srcset=\"https:\/\/www.swissfairtrade.ch\/wp-content\/uploads\/fairtradetown_genf-420x280.jpg 420w, https:\/\/www.swissfairtrade.ch\/wp-content\/uploads\/fairtradetown_genf-1024x683.jpg 1024w, https:\/\/www.swissfairtrade.ch\/wp-content\/uploads\/fairtradetown_genf-768x513.jpg 768w, https:\/\/www.swissfairtrade.ch\/wp-content\/uploads\/fairtradetown_genf-1536x1025.jpg 1536w, https:\/\/www.swissfairtrade.ch\/wp-content\/uploads\/fairtradetown_genf-2048x1367.jpg 2048w, https:\/\/www.swissfairtrade.ch\/wp-content\/uploads\/fairtradetown_genf-500x334.jpg 500w\" sizes=\"auto, (max-width: 420px) 100vw, 420px\" \/><\/div>\t\t<\/a>\r\n\r\n\t\t<span class=\"rpc-comment-box\">\r\n\t\t\t<span class=\"rpc-post-comment\">\r\n\t\t\t\t0\t\t\t<\/span>\r\n\t\t<\/span>\r\n\t<\/div>\r\n\r\n\t<div class=\"rpc-post-category\">\r\n\t<a href=\"https:\/\/www.swissfairtrade.ch\/fr\/category\/blog-fr\/\">Blog FR<\/a>\t<\/div>\r\n\r\n\t<h3 class=\"rpc-post-title\">\r\n\t\t<a href=\"https:\/\/www.swissfairtrade.ch\/fr\/la-ville-de-geneve-est-devenue-fair-trade-town-2\/\" target=\"_self\" class=\"rpc-title\">\r\n\t\t\tLa ville de Gen\u00e8ve est devenue Fair Trade Town!\t\t<\/a>\r\n\t<\/h3>\r\n\t\r\n\t<div class=\"clearfix\"><\/div>\r\n\t<div class=\"rpc-post-para rpc-content\">\r\n        Le 24 novembre 2022, la Ville de Gen\u00e8ve est devenue Fair Trade Town, devenant la 20\u00e8me ville suisse \u00e0 \u00eatre reconnue pour son engagement en faveur du commerce \u00e9quitable.                        <br>\r\n                <a href=\"https:\/\/www.swissfairtrade.ch\/fr\/la-ville-de-geneve-est-devenue-fair-trade-town-2\/\" target=\"_self\" class=\"\">lire...<\/a>\r\n        \t<\/div>\r\n<\/div>                <\/div>    \r\n\r\n                            <div class=\"slick-slide carousel-item-11701\">\r\n                    <div class=\"rpc-post-carousel1 rpc-box style4 rpc-bg\">\r\n\t<div class=\"rpc-post-image\">\r\n\t\t<a href=\"https:\/\/www.swissfairtrade.ch\/fr\/initiative-bewusste-textilkonsum-reflect-your-style\/\" target=\"_self\">\r\n\t\t\t<div class=\"fixed-height-image\"><img loading=\"lazy\" decoding=\"async\" width=\"525\" height=\"274\" src=\"https:\/\/www.swissfairtrade.ch\/wp-content\/uploads\/LinkedIn_statisch_LaNafera_1200x627px-525x274.jpg\" class=\"attachment-medium size-medium wp-post-image\" alt=\"\" srcset=\"https:\/\/www.swissfairtrade.ch\/wp-content\/uploads\/LinkedIn_statisch_LaNafera_1200x627px-525x274.jpg 525w, https:\/\/www.swissfairtrade.ch\/wp-content\/uploads\/LinkedIn_statisch_LaNafera_1200x627px-1024x535.jpg 1024w, https:\/\/www.swissfairtrade.ch\/wp-content\/uploads\/LinkedIn_statisch_LaNafera_1200x627px-768x401.jpg 768w, https:\/\/www.swissfairtrade.ch\/wp-content\/uploads\/LinkedIn_statisch_LaNafera_1200x627px-500x261.jpg 500w, https:\/\/www.swissfairtrade.ch\/wp-content\/uploads\/LinkedIn_statisch_LaNafera_1200x627px.jpg 1200w\" sizes=\"auto, (max-width: 525px) 100vw, 525px\" \/><\/div>\t\t<\/a>\r\n\r\n\t\t<span class=\"rpc-comment-box\">\r\n\t\t\t<span class=\"rpc-post-comment\">\r\n\t\t\t\t0\t\t\t<\/span>\r\n\t\t<\/span>\r\n\t<\/div>\r\n\r\n\t<div class=\"rpc-post-category\">\r\n\t<a href=\"https:\/\/www.swissfairtrade.ch\/fr\/category\/blog-fr\/\">Blog FR<\/a>\t<\/div>\r\n\r\n\t<h3 class=\"rpc-post-title\">\r\n\t\t<a href=\"https:\/\/www.swissfairtrade.ch\/fr\/initiative-bewusste-textilkonsum-reflect-your-style\/\" target=\"_self\" class=\"rpc-title\">\r\n\t\t\treflect your style &#8211; Die Schweizer Initiative f\u00fcr bewussten Textilkonsum\t\t<\/a>\r\n\t<\/h3>\r\n\t\r\n\t<div class=\"clearfix\"><\/div>\r\n\t<div class=\"rpc-post-para rpc-content\">\r\n        Startschuss f\u00fcr das Programm Sustainable Swiss Textiles 2030 (STS2030). Das Programm will die Textilbranche fairer und nachhaltiger gestalten.                        <br>\r\n                <a href=\"https:\/\/www.swissfairtrade.ch\/fr\/initiative-bewusste-textilkonsum-reflect-your-style\/\" target=\"_self\" class=\"\">lire...<\/a>\r\n        \t<\/div>\r\n<\/div>                <\/div>    \r\n\r\n                            <div class=\"slick-slide carousel-item-11467\">\r\n                    <div class=\"rpc-post-carousel1 rpc-box style4 rpc-bg\">\r\n\t<div class=\"rpc-post-image\">\r\n\t\t<a href=\"https:\/\/www.swissfairtrade.ch\/fr\/conference-internationale-des-fair-trade-towns-2023-en-suisse\/\" target=\"_self\">\r\n\t\t\t<div class=\"fixed-height-image\"><img loading=\"lazy\" decoding=\"async\" width=\"525\" height=\"275\" src=\"https:\/\/www.swissfairtrade.ch\/wp-content\/uploads\/Glarus-Nord.01-525x275.png\" class=\"attachment-medium size-medium wp-post-image\" alt=\"\" srcset=\"https:\/\/www.swissfairtrade.ch\/wp-content\/uploads\/Glarus-Nord.01-525x275.png 525w, https:\/\/www.swissfairtrade.ch\/wp-content\/uploads\/Glarus-Nord.01-1024x537.png 1024w, https:\/\/www.swissfairtrade.ch\/wp-content\/uploads\/Glarus-Nord.01-768x403.png 768w, https:\/\/www.swissfairtrade.ch\/wp-content\/uploads\/Glarus-Nord.01-500x262.png 500w, https:\/\/www.swissfairtrade.ch\/wp-content\/uploads\/Glarus-Nord.01.png 1440w\" sizes=\"auto, (max-width: 525px) 100vw, 525px\" \/><\/div>\t\t<\/a>\r\n\r\n\t\t<span class=\"rpc-comment-box\">\r\n\t\t\t<span class=\"rpc-post-comment\">\r\n\t\t\t\t0\t\t\t<\/span>\r\n\t\t<\/span>\r\n\t<\/div>\r\n\r\n\t<div class=\"rpc-post-category\">\r\n\t<a href=\"https:\/\/www.swissfairtrade.ch\/fr\/category\/blog-fr\/\">Blog FR<\/a>\t<\/div>\r\n\r\n\t<h3 class=\"rpc-post-title\">\r\n\t\t<a href=\"https:\/\/www.swissfairtrade.ch\/fr\/conference-internationale-des-fair-trade-towns-2023-en-suisse\/\" target=\"_self\" class=\"rpc-title\">\r\n\t\t\tConf\u00e9rence internationale des Fair Trade Towns 2023 en Suisse!\t\t<\/a>\r\n\t<\/h3>\r\n\t\r\n\t<div class=\"clearfix\"><\/div>\r\n\t<div class=\"rpc-post-para rpc-content\">\r\n        La 16e Conf\u00e9rence internationale des Fair Trade Towns se tiendra pour la premi\u00e8re fois en Suisse en 2023. L\u2019\u00e9v\u00e9nement aura lieu du 22 au 24 septembre \u00e0 Glaris Nord, premi\u00e8re\u2026                        <br>\r\n                <a href=\"https:\/\/www.swissfairtrade.ch\/fr\/conference-internationale-des-fair-trade-towns-2023-en-suisse\/\" target=\"_self\" class=\"\">lire...<\/a>\r\n        \t<\/div>\r\n<\/div>                <\/div>    \r\n\r\n                            <div class=\"slick-slide carousel-item-10519\">\r\n                    <div class=\"rpc-post-carousel1 rpc-box style4 rpc-bg\">\r\n\t<div class=\"rpc-post-image\">\r\n\t\t<a href=\"https:\/\/www.swissfairtrade.ch\/fr\/la-transition-vers-un-commerce-equitable\/\" target=\"_self\">\r\n\t\t\t<div class=\"fixed-height-image\"><img loading=\"lazy\" decoding=\"async\" width=\"280\" height=\"280\" src=\"https:\/\/www.swissfairtrade.ch\/wp-content\/uploads\/IFTTC-Logo-mit-Hintergrund-280x280.png\" class=\"attachment-medium size-medium wp-post-image\" alt=\"\" srcset=\"https:\/\/www.swissfairtrade.ch\/wp-content\/uploads\/IFTTC-Logo-mit-Hintergrund-280x280.png 280w, https:\/\/www.swissfairtrade.ch\/wp-content\/uploads\/IFTTC-Logo-mit-Hintergrund-1024x1024.png 1024w, https:\/\/www.swissfairtrade.ch\/wp-content\/uploads\/IFTTC-Logo-mit-Hintergrund-768x768.png 768w, https:\/\/www.swissfairtrade.ch\/wp-content\/uploads\/IFTTC-Logo-mit-Hintergrund-500x500.png 500w, https:\/\/www.swissfairtrade.ch\/wp-content\/uploads\/IFTTC-Logo-mit-Hintergrund-1000x1000.png 1000w, https:\/\/www.swissfairtrade.ch\/wp-content\/uploads\/IFTTC-Logo-mit-Hintergrund-300x300.png 300w, https:\/\/www.swissfairtrade.ch\/wp-content\/uploads\/IFTTC-Logo-mit-Hintergrund.png 1080w\" sizes=\"auto, (max-width: 280px) 100vw, 280px\" \/><\/div>\t\t<\/a>\r\n\r\n\t\t<span class=\"rpc-comment-box\">\r\n\t\t\t<span class=\"rpc-post-comment\">\r\n\t\t\t\t0\t\t\t<\/span>\r\n\t\t<\/span>\r\n\t<\/div>\r\n\r\n\t<div class=\"rpc-post-category\">\r\n\t<a href=\"https:\/\/www.swissfairtrade.ch\/fr\/category\/blog-fr\/\">Blog FR<\/a>\t<\/div>\r\n\r\n\t<h3 class=\"rpc-post-title\">\r\n\t\t<a href=\"https:\/\/www.swissfairtrade.ch\/fr\/la-transition-vers-un-commerce-equitable\/\" target=\"_self\" class=\"rpc-title\">\r\n\t\t\tDonner ensemble un coup d\u2019acc\u00e9l\u00e9rateur \u00e0 la transition vers un commerce \u00e9quitable\t\t<\/a>\r\n\t<\/h3>\r\n\t\r\n\t<div class=\"clearfix\"><\/div>\r\n\t<div class=\"rpc-post-para rpc-content\">\r\n        Lors de la conf\u00e9rence internationale organis\u00e9e par Swiss Fair Trade, qui a r\u00e9uni plus de 300 participant\u00b7e\u00b7s provenant de 50 pays, une \u00e9vidence s\u2019est impos\u00e9e : le mouvement du commerce\u2026                        <br>\r\n                <a href=\"https:\/\/www.swissfairtrade.ch\/fr\/la-transition-vers-un-commerce-equitable\/\" target=\"_self\" class=\"\">lire...<\/a>\r\n        \t<\/div>\r\n<\/div>                <\/div>    \r\n\r\n                            <div class=\"slick-slide carousel-item-10510\">\r\n                    <div class=\"rpc-post-carousel1 rpc-box style4 rpc-bg\">\r\n\t<div class=\"rpc-post-image\">\r\n\t\t<a href=\"https:\/\/www.swissfairtrade.ch\/fr\/economie-textile-ecologique-equitable\/\" target=\"_self\">\r\n\t\t\t<div class=\"fixed-height-image\"><img loading=\"lazy\" decoding=\"async\" width=\"525\" height=\"194\" src=\"https:\/\/www.swissfairtrade.ch\/wp-content\/uploads\/STS_Postbilder_2-525x194.jpg\" class=\"attachment-medium size-medium wp-post-image\" alt=\"\" srcset=\"https:\/\/www.swissfairtrade.ch\/wp-content\/uploads\/STS_Postbilder_2-525x194.jpg 525w, https:\/\/www.swissfairtrade.ch\/wp-content\/uploads\/STS_Postbilder_2-1024x379.jpg 1024w, https:\/\/www.swissfairtrade.ch\/wp-content\/uploads\/STS_Postbilder_2-768x284.jpg 768w, https:\/\/www.swissfairtrade.ch\/wp-content\/uploads\/STS_Postbilder_2-500x185.jpg 500w, https:\/\/www.swissfairtrade.ch\/wp-content\/uploads\/STS_Postbilder_2.jpg 1080w\" sizes=\"auto, (max-width: 525px) 100vw, 525px\" \/><\/div>\t\t<\/a>\r\n\r\n\t\t<span class=\"rpc-comment-box\">\r\n\t\t\t<span class=\"rpc-post-comment\">\r\n\t\t\t\t0\t\t\t<\/span>\r\n\t\t<\/span>\r\n\t<\/div>\r\n\r\n\t<div class=\"rpc-post-category\">\r\n\t<a href=\"https:\/\/www.swissfairtrade.ch\/fr\/category\/blog-fr\/\">Blog FR<\/a>\t<\/div>\r\n\r\n\t<h3 class=\"rpc-post-title\">\r\n\t\t<a href=\"https:\/\/www.swissfairtrade.ch\/fr\/economie-textile-ecologique-equitable\/\" target=\"_self\" class=\"rpc-title\">\r\n\t\t\tPour une \u00e9conomie textile \u00e9cologique et \u00e9quitable avec les entreprises et les communes suisses\t\t<\/a>\r\n\t<\/h3>\r\n\t\r\n\t<div class=\"clearfix\"><\/div>\r\n\t<div class=\"rpc-post-para rpc-content\">\r\n        Le programme Sustainable Textiles 2030 (STS 2030), qui vient d'\u00eatre lanc\u00e9, rassemble les forces de la branche suisse du textile et de l'habillement: lesentreprises actives en Suisse se fixent des\u2026                        <br>\r\n                <a href=\"https:\/\/www.swissfairtrade.ch\/fr\/economie-textile-ecologique-equitable\/\" target=\"_self\" class=\"\">lire...<\/a>\r\n        \t<\/div>\r\n<\/div>                <\/div>    \r\n\r\n                            <div class=\"slick-slide carousel-item-10342\">\r\n                    <div class=\"rpc-post-carousel1 rpc-box style4 rpc-bg\">\r\n\t<div class=\"rpc-post-image\">\r\n\t\t<a href=\"https:\/\/www.swissfairtrade.ch\/fr\/fair-week\/\" target=\"_self\">\r\n\t\t\t<div class=\"fixed-height-image\"><img loading=\"lazy\" decoding=\"async\" width=\"392\" height=\"280\" src=\"https:\/\/www.swissfairtrade.ch\/wp-content\/uploads\/flyer-Fair-Week-basse-de\u0301finition_Seite_1-392x280.png\" class=\"attachment-medium size-medium wp-post-image\" alt=\"\" srcset=\"https:\/\/www.swissfairtrade.ch\/wp-content\/uploads\/flyer-Fair-Week-basse-de\u0301finition_Seite_1-392x280.png 392w, https:\/\/www.swissfairtrade.ch\/wp-content\/uploads\/flyer-Fair-Week-basse-de\u0301finition_Seite_1-1024x731.png 1024w, https:\/\/www.swissfairtrade.ch\/wp-content\/uploads\/flyer-Fair-Week-basse-de\u0301finition_Seite_1-768x548.png 768w, https:\/\/www.swissfairtrade.ch\/wp-content\/uploads\/flyer-Fair-Week-basse-de\u0301finition_Seite_1-500x357.png 500w, https:\/\/www.swissfairtrade.ch\/wp-content\/uploads\/flyer-Fair-Week-basse-de\u0301finition_Seite_1.png 1193w\" sizes=\"auto, (max-width: 392px) 100vw, 392px\" \/><\/div>\t\t<\/a>\r\n\r\n\t\t<span class=\"rpc-comment-box\">\r\n\t\t\t<span class=\"rpc-post-comment\">\r\n\t\t\t\t0\t\t\t<\/span>\r\n\t\t<\/span>\r\n\t<\/div>\r\n\r\n\t<div class=\"rpc-post-category\">\r\n\t<a href=\"https:\/\/www.swissfairtrade.ch\/fr\/category\/blog-fr\/\">Blog FR<\/a>\t<\/div>\r\n\r\n\t<h3 class=\"rpc-post-title\">\r\n\t\t<a href=\"https:\/\/www.swissfairtrade.ch\/fr\/fair-week\/\" target=\"_self\" class=\"rpc-title\">\r\n\t\t\tFair week: la semaine \u00e9quitable \u00e0 Gen\u00e8ve\t\t<\/a>\r\n\t<\/h3>\r\n\t\r\n\t<div class=\"clearfix\"><\/div>\r\n\t<div class=\"rpc-post-para rpc-content\">\r\n        La crise climatique est injuste - ses effets sont surtout ressentis par ceux qui en sont le moins responsables. Le mouvement du commerce \u00e9quitable appelle les \u00c9tats \u00e0 respecter leurs\u2026                        <br>\r\n                <a href=\"https:\/\/www.swissfairtrade.ch\/fr\/fair-week\/\" target=\"_self\" class=\"\">lire...<\/a>\r\n        \t<\/div>\r\n<\/div>                <\/div>    \r\n\r\n                            <div class=\"slick-slide carousel-item-9275\">\r\n                    <div class=\"rpc-post-carousel1 rpc-box style4 rpc-bg\">\r\n\t<div class=\"rpc-post-image\">\r\n\t\t<a href=\"https:\/\/www.swissfairtrade.ch\/fr\/pas-de-justice-climatique-sans-justice-economique\/\" target=\"_self\">\r\n\t\t\t<div class=\"fixed-height-image\"><img loading=\"lazy\" decoding=\"async\" width=\"424\" height=\"280\" src=\"https:\/\/www.swissfairtrade.ch\/wp-content\/uploads\/asdf-1-424x280.png\" class=\"attachment-medium size-medium wp-post-image\" alt=\"\" srcset=\"https:\/\/www.swissfairtrade.ch\/wp-content\/uploads\/asdf-1-424x280.png 424w, https:\/\/www.swissfairtrade.ch\/wp-content\/uploads\/asdf-1-1024x676.png 1024w, https:\/\/www.swissfairtrade.ch\/wp-content\/uploads\/asdf-1-768x507.png 768w, https:\/\/www.swissfairtrade.ch\/wp-content\/uploads\/asdf-1-500x330.png 500w, https:\/\/www.swissfairtrade.ch\/wp-content\/uploads\/asdf-1.png 1182w\" sizes=\"auto, (max-width: 424px) 100vw, 424px\" \/><\/div>\t\t<\/a>\r\n\r\n\t\t<span class=\"rpc-comment-box\">\r\n\t\t\t<span class=\"rpc-post-comment\">\r\n\t\t\t\t0\t\t\t<\/span>\r\n\t\t<\/span>\r\n\t<\/div>\r\n\r\n\t<div class=\"rpc-post-category\">\r\n\t<a href=\"https:\/\/www.swissfairtrade.ch\/fr\/category\/blog-fr\/\">Blog FR<\/a>\t<\/div>\r\n\r\n\t<h3 class=\"rpc-post-title\">\r\n\t\t<a href=\"https:\/\/www.swissfairtrade.ch\/fr\/pas-de-justice-climatique-sans-justice-economique\/\" target=\"_self\" class=\"rpc-title\">\r\n\t\t\tPas de justice climatique sans justice \u00e9conomique\t\t<\/a>\r\n\t<\/h3>\r\n\t\r\n\t<div class=\"clearfix\"><\/div>\r\n\t<div class=\"rpc-post-para rpc-content\">\r\n        La crise climatique est injuste - ses effets sont surtout ressentis par ceux qui en sont le moins responsables. Le mouvement du commerce \u00e9quitable appelle les \u00c9tats \u00e0 respecter leurs\u2026                        <br>\r\n                <a href=\"https:\/\/www.swissfairtrade.ch\/fr\/pas-de-justice-climatique-sans-justice-economique\/\" target=\"_self\" class=\"\">lire...<\/a>\r\n        \t<\/div>\r\n<\/div>                <\/div>    \r\n\r\n                            <div class=\"slick-slide carousel-item-9212\">\r\n                    <div class=\"rpc-post-carousel1 rpc-box style4 rpc-bg\">\r\n\t<div class=\"rpc-post-image\">\r\n\t\t<a href=\"https:\/\/www.swissfairtrade.ch\/fr\/re-faire-equitable\/\" target=\"_self\">\r\n\t\t\t<div class=\"fixed-height-image\"><img loading=\"lazy\" decoding=\"async\" width=\"280\" height=\"280\" src=\"https:\/\/www.swissfairtrade.ch\/wp-content\/uploads\/Publikation12-280x280.png\" class=\"attachment-medium size-medium wp-post-image\" alt=\"\" srcset=\"https:\/\/www.swissfairtrade.ch\/wp-content\/uploads\/Publikation12-280x280.png 280w, https:\/\/www.swissfairtrade.ch\/wp-content\/uploads\/Publikation12-768x768.png 768w, https:\/\/www.swissfairtrade.ch\/wp-content\/uploads\/Publikation12-1024x1024.png 1024w, https:\/\/www.swissfairtrade.ch\/wp-content\/uploads\/Publikation12-500x500.png 500w, https:\/\/www.swissfairtrade.ch\/wp-content\/uploads\/Publikation12-1000x1000.png 1000w, https:\/\/www.swissfairtrade.ch\/wp-content\/uploads\/Publikation12-300x300.png 300w, https:\/\/www.swissfairtrade.ch\/wp-content\/uploads\/Publikation12.png 1181w\" sizes=\"auto, (max-width: 280px) 100vw, 280px\" \/><\/div>\t\t<\/a>\r\n\r\n\t\t<span class=\"rpc-comment-box\">\r\n\t\t\t<span class=\"rpc-post-comment\">\r\n\t\t\t\t0\t\t\t<\/span>\r\n\t\t<\/span>\r\n\t<\/div>\r\n\r\n\t<div class=\"rpc-post-category\">\r\n\t<a href=\"https:\/\/www.swissfairtrade.ch\/fr\/category\/blog-fr\/\">Blog FR<\/a>\t<\/div>\r\n\r\n\t<h3 class=\"rpc-post-title\">\r\n\t\t<a href=\"https:\/\/www.swissfairtrade.ch\/fr\/re-faire-equitable\/\" target=\"_self\" class=\"rpc-title\">\r\n\t\t\t(re) Faire \u00e9quitable\t\t<\/a>\r\n\t<\/h3>\r\n\t\r\n\t<div class=\"clearfix\"><\/div>\r\n\t<div class=\"rpc-post-para rpc-content\">\r\n        Appel d\u2019une coalition d\u2019organisations de la soci\u00e9t\u00e9 civile pour une transformation et une relance juste, \u00e9quitable et durable de l\u2019\u00e9conomie et du syst\u00e8me commercial \/ des \u00e9changes commerciaux.                        <br>\r\n                <a href=\"https:\/\/www.swissfairtrade.ch\/fr\/re-faire-equitable\/\" target=\"_self\" class=\"\">lire...<\/a>\r\n        \t<\/div>\r\n<\/div>                <\/div>    \r\n\r\n                            <div class=\"slick-slide carousel-item-8983\">\r\n                    <div class=\"rpc-post-carousel1 rpc-box style4 rpc-bg\">\r\n\t<div class=\"rpc-post-image\">\r\n\t\t<a href=\"https:\/\/www.swissfairtrade.ch\/fr\/le-chiffre-daffaires-2019\/\" target=\"_self\">\r\n\t\t\t<div class=\"fixed-height-image\"><img loading=\"lazy\" decoding=\"async\" width=\"278\" height=\"280\" src=\"https:\/\/www.swissfairtrade.ch\/wp-content\/uploads\/Umsatzzahlen-2019-FR-1-278x280.png\" class=\"attachment-medium size-medium wp-post-image\" alt=\"\" srcset=\"https:\/\/www.swissfairtrade.ch\/wp-content\/uploads\/Umsatzzahlen-2019-FR-1-278x280.png 278w, https:\/\/www.swissfairtrade.ch\/wp-content\/uploads\/Umsatzzahlen-2019-FR-1-768x773.png 768w, https:\/\/www.swissfairtrade.ch\/wp-content\/uploads\/Umsatzzahlen-2019-FR-1-500x503.png 500w, https:\/\/www.swissfairtrade.ch\/wp-content\/uploads\/Umsatzzahlen-2019-FR-1.png 1015w\" sizes=\"auto, (max-width: 278px) 100vw, 278px\" \/><\/div>\t\t<\/a>\r\n\r\n\t\t<span class=\"rpc-comment-box\">\r\n\t\t\t<span class=\"rpc-post-comment\">\r\n\t\t\t\t0\t\t\t<\/span>\r\n\t\t<\/span>\r\n\t<\/div>\r\n\r\n\t<div class=\"rpc-post-category\">\r\n\t<a href=\"https:\/\/www.swissfairtrade.ch\/fr\/category\/blog-fr\/\">Blog FR<\/a>\t<\/div>\r\n\r\n\t<h3 class=\"rpc-post-title\">\r\n\t\t<a href=\"https:\/\/www.swissfairtrade.ch\/fr\/le-chiffre-daffaires-2019\/\" target=\"_self\" class=\"rpc-title\">\r\n\t\t\tAugmentation des ventes de produits \u00e9quitables\t\t<\/a>\r\n\t<\/h3>\r\n\t\r\n\t<div class=\"clearfix\"><\/div>\r\n\t<div class=\"rpc-post-para rpc-content\">\r\n        La consommation de produits \u00e9quitables augmente \u00e0 nouveau.                        <br>\r\n                <a href=\"https:\/\/www.swissfairtrade.ch\/fr\/le-chiffre-daffaires-2019\/\" target=\"_self\" class=\"\">lire...<\/a>\r\n        \t<\/div>\r\n<\/div>                <\/div>    \r\n\r\n                            <div class=\"slick-slide carousel-item-8812\">\r\n                    <div class=\"rpc-post-carousel1 rpc-box style4 rpc-bg\">\r\n\t<div class=\"rpc-post-image\">\r\n\t\t<a href=\"https:\/\/www.swissfairtrade.ch\/fr\/launch-sustainable-textiles-switzerland-2030\/\" target=\"_self\">\r\n\t\t\t<div class=\"fixed-height-image\"><img loading=\"lazy\" decoding=\"async\" width=\"525\" height=\"262\" src=\"https:\/\/www.swissfairtrade.ch\/wp-content\/uploads\/sts-2030-525x262.jpg\" class=\"attachment-medium size-medium wp-post-image\" alt=\"\" srcset=\"https:\/\/www.swissfairtrade.ch\/wp-content\/uploads\/sts-2030-525x262.jpg 525w, https:\/\/www.swissfairtrade.ch\/wp-content\/uploads\/sts-2030-768x384.jpg 768w, https:\/\/www.swissfairtrade.ch\/wp-content\/uploads\/sts-2030-500x250.jpg 500w, https:\/\/www.swissfairtrade.ch\/wp-content\/uploads\/sts-2030.jpg 907w\" sizes=\"auto, (max-width: 525px) 100vw, 525px\" \/><\/div>\t\t<\/a>\r\n\r\n\t\t<span class=\"rpc-comment-box\">\r\n\t\t\t<span class=\"rpc-post-comment\">\r\n\t\t\t\t0\t\t\t<\/span>\r\n\t\t<\/span>\r\n\t<\/div>\r\n\r\n\t<div class=\"rpc-post-category\">\r\n\t<a href=\"https:\/\/www.swissfairtrade.ch\/fr\/category\/blog-fr\/\">Blog FR<\/a>\t<\/div>\r\n\r\n\t<h3 class=\"rpc-post-title\">\r\n\t\t<a href=\"https:\/\/www.swissfairtrade.ch\/fr\/launch-sustainable-textiles-switzerland-2030\/\" target=\"_self\" class=\"rpc-title\">\r\n\t\t\tLaunch: Sustainable Textiles Switzerland 2030\t\t<\/a>\r\n\t<\/h3>\r\n\t\r\n\t<div class=\"clearfix\"><\/div>\r\n\t<div class=\"rpc-post-para rpc-content\">\r\n        Le programme STS 2030 apporte une contribution significative a\u0300 la re\u0301alisation des Objectifs du de\u0301veloppement durables (ODD) dans le secteur suisse du textile et de l\u2019habillement tout au long de\u2026                        <br>\r\n                <a href=\"https:\/\/www.swissfairtrade.ch\/fr\/launch-sustainable-textiles-switzerland-2030\/\" target=\"_self\" class=\"\">lire...<\/a>\r\n        \t<\/div>\r\n<\/div>                <\/div>    \r\n\r\n                            <div class=\"slick-slide carousel-item-7541\">\r\n                    <div class=\"rpc-post-carousel1 rpc-box style4 rpc-bg\">\r\n\t<div class=\"rpc-post-image\">\r\n\t\t<a href=\"https:\/\/www.swissfairtrade.ch\/fr\/conference-des-nations-unies-sur-le-changements-climatiques-cop25__trashed-2\/\" target=\"_self\">\r\n\t\t\t<div class=\"fixed-height-image\"><img loading=\"lazy\" decoding=\"async\" width=\"419\" height=\"280\" src=\"https:\/\/www.swissfairtrade.ch\/wp-content\/uploads\/AdobeStock_Bauer-1-419x280.jpeg\" class=\"attachment-medium size-medium wp-post-image\" alt=\"\" srcset=\"https:\/\/www.swissfairtrade.ch\/wp-content\/uploads\/AdobeStock_Bauer-1-419x280.jpeg 419w, https:\/\/www.swissfairtrade.ch\/wp-content\/uploads\/AdobeStock_Bauer-1-768x513.jpeg 768w, https:\/\/www.swissfairtrade.ch\/wp-content\/uploads\/AdobeStock_Bauer-1-1024x684.jpeg 1024w, https:\/\/www.swissfairtrade.ch\/wp-content\/uploads\/AdobeStock_Bauer-1-500x334.jpeg 500w, https:\/\/www.swissfairtrade.ch\/wp-content\/uploads\/AdobeStock_Bauer-1-e1574863910933.jpeg 2000w\" sizes=\"auto, (max-width: 419px) 100vw, 419px\" \/><\/div>\t\t<\/a>\r\n\r\n\t\t<span class=\"rpc-comment-box\">\r\n\t\t\t<span class=\"rpc-post-comment\">\r\n\t\t\t\t0\t\t\t<\/span>\r\n\t\t<\/span>\r\n\t<\/div>\r\n\r\n\t<div class=\"rpc-post-category\">\r\n\t<a href=\"https:\/\/www.swissfairtrade.ch\/fr\/category\/blog-fr\/\">Blog FR<\/a>\t<\/div>\r\n\r\n\t<h3 class=\"rpc-post-title\">\r\n\t\t<a href=\"https:\/\/www.swissfairtrade.ch\/fr\/conference-des-nations-unies-sur-le-changements-climatiques-cop25__trashed-2\/\" target=\"_self\" class=\"rpc-title\">\r\n\t\t\tDemandes adress\u00e9es \u00e0 la Conf\u00e9rence des Nations Unies sur le changements climatiques\t\t<\/a>\r\n\t<\/h3>\r\n\t\r\n\t<div class=\"clearfix\"><\/div>\r\n\t<div class=\"rpc-post-para rpc-content\">\r\n        Le mouvement global du commerce \u00e9quitable exhorte les Parties de la CCNUCC \u00e0 reconna\u00eetre les politiques et pratiques commerciales \u00e9quitables comme une composante importante des strat\u00e9gies d\u2019att\u00e9nuation et d\u2019adaptation climatiques.                        <br>\r\n                <a href=\"https:\/\/www.swissfairtrade.ch\/fr\/conference-des-nations-unies-sur-le-changements-climatiques-cop25__trashed-2\/\" target=\"_self\" class=\"\">lire...<\/a>\r\n        \t<\/div>\r\n<\/div>                <\/div>    \r\n\r\n                            <div class=\"slick-slide carousel-item-7023\">\r\n                    <div class=\"rpc-post-carousel1 rpc-box style4 rpc-bg\">\r\n\t<div class=\"rpc-post-image\">\r\n\t\t<a href=\"https:\/\/www.swissfairtrade.ch\/fr\/le-chiffre-daffaires-2018-2\/\" target=\"_self\">\r\n\t\t\t<div class=\"fixed-height-image\"><img loading=\"lazy\" decoding=\"async\" width=\"439\" height=\"280\" src=\"https:\/\/www.swissfairtrade.ch\/wp-content\/uploads\/Entwiclung-DE-f\u00fcr-WEB-e1566937360597-439x280.jpg\" class=\"attachment-medium size-medium wp-post-image\" alt=\"\" srcset=\"https:\/\/www.swissfairtrade.ch\/wp-content\/uploads\/Entwiclung-DE-f\u00fcr-WEB-e1566937360597-439x280.jpg 439w, https:\/\/www.swissfairtrade.ch\/wp-content\/uploads\/Entwiclung-DE-f\u00fcr-WEB-e1566937360597-768x490.jpg 768w, https:\/\/www.swissfairtrade.ch\/wp-content\/uploads\/Entwiclung-DE-f\u00fcr-WEB-e1566937360597-1024x653.jpg 1024w, https:\/\/www.swissfairtrade.ch\/wp-content\/uploads\/Entwiclung-DE-f\u00fcr-WEB-e1566937360597.jpg 1121w\" sizes=\"auto, (max-width: 439px) 100vw, 439px\" \/><\/div>\t\t<\/a>\r\n\r\n\t\t<span class=\"rpc-comment-box\">\r\n\t\t\t<span class=\"rpc-post-comment\">\r\n\t\t\t\t0\t\t\t<\/span>\r\n\t\t<\/span>\r\n\t<\/div>\r\n\r\n\t<div class=\"rpc-post-category\">\r\n\t<a href=\"https:\/\/www.swissfairtrade.ch\/fr\/category\/blog-fr\/\">Blog FR<\/a>\t<\/div>\r\n\r\n\t<h3 class=\"rpc-post-title\">\r\n\t\t<a href=\"https:\/\/www.swissfairtrade.ch\/fr\/le-chiffre-daffaires-2018-2\/\" target=\"_self\" class=\"rpc-title\">\r\n\t\t\tChiffre d\u2019affaires Fair Trade \u00e0 la hausse\t\t<\/a>\r\n\t<\/h3>\r\n\t\r\n\t<div class=\"clearfix\"><\/div>\r\n\t<div class=\"rpc-post-para rpc-content\">\r\n        La consommation de produits \u00e9quitables d\u00e9passe pour la premi\u00e8re fois le seuil des 100 francs par personne.                        <br>\r\n                <a href=\"https:\/\/www.swissfairtrade.ch\/fr\/le-chiffre-daffaires-2018-2\/\" target=\"_self\" class=\"\">lire...<\/a>\r\n        \t<\/div>\r\n<\/div>                <\/div>    \r\n\r\n                            <div class=\"slick-slide carousel-item-4998\">\r\n                    <div class=\"rpc-post-carousel1 rpc-box style4 rpc-bg\">\r\n\t<div class=\"rpc-post-image\">\r\n\t\t<a href=\"https:\/\/www.swissfairtrade.ch\/fr\/lice-pour-distinction-renens\/\" target=\"_self\">\r\n\t\t\t<div class=\"fixed-height-image\"><img loading=\"lazy\" decoding=\"async\" width=\"310\" height=\"280\" src=\"https:\/\/www.swissfairtrade.ch\/wp-content\/uploads\/renens2_0-310x280.png\" class=\"attachment-medium size-medium wp-post-image\" alt=\"\" srcset=\"https:\/\/www.swissfairtrade.ch\/wp-content\/uploads\/renens2_0-310x280.png 310w, https:\/\/www.swissfairtrade.ch\/wp-content\/uploads\/renens2_0.png 311w\" sizes=\"auto, (max-width: 310px) 100vw, 310px\" \/><\/div>\t\t<\/a>\r\n\r\n\t\t<span class=\"rpc-comment-box\">\r\n\t\t\t<span class=\"rpc-post-comment\">\r\n\t\t\t\t0\t\t\t<\/span>\r\n\t\t<\/span>\r\n\t<\/div>\r\n\r\n\t<div class=\"rpc-post-category\">\r\n\t<a href=\"https:\/\/www.swissfairtrade.ch\/fr\/category\/blog-fr\/\">Blog FR<\/a>\t<\/div>\r\n\r\n\t<h3 class=\"rpc-post-title\">\r\n\t\t<a href=\"https:\/\/www.swissfairtrade.ch\/fr\/lice-pour-distinction-renens\/\" target=\"_self\" class=\"rpc-title\">\r\n\t\t\tRenens en lice pour la distinction Fair Trade Town\t\t<\/a>\r\n\t<\/h3>\r\n\t\r\n\t<div class=\"clearfix\"><\/div>\r\n\t<div class=\"rpc-post-para rpc-content\">\r\n        Renens adh\u00e8re \u00e0 la campagne Fair Trade Town. Le Conseil communal de Renens a accept\u00e9 le 11 octobre 2018 la motion Delaquis \u00ab en vue d\u2019un engagement actif de notre\u2026                        <br>\r\n                <a href=\"https:\/\/www.swissfairtrade.ch\/fr\/lice-pour-distinction-renens\/\" target=\"_self\" class=\"\">lire...<\/a>\r\n        \t<\/div>\r\n<\/div>                <\/div>    \r\n\r\n                            <div class=\"slick-slide carousel-item-5139\">\r\n                    <div class=\"rpc-post-carousel1 rpc-box style4 rpc-bg\">\r\n\t<div class=\"rpc-post-image\">\r\n\t\t<a href=\"https:\/\/www.swissfairtrade.ch\/fr\/premiere-fair-trade-town-romande-carouge\/\" target=\"_self\">\r\n\t\t\t<div class=\"fixed-height-image\"><img loading=\"lazy\" decoding=\"async\" width=\"416\" height=\"280\" src=\"https:\/\/www.swissfairtrade.ch\/wp-content\/uploads\/3_zugeschnitten-1-416x280.jpg\" class=\"attachment-medium size-medium wp-post-image\" alt=\"\" srcset=\"https:\/\/www.swissfairtrade.ch\/wp-content\/uploads\/3_zugeschnitten-1-416x280.jpg 416w, https:\/\/www.swissfairtrade.ch\/wp-content\/uploads\/3_zugeschnitten-1-768x517.jpg 768w, https:\/\/www.swissfairtrade.ch\/wp-content\/uploads\/3_zugeschnitten-1-1024x689.jpg 1024w\" sizes=\"auto, (max-width: 416px) 100vw, 416px\" \/><\/div>\t\t<\/a>\r\n\r\n\t\t<span class=\"rpc-comment-box\">\r\n\t\t\t<span class=\"rpc-post-comment\">\r\n\t\t\t\t0\t\t\t<\/span>\r\n\t\t<\/span>\r\n\t<\/div>\r\n\r\n\t<div class=\"rpc-post-category\">\r\n\t<a href=\"https:\/\/www.swissfairtrade.ch\/fr\/category\/blog-fr\/\">Blog FR<\/a>\t<\/div>\r\n\r\n\t<h3 class=\"rpc-post-title\">\r\n\t\t<a href=\"https:\/\/www.swissfairtrade.ch\/fr\/premiere-fair-trade-town-romande-carouge\/\" target=\"_self\" class=\"rpc-title\">\r\n\t\t\tCarouge est officiellement la premi\u00e8re Fair Trade Town romande\t\t<\/a>\r\n\t<\/h3>\r\n\t\r\n\t<div class=\"clearfix\"><\/div>\r\n\t<div class=\"rpc-post-para rpc-content\">\r\n        La Ville de Carouge a officiellement re\u00e7u la distinction du commerce \u00e9quitable de Swiss Fair Trade.                        <br>\r\n                <a href=\"https:\/\/www.swissfairtrade.ch\/fr\/premiere-fair-trade-town-romande-carouge\/\" target=\"_self\" class=\"\">lire...<\/a>\r\n        \t<\/div>\r\n<\/div>                <\/div>    \r\n\r\n                \r\n        <\/section>\r\n        <\/div>\r\n        <style>#carousel-3770 .slick-prev:before, #carousel-3770 .slick-next:before { color: #cb333b !important;}#carousel-3770 .slick-slide { margin: 2px 13px; } #carousel-3770 .rpc-title { color: ; } #carousel-3770 .rpc-content { color: ; } #carousel-3770 .rpc-date { background-color: ; } #carousel-3770 .rpc-date { color: ; } #carousel-3770 .rpc-overlay { background-color: ; } #carousel-3770 .carousel-style9 { border-top-color: ; } #carousel-3770 .carousel-style9 .button:before { background-color: ; } #carousel-3770 .rpc-box { box-shadow: ; } #carousel-3770 .rpc-bg { background-color: ; } #carousel-3770 .rpc-title-bg { background-color: ; } #carousel-3770 .fixed-height-image { height: 250px; } #carousel-3770 .slick-next:before { content: '\\ \\f0a9 '; } #carousel-3770 .slick-prev:before { content: '\\ \\f0a8'; }#carousel-3770 .rpc-title { font-family: ; } #carousel-3770 .rpc-title { font-size: ; } #carousel-3770 .rpc-content { font-family: ; } #carousel-3770 .rpc-content { font-size: ; } <\/style>[\/vc_column_text][vc_column_text]<\/p>\n<p style=\"text-align: center;\"><a class=\"button sft\" href=\"https:\/\/www.swissfairtrade.ch\/fr\/actualite\/\">Autres nouveaut\u00e9s<\/a><\/p>\n<p>[\/vc_column_text][\/vc_column][\/vc_row]<\/p>\n<\/div>","protected":false},"excerpt":{"rendered":"<p>[vc_row full_width=\u00a0\u00bbstretch_row\u00a0\u00bb css=\u00a0\u00bb.vc_custom_1758696407483{margin-top: -30px !important;background-color: #CB333B !important;}\u00a0\u00bb el_class=\u00a0\u00bbheader-home\u00a0\u00bb][vc_column][vc_column_text el_class=\u00a0\u00bbtxt-white\u00a0\u00bb] Fair Trade \u2013 Justice dans le commerce mondial Le monde a besoin de personnes et d&rsquo;entreprises qui assument leurs responsabilit\u00e9s. [\/vc_column_text][vc_empty_space height=\u00a0\u00bb80px\u00a0\u00bb][vc_row_inner content_placement=\u00a0\u00bbmiddle\u00a0\u00bb gap=\u00a0\u00bb35&Prime; el_class=\u00a0\u00bbhome-section-intro\u00a0\u00bb][vc_column_inner width=\u00a0\u00bb1\/3&Prime;][vc_column_text] Qu&rsquo;apporte le commerce \u00e9quitable? Dialogue, transparence et respect. lire[\/vc_column_text][\/vc_column_inner][vc_column_inner el_class=\u00a0\u00bbwer-ist-fair\u00a0\u00bb width=\u00a0\u00bb1\/3&Prime; css=\u00a0\u00bb.vc_custom_1537450118511{margin-left: 20px !important;}\u00a0\u00bb][vc_column_text] Qui promeut le commerce \u00e9quitable? Nos &#8230; <a title=\"Carouge est officiellement la premi\u00e8re Fair Trade Town romande\" class=\"read-more\" href=\"https:\/\/www.swissfairtrade.ch\/fr\/premiere-fair-trade-town-romande-carouge\/\" aria-label=\"En savoir plus sur Carouge est officiellement la premi\u00e8re Fair Trade Town romande\">Read more<\/a><\/p>\n","protected":false},"author":2,"featured_media":0,"parent":0,"menu_order":0,"comment_status":"closed","ping_status":"closed","template":"","meta":{"generate_page_header":"","footnotes":"","_links_to":"","_links_to_target":""},"hauptseiten-kategorie":[],"class_list":["post-3998","page","type-page","status-publish","hentry"],"yoast_head":"<!-- This site is optimized with the Yoast SEO plugin v26.2 - https:\/\/yoast.com\/wordpress\/plugins\/seo\/ -->\n<title>Swiss Fair Trade - Swiss Fair Trade<\/title>\n<meta name=\"description\" content=\"Swiss Fair Trade promeut le commerce \u00e9quitable en Suisse, le renforcement de ses structures et l&#039;\u00e9tablissement d&#039;exigence.\" \/>\n<meta name=\"robots\" content=\"index, follow, max-snippet:-1, max-image-preview:large, max-video-preview:-1\" \/>\n<link rel=\"canonical\" href=\"https:\/\/www.swissfairtrade.ch\/fr\/\" \/>\n<meta property=\"og:locale\" content=\"fr_FR\" \/>\n<meta property=\"og:type\" content=\"article\" \/>\n<meta property=\"og:title\" content=\"Swiss Fair Trade - Swiss Fair Trade\" \/>\n<meta property=\"og:description\" content=\"Swiss Fair Trade promeut le commerce \u00e9quitable en Suisse, le renforcement de ses structures et l&#039;\u00e9tablissement d&#039;exigence.\" \/>\n<meta property=\"og:url\" content=\"https:\/\/www.swissfairtrade.ch\/fr\/\" \/>\n<meta property=\"og:site_name\" content=\"Swiss Fair Trade\" \/>\n<meta property=\"article:modified_time\" content=\"2025-09-24T07:06:36+00:00\" \/>\n<meta name=\"twitter:card\" content=\"summary_large_image\" \/>\n<meta name=\"twitter:label1\" content=\"Dur\u00e9e de lecture estim\u00e9e\" \/>\n\t<meta name=\"twitter:data1\" content=\"2 minutes\" \/>\n<script type=\"application\/ld+json\" class=\"yoast-schema-graph\">{\"@context\":\"https:\/\/schema.org\",\"@graph\":[{\"@type\":\"WebPage\",\"@id\":\"https:\/\/www.swissfairtrade.ch\/fr\/\",\"url\":\"https:\/\/www.swissfairtrade.ch\/fr\/\",\"name\":\"Swiss Fair Trade - Swiss Fair Trade\",\"isPartOf\":{\"@id\":\"https:\/\/www.swissfairtrade.ch\/it\/#website\"},\"datePublished\":\"2018-09-11T12:28:50+00:00\",\"dateModified\":\"2025-09-24T07:06:36+00:00\",\"description\":\"Swiss Fair Trade promeut le commerce \u00e9quitable en Suisse, le renforcement de ses structures et l'\u00e9tablissement d'exigence.\",\"breadcrumb\":{\"@id\":\"https:\/\/www.swissfairtrade.ch\/fr\/#breadcrumb\"},\"inLanguage\":\"fr-FR\",\"potentialAction\":[{\"@type\":\"ReadAction\",\"target\":[\"https:\/\/www.swissfairtrade.ch\/fr\/\"]}]},{\"@type\":\"BreadcrumbList\",\"@id\":\"https:\/\/www.swissfairtrade.ch\/fr\/#breadcrumb\",\"itemListElement\":[{\"@type\":\"ListItem\",\"position\":1,\"name\":\"Home\",\"item\":\"https:\/\/www.swissfairtrade.ch\/fr\/\"},{\"@type\":\"ListItem\",\"position\":2,\"name\":\"Swiss Fair Trade\"}]},{\"@type\":\"WebSite\",\"@id\":\"https:\/\/www.swissfairtrade.ch\/it\/#website\",\"url\":\"https:\/\/www.swissfairtrade.ch\/it\/\",\"name\":\"Swiss Fair Trade\",\"description\":\"\",\"publisher\":{\"@id\":\"https:\/\/www.swissfairtrade.ch\/it\/#organization\"},\"potentialAction\":[{\"@type\":\"SearchAction\",\"target\":{\"@type\":\"EntryPoint\",\"urlTemplate\":\"https:\/\/www.swissfairtrade.ch\/it\/?s={search_term_string}\"},\"query-input\":{\"@type\":\"PropertyValueSpecification\",\"valueRequired\":true,\"valueName\":\"search_term_string\"}}],\"inLanguage\":\"fr-FR\"},{\"@type\":\"Organization\",\"@id\":\"https:\/\/www.swissfairtrade.ch\/it\/#organization\",\"name\":\"Swiss Fair Trade\",\"url\":\"https:\/\/www.swissfairtrade.ch\/it\/\",\"logo\":{\"@type\":\"ImageObject\",\"inLanguage\":\"fr-FR\",\"@id\":\"https:\/\/www.swissfairtrade.ch\/it\/#\/schema\/logo\/image\/\",\"url\":\"https:\/\/www.swissfairtrade.ch\/wp-content\/uploads\/SwissFairTrade-Logo-rgb-203.51.59-web.png\",\"contentUrl\":\"https:\/\/www.swissfairtrade.ch\/wp-content\/uploads\/SwissFairTrade-Logo-rgb-203.51.59-web.png\",\"width\":130,\"height\":115,\"caption\":\"Swiss Fair Trade\"},\"image\":{\"@id\":\"https:\/\/www.swissfairtrade.ch\/it\/#\/schema\/logo\/image\/\"}}]}<\/script>\n<!-- \/ Yoast SEO plugin. -->","yoast_head_json":{"title":"Swiss Fair Trade - Swiss Fair Trade","description":"Swiss Fair Trade promeut le commerce \u00e9quitable en Suisse, le renforcement de ses structures et l'\u00e9tablissement d'exigence.","robots":{"index":"index","follow":"follow","max-snippet":"max-snippet:-1","max-image-preview":"max-image-preview:large","max-video-preview":"max-video-preview:-1"},"canonical":"https:\/\/www.swissfairtrade.ch\/fr\/","og_locale":"fr_FR","og_type":"article","og_title":"Swiss Fair Trade - Swiss Fair Trade","og_description":"Swiss Fair Trade promeut le commerce \u00e9quitable en Suisse, le renforcement de ses structures et l'\u00e9tablissement d'exigence.","og_url":"https:\/\/www.swissfairtrade.ch\/fr\/","og_site_name":"Swiss Fair Trade","article_modified_time":"2025-09-24T07:06:36+00:00","twitter_card":"summary_large_image","twitter_misc":{"Dur\u00e9e de lecture estim\u00e9e":"2 minutes"},"schema":{"@context":"https:\/\/schema.org","@graph":[{"@type":"WebPage","@id":"https:\/\/www.swissfairtrade.ch\/fr\/","url":"https:\/\/www.swissfairtrade.ch\/fr\/","name":"Swiss Fair Trade - Swiss Fair Trade","isPartOf":{"@id":"https:\/\/www.swissfairtrade.ch\/it\/#website"},"datePublished":"2018-09-11T12:28:50+00:00","dateModified":"2025-09-24T07:06:36+00:00","description":"Swiss Fair Trade promeut le commerce \u00e9quitable en Suisse, le renforcement de ses structures et l'\u00e9tablissement d'exigence.","breadcrumb":{"@id":"https:\/\/www.swissfairtrade.ch\/fr\/#breadcrumb"},"inLanguage":"fr-FR","potentialAction":[{"@type":"ReadAction","target":["https:\/\/www.swissfairtrade.ch\/fr\/"]}]},{"@type":"BreadcrumbList","@id":"https:\/\/www.swissfairtrade.ch\/fr\/#breadcrumb","itemListElement":[{"@type":"ListItem","position":1,"name":"Home","item":"https:\/\/www.swissfairtrade.ch\/fr\/"},{"@type":"ListItem","position":2,"name":"Swiss Fair Trade"}]},{"@type":"WebSite","@id":"https:\/\/www.swissfairtrade.ch\/it\/#website","url":"https:\/\/www.swissfairtrade.ch\/it\/","name":"Swiss Fair Trade","description":"","publisher":{"@id":"https:\/\/www.swissfairtrade.ch\/it\/#organization"},"potentialAction":[{"@type":"SearchAction","target":{"@type":"EntryPoint","urlTemplate":"https:\/\/www.swissfairtrade.ch\/it\/?s={search_term_string}"},"query-input":{"@type":"PropertyValueSpecification","valueRequired":true,"valueName":"search_term_string"}}],"inLanguage":"fr-FR"},{"@type":"Organization","@id":"https:\/\/www.swissfairtrade.ch\/it\/#organization","name":"Swiss Fair Trade","url":"https:\/\/www.swissfairtrade.ch\/it\/","logo":{"@type":"ImageObject","inLanguage":"fr-FR","@id":"https:\/\/www.swissfairtrade.ch\/it\/#\/schema\/logo\/image\/","url":"https:\/\/www.swissfairtrade.ch\/wp-content\/uploads\/SwissFairTrade-Logo-rgb-203.51.59-web.png","contentUrl":"https:\/\/www.swissfairtrade.ch\/wp-content\/uploads\/SwissFairTrade-Logo-rgb-203.51.59-web.png","width":130,"height":115,"caption":"Swiss Fair Trade"},"image":{"@id":"https:\/\/www.swissfairtrade.ch\/it\/#\/schema\/logo\/image\/"}}]}},"_links":{"self":[{"href":"https:\/\/www.swissfairtrade.ch\/fr\/wp-json\/wp\/v2\/pages\/3998","targetHints":{"allow":["GET"]}}],"collection":[{"href":"https:\/\/www.swissfairtrade.ch\/fr\/wp-json\/wp\/v2\/pages"}],"about":[{"href":"https:\/\/www.swissfairtrade.ch\/fr\/wp-json\/wp\/v2\/types\/page"}],"author":[{"embeddable":true,"href":"https:\/\/www.swissfairtrade.ch\/fr\/wp-json\/wp\/v2\/users\/2"}],"replies":[{"embeddable":true,"href":"https:\/\/www.swissfairtrade.ch\/fr\/wp-json\/wp\/v2\/comments?post=3998"}],"version-history":[{"count":0,"href":"https:\/\/www.swissfairtrade.ch\/fr\/wp-json\/wp\/v2\/pages\/3998\/revisions"}],"wp:attachment":[{"href":"https:\/\/www.swissfairtrade.ch\/fr\/wp-json\/wp\/v2\/media?parent=3998"}],"wp:term":[{"taxonomy":"hauptseiten-kategorie","embeddable":true,"href":"https:\/\/www.swissfairtrade.ch\/fr\/wp-json\/wp\/v2\/hauptseiten-kategorie?post=3998"}],"curies":[{"name":"wp","href":"https:\/\/api.w.org\/{rel}","templated":true}]}}