{"version":"1.0","provider_name":"Swiss Fair Trade","provider_url":"https:\/\/www.swissfairtrade.ch\/fr\/","author_name":"Swiss Fair Trade Admin","author_url":"https:\/\/www.swissfairtrade.ch\/fr\/author\/swiss-fair-trade-admin\/","title":"La communaut\u00e9 Fair Trade continue de grandir : quatre nouveaux membres rejoignent l\u2019association lors de l\u2019Assembl\u00e9e g\u00e9n\u00e9rale","type":"rich","width":600,"height":338,"html":"<blockquote class=\"wp-embedded-content\" data-secret=\"hlwx2TtzIF\"><a href=\"https:\/\/www.swissfairtrade.ch\/fr\/vier-neue-mitglieder-an-generalversammlung-2023-aufgenommen\/\">La communaut\u00e9 Fair Trade continue de grandir : quatre nouveaux membres rejoignent l\u2019association lors de l\u2019Assembl\u00e9e g\u00e9n\u00e9rale<\/a><\/blockquote><iframe sandbox=\"allow-scripts\" security=\"restricted\" src=\"https:\/\/www.swissfairtrade.ch\/fr\/vier-neue-mitglieder-an-generalversammlung-2023-aufgenommen\/embed\/#?secret=hlwx2TtzIF\" width=\"600\" height=\"338\" title=\"\u00ab\u00a0La communaut\u00e9 Fair Trade continue de grandir : quatre nouveaux membres rejoignent l\u2019association lors de l\u2019Assembl\u00e9e g\u00e9n\u00e9rale\u00a0\u00bb &#8212; Swiss Fair Trade\" data-secret=\"hlwx2TtzIF\" frameborder=\"0\" marginwidth=\"0\" marginheight=\"0\" scrolling=\"no\" class=\"wp-embedded-content\"><\/iframe><script>\n\/*! This file is auto-generated *\/\n!function(d,l){\"use strict\";l.querySelector&&d.addEventListener&&\"undefined\"!=typeof URL&&(d.wp=d.wp||{},d.wp.receiveEmbedMessage||(d.wp.receiveEmbedMessage=function(e){var t=e.data;if((t||t.secret||t.message||t.value)&&!\/[^a-zA-Z0-9]\/.test(t.secret)){for(var s,r,n,a=l.querySelectorAll('iframe[data-secret=\"'+t.secret+'\"]'),o=l.querySelectorAll('blockquote[data-secret=\"'+t.secret+'\"]'),c=new RegExp(\"^https?:$\",\"i\"),i=0;i<o.length;i++)o[i].style.display=\"none\";for(i=0;i<a.length;i++)s=a[i],e.source===s.contentWindow&&(s.removeAttribute(\"style\"),\"height\"===t.message?(1e3<(r=parseInt(t.value,10))?r=1e3:~~r<200&&(r=200),s.height=r):\"link\"===t.message&&(r=new URL(s.getAttribute(\"src\")),n=new URL(t.value),c.test(n.protocol))&&n.host===r.host&&l.activeElement===s&&(d.top.location.href=t.value))}},d.addEventListener(\"message\",d.wp.receiveEmbedMessage,!1),l.addEventListener(\"DOMContentLoaded\",function(){for(var e,t,s=l.querySelectorAll(\"iframe.wp-embedded-content\"),r=0;r<s.length;r++)(t=(e=s[r]).getAttribute(\"data-secret\"))||(t=Math.random().toString(36).substring(2,12),e.src+=\"#?secret=\"+t,e.setAttribute(\"data-secret\",t)),e.contentWindow.postMessage({message:\"ready\",secret:t},\"*\")},!1)))}(window,document);\n<\/script>\n","thumbnail_url":"https:\/\/www.swissfairtrade.ch\/wp-content\/uploads\/Kopie-von-FTT-Insta-Engagement-Foto-Collage-3-1024x819.png","thumbnail_width":1024,"thumbnail_height":819,"description":"\u00c0 l\u2019occasion de l\u2019Assembl\u00e9e g\u00e9n\u00e9rale, nous avons \u00e9galement eu le plaisir d\u2019accueillir quatre nouvelles organisations membres. Elles ont franchi avec succ\u00e8s le processus de monitoring et s\u2019engagent activement pour le commerce \u00e9quitable. Nous nous r\u00e9jouissons des nouvelles impulsions qu\u2019elles apporteront et des \u00e9changes \u00e0 venir !"}